{"id":2284,"date":"2023-04-13T22:16:29","date_gmt":"2023-04-13T22:16:29","guid":{"rendered":"https:\/\/deine-freie-rednerin.com\/?page_id=2284"},"modified":"2026-01-27T09:08:25","modified_gmt":"2026-01-27T09:08:25","slug":"deine-trauerrednerin-copy-copy","status":"publish","type":"page","link":"https:\/\/geschichten-des-abschieds.de\/","title":{"rendered":"deine Trauerrednerin &#8211; Copy &#8211; Copy"},"content":{"rendered":"<style>.elementor-2284 .elementor-element.elementor-element-10dc113:not(.elementor-motion-effects-element-type-background), .elementor-2284 .elementor-element.elementor-element-10dc113 > .elementor-motion-effects-container > .elementor-motion-effects-layer{background-color:#FFFFFF;background-image:url(\"https:\/\/geschichten-des-abschieds.de\/wp-content\/uploads\/2021\/09\/pexels-jeremy-bishop-2422916-scaled-e1634849450449.jpg\");background-position:center center;background-repeat:no-repeat;background-size:cover;}.elementor-2284 .elementor-element.elementor-element-10dc113{border-style:solid;transition:background 0.3s, border 0.3s, border-radius 0.3s, box-shadow 0.3s;}.elementor-2284 .elementor-element.elementor-element-10dc113 > .elementor-background-overlay{transition:background 0.3s, border-radius 0.3s, opacity 0.3s;}.elementor-2284 .elementor-element.elementor-element-9d406eb{--spacer-size:50px;}.elementor-2284 .elementor-element.elementor-element-ff05e35:not(.elementor-motion-effects-element-type-background), .elementor-2284 .elementor-element.elementor-element-ff05e35 > .elementor-motion-effects-container > .elementor-motion-effects-layer{background-color:#FFFFFF91;}.elementor-2284 .elementor-element.elementor-element-ff05e35{border-style:solid;border-color:#1D2D44;transition:background 0.3s, border 0.3s, border-radius 0.3s, box-shadow 0.3s;}.elementor-2284 .elementor-element.elementor-element-ff05e35 > .elementor-background-overlay{transition:background 0.3s, border-radius 0.3s, opacity 0.3s;}.elementor-widget-image .widget-image-caption{color:var( --e-global-color-text );font-family:var( --e-global-typography-text-font-family ), Sans-serif;font-weight:var( --e-global-typography-text-font-weight );}.elementor-2284 .elementor-element.elementor-element-24e7890{text-align:center;}.elementor-2284 .elementor-element.elementor-element-d28a355{--spacer-size:10px;}.elementor-widget-heading .elementor-heading-title{font-family:var( --e-global-typography-primary-font-family ), Sans-serif;font-weight:var( --e-global-typography-primary-font-weight );color:var( --e-global-color-primary );}.elementor-2284 .elementor-element.elementor-element-649ed6d{text-align:center;}.elementor-2284 .elementor-element.elementor-element-649ed6d .elementor-heading-title{font-family:\"Bellefair\", Sans-serif;font-weight:normal;color:#1D2D44;}.elementor-2284 .elementor-element.elementor-element-8eb26a0{--spacer-size:100px;}.elementor-2284 .elementor-element.elementor-element-877811b > .elementor-container > .elementor-column > .elementor-widget-wrap{align-content:center;align-items:center;}.elementor-2284 .elementor-element.elementor-element-877811b:not(.elementor-motion-effects-element-type-background), .elementor-2284 .elementor-element.elementor-element-877811b > .elementor-motion-effects-container > .elementor-motion-effects-layer{background-color:#2A303E82;}.elementor-2284 .elementor-element.elementor-element-877811b{transition:background 0.3s, border 0.3s, border-radius 0.3s, box-shadow 0.3s;}.elementor-2284 .elementor-element.elementor-element-877811b > .elementor-background-overlay{transition:background 0.3s, border-radius 0.3s, opacity 0.3s;}.elementor-2284 .elementor-element.elementor-element-877811b.elementor-section.jkit-sticky-element--enabled.sticky-pinned.jkit-sticky-element-on--down{top:0px;}.elementor-2284 .elementor-element.elementor-element-877811b.elementor-section.jkit-sticky-element--enabled.sticky-pinned.jkit-sticky-element-on--both{top:0px;}#wpadminbar ~ .elementor-2284 .elementor-element.elementor-element-877811b.elementor-section.jkit-sticky-element--enabled.sticky-pinned.jkit-sticky-element-on--down, #wpadminbar ~ * .elementor-2284 .elementor-element.elementor-element-877811b.elementor-section.jkit-sticky-element--enabled.sticky-pinned.jkit-sticky-element-on--down{top:calc(0px + var(--wpadminbar-height, 0px));}#wpadminbar ~ .elementor-2284 .elementor-element.elementor-element-877811b.elementor-section.jkit-sticky-element--enabled.sticky-pinned.jkit-sticky-element-on--both, #wpadminbar ~ * .elementor-2284 .elementor-element.elementor-element-877811b.elementor-section.jkit-sticky-element--enabled.sticky-pinned.jkit-sticky-element-on--both{top:calc(0px + var(--wpadminbar-height, 0px));}.elementor-2284 .elementor-element.elementor-element-877811b.elementor-section.jkit-sticky-element--enabled{z-index:100;}.elementor-2284 .elementor-element.elementor-element-789c64ed > .elementor-container{max-width:1330px;min-height:702px;}.elementor-2284 .elementor-element.elementor-element-789c64ed:not(.elementor-motion-effects-element-type-background), .elementor-2284 .elementor-element.elementor-element-789c64ed > .elementor-motion-effects-container > .elementor-motion-effects-layer{background-color:#E0E1DD00;}.elementor-2284 .elementor-element.elementor-element-789c64ed{border-style:solid;transition:background 0.3s, border 0.3s, border-radius 0.3s, box-shadow 0.3s;margin-top:0%;margin-bottom:0%;padding:0% 0% 0% 0%;}.elementor-2284 .elementor-element.elementor-element-789c64ed > .elementor-background-overlay{transition:background 0.3s, border-radius 0.3s, opacity 0.3s;}.elementor-bc-flex-widget .elementor-2284 .elementor-element.elementor-element-1553d0d2.elementor-column .elementor-widget-wrap{align-items:center;}.elementor-2284 .elementor-element.elementor-element-1553d0d2.elementor-column.elementor-element[data-element_type=\"column\"] > .elementor-widget-wrap.elementor-element-populated{align-content:center;align-items:center;}.elementor-2284 .elementor-element.elementor-element-1553d0d2 > .elementor-widget-wrap > .elementor-widget:not(.elementor-widget__width-auto):not(.elementor-widget__width-initial):not(:last-child):not(.elementor-absolute){margin-block-end:0px;}.elementor-2284 .elementor-element.elementor-element-1553d0d2:not(.elementor-motion-effects-element-type-background) > .elementor-widget-wrap, .elementor-2284 .elementor-element.elementor-element-1553d0d2 > .elementor-widget-wrap > .elementor-motion-effects-container > .elementor-motion-effects-layer{background-image:url(\"https:\/\/geschichten-des-abschieds.de\/wp-content\/uploads\/2021\/10\/IMG_20201212_092942_02-scaled.jpg\");background-position:bottom left;background-repeat:no-repeat;background-size:68% auto;}.elementor-2284 .elementor-element.elementor-element-1553d0d2 > .elementor-element-populated{transition:background 0.3s, border 0.3s, border-radius 0.3s, box-shadow 0.3s;padding:0% 0% 0% 61%;}.elementor-2284 .elementor-element.elementor-element-1553d0d2 > .elementor-element-populated > .elementor-background-overlay{transition:background 0.3s, border-radius 0.3s, opacity 0.3s;}.elementor-2284 .elementor-element.elementor-element-8ee494c{--spacer-size:50px;}.elementor-2284 .elementor-element.elementor-element-6f676313{text-align:end;}.elementor-2284 .elementor-element.elementor-element-6f676313 .elementor-heading-title{font-family:\"Bellefair\", Sans-serif;font-size:85px;font-weight:normal;text-transform:uppercase;font-style:normal;text-decoration:none;line-height:98px;letter-spacing:5.7px;color:#1D2D44;}.elementor-2284 .elementor-element.elementor-element-6f676313 > .elementor-widget-container{padding:0% 0% 6% 0%;}.elementor-2284 .elementor-element.elementor-element-45dc7e1{--spacer-size:50px;}.elementor-2284 .elementor-element.elementor-element-3b72191{--spacer-size:94px;}.elementor-2284 .elementor-element.elementor-element-85fb3ee{text-align:center;}.elementor-2284 .elementor-element.elementor-element-85fb3ee .elementor-heading-title{font-family:\"Bellefair\", Sans-serif;font-size:20px;font-weight:normal;text-transform:none;font-style:normal;text-decoration:none;line-height:45px;letter-spacing:3.6px;color:#0D1321;}.elementor-2284 .elementor-element.elementor-element-85fb3ee > .elementor-widget-container{padding:0% 0% 6% 0%;background-color:#FFFFFFCC;border-style:solid;}.elementor-2284 .elementor-element.elementor-element-2ed175c{--spacer-size:125px;}.elementor-2284 .elementor-element.elementor-element-683308ff > .elementor-container{max-width:828px;}.elementor-2284 .elementor-element.elementor-element-683308ff{border-style:solid;transition:background 0.3s, border 0.3s, border-radius 0.3s, box-shadow 0.3s;}.elementor-2284 .elementor-element.elementor-element-683308ff > .elementor-background-overlay{transition:background 0.3s, border-radius 0.3s, opacity 0.3s;}.elementor-2284 .elementor-element.elementor-element-e10cf18{--spacer-size:50px;}.elementor-widget-text-editor{font-family:var( --e-global-typography-text-font-family ), Sans-serif;font-weight:var( --e-global-typography-text-font-weight );color:var( --e-global-color-text );}.elementor-widget-text-editor.elementor-drop-cap-view-stacked .elementor-drop-cap{background-color:var( --e-global-color-primary );}.elementor-widget-text-editor.elementor-drop-cap-view-framed .elementor-drop-cap, .elementor-widget-text-editor.elementor-drop-cap-view-default .elementor-drop-cap{color:var( --e-global-color-primary );border-color:var( --e-global-color-primary );}.elementor-2284 .elementor-element.elementor-element-6c27a381{column-gap:12px;text-align:justify;font-family:\"Roboto\", Sans-serif;font-weight:400;color:#7A7A7A;}.elementor-2284 .elementor-element.elementor-element-2cd71f7{--spacer-size:50px;}.elementor-2284 .elementor-element.elementor-element-cc31a18 > .elementor-container{max-width:828px;}.elementor-2284 .elementor-element.elementor-element-cc31a18{border-style:solid;}.elementor-2284 .elementor-element.elementor-element-788cf4e4 .elementor-heading-title{font-family:\"Bellefair\", Sans-serif;font-weight:normal;text-transform:uppercase;color:#1D2D44;}.elementor-2284 .elementor-element.elementor-element-103cac22{column-gap:10px;text-align:justify;color:#7A7A7A;}.elementor-2284 .elementor-element.elementor-element-389e78f{border-style:solid;transition:background 0.3s, border 0.3s, border-radius 0.3s, box-shadow 0.3s;}.elementor-2284 .elementor-element.elementor-element-389e78f > .elementor-background-overlay{transition:background 0.3s, border-radius 0.3s, opacity 0.3s;}.elementor-2284 .elementor-element.elementor-element-2993c1f9{--spacer-size:50px;}.elementor-2284 .elementor-element.elementor-element-793a257{transition:background 0.3s, border 0.3s, border-radius 0.3s, box-shadow 0.3s;}.elementor-2284 .elementor-element.elementor-element-793a257 > .elementor-background-overlay{transition:background 0.3s, border-radius 0.3s, opacity 0.3s;}.elementor-2284 .elementor-element.elementor-element-79e6a33 .elementor-heading-title{font-family:\"Bellefair\", Sans-serif;font-weight:normal;text-transform:uppercase;color:#1D2D44;}.elementor-2284 .elementor-element.elementor-element-58919460{text-align:justify;font-family:\"Bellefair\", Sans-serif;font-weight:400;color:#7A7A7A;}.elementor-2284 .elementor-element.elementor-element-af8905c{text-align:start;}.elementor-2284 .elementor-element.elementor-element-af8905c img{border-style:solid;}.elementor-2284 .elementor-element.elementor-element-bd65884 .elementor-heading-title{font-family:\"Bellefair\", Sans-serif;font-weight:normal;text-transform:uppercase;color:#1D2D44;}.elementor-2284 .elementor-element.elementor-element-4643b43c{text-align:justify;color:#7A7A7A;}.elementor-2284 .elementor-element.elementor-element-519c500{text-align:end;}.elementor-2284 .elementor-element.elementor-element-519c500 img{border-style:solid;}.elementor-2284 .elementor-element.elementor-element-51912b5d .elementor-heading-title{font-family:\"Bellefair\", Sans-serif;font-weight:normal;text-transform:uppercase;color:#1D2D44;}.elementor-2284 .elementor-element.elementor-element-4c9334f2{text-align:justify;}.elementor-2284 .elementor-element.elementor-element-9ae056f{border-style:solid;}.elementor-2284 .elementor-element.elementor-element-643bac5 .elementor-heading-title{font-family:\"Bellefair\", Sans-serif;font-weight:normal;text-transform:uppercase;color:#1D2D44;}.elementor-2284 .elementor-element.elementor-element-50758df{border-style:solid;}.elementor-2284 .elementor-element.elementor-element-d233c29 img{border-style:solid;}.elementor-2284 .elementor-element.elementor-element-54d029f .elementor-heading-title{font-family:\"Bellefair\", Sans-serif;font-weight:normal;text-transform:uppercase;color:#1D2D44;}.elementor-2284 .elementor-element.elementor-element-b62a757{text-align:justify;font-family:\"Bellefair\", Sans-serif;font-size:31px;font-weight:400;}.elementor-2284 .elementor-element.elementor-element-5c10f3c{border-style:solid;}.elementor-2284 .elementor-element.elementor-element-4d7744b{text-align:end;}.elementor-2284 .elementor-element.elementor-element-4d7744b img{border-style:solid;}.elementor-2284 .elementor-element.elementor-element-fb00330 .elementor-heading-title{font-family:\"Bellefair\", Sans-serif;font-weight:normal;text-transform:uppercase;color:#1D2D44;}.elementor-2284 .elementor-element.elementor-element-526c4fe{text-align:justify;font-family:\"Bellefair\", Sans-serif;font-size:32px;font-weight:400;}.elementor-2284 .elementor-element.elementor-element-763d368{border-style:solid;}.elementor-2284 .elementor-element.elementor-element-1043e77 > .elementor-element-populated{transition:background 0.3s, border 0.3s, border-radius 0.3s, box-shadow 0.3s;}.elementor-2284 .elementor-element.elementor-element-1043e77 > .elementor-element-populated > .elementor-background-overlay{transition:background 0.3s, border-radius 0.3s, opacity 0.3s;}.elementor-2284 .elementor-element.elementor-element-7260925{text-align:end;}.elementor-2284 .elementor-element.elementor-element-7260925 img{border-style:solid;}.elementor-2284 .elementor-element.elementor-element-6091855 .elementor-heading-title{font-family:\"Bellefair\", Sans-serif;font-weight:normal;text-transform:uppercase;color:#1D2D44;}.elementor-2284 .elementor-element.elementor-element-60fe550{text-align:justify;font-family:\"Bellefair\", Sans-serif;font-size:24px;font-weight:400;}.elementor-2284 .elementor-element.elementor-element-ad059ba{border-style:solid;}.elementor-2284 .elementor-element.elementor-element-b710bb7 .elementor-heading-title{font-family:\"Bellefair\", Sans-serif;font-weight:normal;text-transform:uppercase;color:#1D2D44;}.elementor-2284 .elementor-element.elementor-element-843e56d{text-align:justify;font-family:\"Bellefair\", Sans-serif;font-size:24px;font-weight:400;}.elementor-2284 .elementor-element.elementor-element-d71d6a8 img{border-style:solid;}.elementor-2284 .elementor-element.elementor-element-bef2c47{border-style:solid;}.elementor-2284 .elementor-element.elementor-element-b404d0d .elementor-heading-title{font-family:\"Bellefair\", Sans-serif;font-weight:normal;text-transform:uppercase;color:#1D2D44;}.elementor-2284 .elementor-element.elementor-element-3404b0e{text-align:justify;font-family:\"Bellefair\", Sans-serif;font-size:25px;font-weight:400;}.elementor-2284 .elementor-element.elementor-element-0b693e0 img{border-style:solid;}.elementor-2284 .elementor-element.elementor-element-17db955{border-style:solid;}.elementor-2284 .elementor-element.elementor-element-72ec196 .elementor-heading-title{font-family:\"Bellefair\", Sans-serif;font-weight:normal;text-transform:uppercase;color:#1D2D44;}.elementor-2284 .elementor-element.elementor-element-5e0b425{text-align:justify;font-family:\"Bellefair\", Sans-serif;font-size:32px;font-weight:400;}.elementor-2284 .elementor-element.elementor-element-a6242be{text-align:center;}.elementor-2284 .elementor-element.elementor-element-a6242be img{border-style:solid;}.elementor-2284 .elementor-element.elementor-element-d346cff{border-style:solid;}.elementor-2284 .elementor-element.elementor-element-73718ec img{border-style:solid;}.elementor-2284 .elementor-element.elementor-element-a75c376 .elementor-heading-title{font-family:\"Bellefair\", Sans-serif;font-weight:normal;text-transform:uppercase;color:#1D2D44;}.elementor-2284 .elementor-element.elementor-element-0def84c{text-align:justify;font-family:\"Bellefair\", Sans-serif;font-size:32px;font-weight:400;}.elementor-2284 .elementor-element.elementor-element-d102651{border-style:solid;}.elementor-2284 .elementor-element.elementor-element-e07601b .elementor-heading-title{font-family:\"Bellefair\", Sans-serif;font-weight:normal;text-transform:uppercase;color:#1D2D44;}.elementor-2284 .elementor-element.elementor-element-920fc8e{text-align:justify;font-family:\"Bellefair\", Sans-serif;font-size:32px;font-weight:400;}.elementor-2284 .elementor-element.elementor-element-7b2014e img{border-style:solid;}.elementor-2284 .elementor-element.elementor-element-e59c170{border-style:solid;}.elementor-2284 .elementor-element.elementor-element-cc42e1e .elementor-heading-title{font-family:\"Bellefair\", Sans-serif;font-weight:normal;text-transform:uppercase;color:#1D2D44;}.elementor-2284 .elementor-element.elementor-element-b3bcdba{text-align:justify;font-family:\"Bellefair\", Sans-serif;font-size:32px;font-weight:400;}.elementor-2284 .elementor-element.elementor-element-05fb466 img{border-style:solid;}.elementor-2284 .elementor-element.elementor-element-9602b53{--spacer-size:50px;}.elementor-2284 .elementor-element.elementor-element-2472e97c{--spacer-size:50px;}.elementor-2284 .elementor-element.elementor-element-a3a43e8:not(.elementor-motion-effects-element-type-background), .elementor-2284 .elementor-element.elementor-element-a3a43e8 > .elementor-motion-effects-container > .elementor-motion-effects-layer{background-color:#E0E1DD91;}.elementor-2284 .elementor-element.elementor-element-a3a43e8{border-style:solid;transition:background 0.3s, border 0.3s, border-radius 0.3s, box-shadow 0.3s;}.elementor-2284 .elementor-element.elementor-element-a3a43e8 > .elementor-background-overlay{transition:background 0.3s, border-radius 0.3s, opacity 0.3s;}.elementor-2284 .elementor-element.elementor-element-436ebfc{text-align:center;font-family:\"Bellefair\", Sans-serif;font-size:23px;font-weight:normal;text-shadow:0px 0px 10px rgba(0,0,0,0.3);color:#1D2D44;}.elementor-2284 .elementor-element.elementor-element-0357ca7{--spacer-size:10px;}.elementor-2284 .elementor-element.elementor-element-483ca7c9{text-align:center;}.elementor-2284 .elementor-element.elementor-element-483ca7c9 .elementor-heading-title{font-family:\"Bellefair\", Sans-serif;font-weight:normal;text-transform:uppercase;color:#1D2D44;}.elementor-2284 .elementor-element.elementor-element-7543e34{columns:1;text-align:center;font-family:\"Bellefair\", Sans-serif;font-size:40px;font-weight:400;color:#7A7A7ADE;}.elementor-2284 .elementor-element.elementor-element-72a9760:not(.elementor-motion-effects-element-type-background), .elementor-2284 .elementor-element.elementor-element-72a9760 > .elementor-motion-effects-container > .elementor-motion-effects-layer{background-image:url(\"https:\/\/geschichten-des-abschieds.de\/wp-content\/uploads\/2021\/10\/pexels-sungmu-heo-2689558-1-scaled.jpg\");}.elementor-2284 .elementor-element.elementor-element-72a9760{border-style:solid;transition:background 0.3s, border 0.3s, border-radius 0.3s, box-shadow 0.3s;}.elementor-2284 .elementor-element.elementor-element-72a9760 > .elementor-background-overlay{transition:background 0.3s, border-radius 0.3s, opacity 0.3s;}.elementor-2284 .elementor-element.elementor-element-56d6bbf{text-align:center;}.elementor-2284 .elementor-element.elementor-element-56d6bbf .elementor-heading-title{font-family:\"Bellefair\", Sans-serif;font-size:85px;font-weight:normal;text-transform:uppercase;font-style:normal;text-decoration:none;line-height:98px;letter-spacing:5.7px;color:#1D2D44;}.elementor-2284 .elementor-element.elementor-element-56d6bbf > .elementor-widget-container{padding:0% 0% 2% 0%;}.elementor-2284 .elementor-element.elementor-element-68c9d09:not(.elementor-motion-effects-element-type-background), .elementor-2284 .elementor-element.elementor-element-68c9d09 > .elementor-motion-effects-container > .elementor-motion-effects-layer{background-color:#ECECEC7D;}.elementor-2284 .elementor-element.elementor-element-68c9d09{transition:background 0.3s, border 0.3s, border-radius 0.3s, box-shadow 0.3s;}.elementor-2284 .elementor-element.elementor-element-68c9d09 > .elementor-background-overlay{transition:background 0.3s, border-radius 0.3s, opacity 0.3s;}.elementor-2284 .elementor-element.elementor-element-3392d08{text-align:center;font-family:\"Bellefair\", Sans-serif;font-size:27px;font-weight:400;color:#1D2D44;}.elementor-2284 .elementor-element.elementor-element-5961010{border-style:solid;}.elementor-2284 .elementor-element.elementor-element-298921fd > .elementor-container{max-width:1140px;min-height:8vh;}.elementor-2284 .elementor-element.elementor-element-298921fd:not(.elementor-motion-effects-element-type-background), .elementor-2284 .elementor-element.elementor-element-298921fd > .elementor-motion-effects-container > .elementor-motion-effects-layer{background-color:#32333A;}.elementor-2284 .elementor-element.elementor-element-298921fd{transition:background 0.3s, border 0.3s, border-radius 0.3s, box-shadow 0.3s;}.elementor-2284 .elementor-element.elementor-element-298921fd > .elementor-background-overlay{transition:background 0.3s, border-radius 0.3s, opacity 0.3s;}.elementor-2284 .elementor-element.elementor-element-3b155a1b{text-align:center;font-family:\"Arial\", Sans-serif;font-size:15px;font-weight:normal;text-transform:none;font-style:normal;text-decoration:none;line-height:17px;letter-spacing:0px;color:#FFFFFF;}.elementor-widget-button .elementor-button{font-family:var( --e-global-typography-accent-font-family ), Sans-serif;font-weight:var( --e-global-typography-accent-font-weight );background-color:var( --e-global-color-accent );}.elementor-2284 .elementor-element.elementor-element-27de7a63 .elementor-button{font-family:\"Georgia\", Sans-serif;font-weight:normal;font-style:normal;text-decoration:none;fill:#FFFFFF75;color:#FFFFFF75;background-color:#61CE7000;}.elementor-2284 .elementor-element.elementor-element-103b6105 .elementor-button{font-family:\"Georgia\", Sans-serif;font-weight:500;fill:#FFFFFF75;color:#FFFFFF75;background-color:#61CE7000;}body.elementor-page-2284:not(.elementor-motion-effects-element-type-background), body.elementor-page-2284 > .elementor-motion-effects-container > .elementor-motion-effects-layer{background-color:#FFFFFF;}@media(min-width:769px){.elementor-2284 .elementor-element.elementor-element-872a079{width:71.427%;}.elementor-2284 .elementor-element.elementor-element-fe37d5a{width:28.573%;}.elementor-2284 .elementor-element.elementor-element-217ce6b{width:30.179%;}.elementor-2284 .elementor-element.elementor-element-3a5f545{width:69.732%;}.elementor-2284 .elementor-element.elementor-element-564f287{width:31.071%;}.elementor-2284 .elementor-element.elementor-element-f879a67{width:68.929%;}.elementor-2284 .elementor-element.elementor-element-c33cb7c{width:30.77%;}.elementor-2284 .elementor-element.elementor-element-0dfb938{width:69.23%;}.elementor-2284 .elementor-element.elementor-element-1043e77{width:30.273%;}.elementor-2284 .elementor-element.elementor-element-0033fb5{width:69.727%;}.elementor-2284 .elementor-element.elementor-element-eeb442f{width:51.073%;}.elementor-2284 .elementor-element.elementor-element-0f70c28{width:48.927%;}.elementor-2284 .elementor-element.elementor-element-cfcb02f{width:31.404%;}.elementor-2284 .elementor-element.elementor-element-2ca55ac{width:68.596%;}}@media(max-width:1025px){.elementor-2284 .elementor-element.elementor-element-789c64ed > .elementor-container{min-height:75vh;}.elementor-2284 .elementor-element.elementor-element-789c64ed{margin-top:20%;margin-bottom:20%;}.elementor-2284 .elementor-element.elementor-element-1553d0d2:not(.elementor-motion-effects-element-type-background) > .elementor-widget-wrap, .elementor-2284 .elementor-element.elementor-element-1553d0d2 > .elementor-widget-wrap > .elementor-motion-effects-container > .elementor-motion-effects-layer{background-position:-100px 0px;background-size:100% auto;}.elementor-2284 .elementor-element.elementor-element-1553d0d2 > .elementor-element-populated{padding:0% 0% 0% 50%;}.elementor-2284 .elementor-element.elementor-element-6f676313 .elementor-heading-title{font-size:66px;line-height:1.1em;letter-spacing:4px;}.elementor-2284 .elementor-element.elementor-element-6f676313 > .elementor-widget-container{padding:0% 0% 4% 0%;}.elementor-2284 .elementor-element.elementor-element-85fb3ee .elementor-heading-title{font-size:28px;line-height:1.3em;}.elementor-2284 .elementor-element.elementor-element-85fb3ee > .elementor-widget-container{padding:0% 0% 14% 0%;}.elementor-2284 .elementor-element.elementor-element-56d6bbf .elementor-heading-title{font-size:66px;line-height:1.1em;letter-spacing:4px;}.elementor-2284 .elementor-element.elementor-element-56d6bbf > .elementor-widget-container{padding:0% 0% 4% 0%;}.elementor-2284 .elementor-element.elementor-element-298921fd > .elementor-container{min-height:45px;}.elementor-2284 .elementor-element.elementor-element-7ee3d894 > .elementor-widget-wrap > .elementor-widget:not(.elementor-widget__width-auto):not(.elementor-widget__width-initial):not(:last-child):not(.elementor-absolute){margin-block-end:0px;}.elementor-2284 .elementor-element.elementor-element-3b155a1b{font-size:14px;}}@media(max-width:768px){.elementor-2284 .elementor-element.elementor-element-d28a355{--spacer-size:10px;}.elementor-2284 .elementor-element.elementor-element-877811b > .elementor-container{max-width:500px;}.elementor-2284 .elementor-element.elementor-element-789c64ed > .elementor-container{min-height:629px;}.elementor-2284 .elementor-element.elementor-element-789c64ed{margin-top:0%;margin-bottom:34%;padding:0% 6% 0% 6%;}.elementor-bc-flex-widget .elementor-2284 .elementor-element.elementor-element-1553d0d2.elementor-column .elementor-widget-wrap{align-items:flex-start;}.elementor-2284 .elementor-element.elementor-element-1553d0d2.elementor-column.elementor-element[data-element_type=\"column\"] > .elementor-widget-wrap.elementor-element-populated{align-content:flex-start;align-items:flex-start;}.elementor-2284 .elementor-element.elementor-element-1553d0d2:not(.elementor-motion-effects-element-type-background) > .elementor-widget-wrap, .elementor-2284 .elementor-element.elementor-element-1553d0d2 > .elementor-widget-wrap > .elementor-motion-effects-container > .elementor-motion-effects-layer{background-position:bottom center;background-size:135% auto;}.elementor-2284 .elementor-element.elementor-element-1553d0d2 > .elementor-element-populated{padding:0px 0px 0px 0px;}.elementor-2284 .elementor-element.elementor-element-6f676313{text-align:center;}.elementor-2284 .elementor-element.elementor-element-6f676313 .elementor-heading-title{font-size:46px;line-height:1.2em;}.elementor-2284 .elementor-element.elementor-element-6f676313 > .elementor-widget-container{padding:0% 0% 4% 0%;}.elementor-2284 .elementor-element.elementor-element-45dc7e1{--spacer-size:10px;}.elementor-2284 .elementor-element.elementor-element-3b72191{--spacer-size:10px;}.elementor-2284 .elementor-element.elementor-element-85fb3ee{text-align:center;}.elementor-2284 .elementor-element.elementor-element-85fb3ee .elementor-heading-title{font-size:18px;}.elementor-2284 .elementor-element.elementor-element-85fb3ee > .elementor-widget-container{padding:0% 0% 26% 0%;}.elementor-2284 .elementor-element.elementor-element-683308ff{margin-top:-118px;margin-bottom:-118px;}.elementor-2284 .elementor-element.elementor-element-6c27a381{font-size:1px;}.elementor-2284 .elementor-element.elementor-element-2cd71f7{--spacer-size:95px;}.elementor-2284 .elementor-element.elementor-element-58919460{text-align:center;font-size:17px;}.elementor-2284 .elementor-element.elementor-element-436ebfc{columns:1;font-size:12px;}.elementor-2284 .elementor-element.elementor-element-7543e34{text-align:center;font-size:17px;}.elementor-2284 .elementor-element.elementor-element-56d6bbf{text-align:center;}.elementor-2284 .elementor-element.elementor-element-56d6bbf .elementor-heading-title{font-size:46px;line-height:1.2em;}.elementor-2284 .elementor-element.elementor-element-56d6bbf > .elementor-widget-container{padding:0% 0% 4% 0%;}.elementor-2284 .elementor-element.elementor-element-298921fd > .elementor-container{min-height:55px;}.elementor-2284 .elementor-element.elementor-element-298921fd{margin-top:-6px;margin-bottom:-6px;}.elementor-2284 .elementor-element.elementor-element-3b155a1b{font-size:13px;}}<\/style>\t\t<div data-elementor-type=\"wp-page\" data-elementor-id=\"2284\" class=\"elementor elementor-2284\" data-elementor-post-type=\"page\">\n\t\t\t\t\t\t<section class=\"elementor-section elementor-top-section elementor-element elementor-element-10dc113 elementor-section-boxed elementor-section-height-default elementor-section-height-default\" data-id=\"10dc113\" data-element_type=\"section\" data-e-type=\"section\" data-settings=\"{&quot;background_background&quot;:&quot;classic&quot;}\">\n\t\t\t\t\t\t<div class=\"elementor-container elementor-column-gap-default\">\n\t\t\t\t\t<div class=\"elementor-column elementor-col-100 elementor-top-column elementor-element elementor-element-6d73cb3\" data-id=\"6d73cb3\" data-element_type=\"column\" data-e-type=\"column\">\n\t\t\t<div class=\"elementor-widget-wrap elementor-element-populated\">\n\t\t\t\t\t\t<div class=\"elementor-element elementor-element-9d406eb elementor-widget elementor-widget-spacer\" data-id=\"9d406eb\" data-element_type=\"widget\" data-e-type=\"widget\" data-widget_type=\"spacer.default\">\n\t\t\t\t<div class=\"elementor-widget-container\">\n\t\t\t\t\t\t\t<div class=\"elementor-spacer\">\n\t\t\t<div class=\"elementor-spacer-inner\"><\/div>\n\t\t<\/div>\n\t\t\t\t\t\t<\/div>\n\t\t\t\t<\/div>\n\t\t\t\t<section class=\"elementor-section elementor-inner-section elementor-element elementor-element-ff05e35 elementor-section-boxed elementor-section-height-default elementor-section-height-default\" data-id=\"ff05e35\" data-element_type=\"section\" data-e-type=\"section\" data-settings=\"{&quot;background_background&quot;:&quot;classic&quot;}\">\n\t\t\t\t\t\t<div class=\"elementor-container elementor-column-gap-default\">\n\t\t\t\t\t<div class=\"elementor-column elementor-col-100 elementor-inner-column elementor-element elementor-element-e45f458\" data-id=\"e45f458\" data-element_type=\"column\" data-e-type=\"column\">\n\t\t\t<div class=\"elementor-widget-wrap elementor-element-populated\">\n\t\t\t\t\t\t<div class=\"elementor-element elementor-element-24e7890 elementor-widget elementor-widget-image\" data-id=\"24e7890\" data-element_type=\"widget\" data-e-type=\"widget\" data-widget_type=\"image.default\">\n\t\t\t\t<div class=\"elementor-widget-container\">\n\t\t\t\t\t\t\t\t\t\t\t\t\t\t\t<img fetchpriority=\"high\" decoding=\"async\" width=\"768\" height=\"308\" src=\"https:\/\/geschichten-des-abschieds.de\/wp-content\/uploads\/2026\/01\/LogoFischerdurchsichtig-768x308.png\" class=\"attachment-medium_large size-medium_large wp-image-2334\" alt=\"\" srcset=\"https:\/\/geschichten-des-abschieds.de\/wp-content\/uploads\/2026\/01\/LogoFischerdurchsichtig-768x308.png 768w, https:\/\/geschichten-des-abschieds.de\/wp-content\/uploads\/2026\/01\/LogoFischerdurchsichtig-300x120.png 300w, https:\/\/geschichten-des-abschieds.de\/wp-content\/uploads\/2026\/01\/LogoFischerdurchsichtig-1024x411.png 1024w, https:\/\/geschichten-des-abschieds.de\/wp-content\/uploads\/2026\/01\/LogoFischerdurchsichtig-1536x616.png 1536w, https:\/\/geschichten-des-abschieds.de\/wp-content\/uploads\/2026\/01\/LogoFischerdurchsichtig-2048x822.png 2048w\" sizes=\"(max-width: 768px) 100vw, 768px\" \/>\t\t\t\t\t\t\t\t\t\t\t\t\t\t\t<\/div>\n\t\t\t\t<\/div>\n\t\t\t\t<div class=\"elementor-element elementor-element-d28a355 elementor-widget elementor-widget-spacer\" data-id=\"d28a355\" data-element_type=\"widget\" data-e-type=\"widget\" data-widget_type=\"spacer.default\">\n\t\t\t\t<div class=\"elementor-widget-container\">\n\t\t\t\t\t\t\t<div class=\"elementor-spacer\">\n\t\t\t<div class=\"elementor-spacer-inner\"><\/div>\n\t\t<\/div>\n\t\t\t\t\t\t<\/div>\n\t\t\t\t<\/div>\n\t\t\t\t<div class=\"elementor-element elementor-element-649ed6d elementor-widget elementor-widget-heading\" data-id=\"649ed6d\" data-element_type=\"widget\" data-e-type=\"widget\" data-widget_type=\"heading.default\">\n\t\t\t\t<div class=\"elementor-widget-container\">\n\t\t\t\t\t<h2 class=\"elementor-heading-title elementor-size-default\">BEGLEITEN, GEDENKEN, PERS\u00d6NLICHE ABSCHIEDE GESTALTEN<br><br>\n\nAbschiedsrednerin Sarah Fischer geb. Wermuth.<\/br>\nAbschiedsgestaltung, Ritualbegleitung, Texterin<\/br><\/br>\n\nAngebote f\u00fcr Herz und Seele<br><br>\n\n\n\nBremen, Niedersachsen und Ostfriesland<\/h2>\t\t\t\t<\/div>\n\t\t\t\t<\/div>\n\t\t\t\t\t<\/div>\n\t\t<\/div>\n\t\t\t\t\t<\/div>\n\t\t<\/section>\n\t\t\t\t<div class=\"elementor-element elementor-element-8eb26a0 elementor-widget elementor-widget-spacer\" data-id=\"8eb26a0\" data-element_type=\"widget\" data-e-type=\"widget\" data-widget_type=\"spacer.default\">\n\t\t\t\t<div class=\"elementor-widget-container\">\n\t\t\t\t\t\t\t<div class=\"elementor-spacer\">\n\t\t\t<div class=\"elementor-spacer-inner\"><\/div>\n\t\t<\/div>\n\t\t\t\t\t\t<\/div>\n\t\t\t\t<\/div>\n\t\t\t\t\t<\/div>\n\t\t<\/div>\n\t\t\t\t\t<\/div>\n\t\t<\/section>\n\t\t\t\t<section class=\"elementor-section elementor-top-section elementor-element elementor-element-877811b jkit-sticky-element--enabled elementor-section-content-middle elementor-section-boxed elementor-section-height-default elementor-section-height-default jkit-sticky-element-on--down jkit-sticky-position--sticky\" data-id=\"877811b\" data-element_type=\"section\" data-e-type=\"section\" data-settings=\"{&quot;background_background&quot;:&quot;classic&quot;,&quot;jkit_sticky_device&quot;:[&quot;desktop&quot;,&quot;tablet&quot;,&quot;mobile&quot;],&quot;jkit_sticky_top_position&quot;:{&quot;unit&quot;:&quot;px&quot;,&quot;size&quot;:0,&quot;sizes&quot;:[]}}\">\n\t\t\t\t\t\t<div class=\"elementor-container elementor-column-gap-narrow\">\n\t\t\t\t\t<div class=\"elementor-column elementor-col-100 elementor-top-column elementor-element elementor-element-c3d5c85\" data-id=\"c3d5c85\" data-element_type=\"column\" data-e-type=\"column\">\n\t\t\t<div class=\"elementor-widget-wrap\">\n\t\t\t\t\t\t\t<\/div>\n\t\t<\/div>\n\t\t\t\t\t<\/div>\n\t\t<\/section>\n\t\t\t\t<section class=\"elementor-section elementor-top-section elementor-element elementor-element-789c64ed elementor-section-height-min-height elementor-section-items-stretch elementor-section-boxed elementor-section-height-default\" data-id=\"789c64ed\" data-element_type=\"section\" data-e-type=\"section\" data-settings=\"{&quot;background_background&quot;:&quot;classic&quot;}\">\n\t\t\t\t\t\t<div class=\"elementor-container elementor-column-gap-no\">\n\t\t\t\t\t<div class=\"elementor-column elementor-col-100 elementor-top-column elementor-element elementor-element-1553d0d2\" data-id=\"1553d0d2\" data-element_type=\"column\" data-e-type=\"column\" data-settings=\"{&quot;background_background&quot;:&quot;classic&quot;,&quot;animation&quot;:&quot;none&quot;}\">\n\t\t\t<div class=\"elementor-widget-wrap elementor-element-populated\">\n\t\t\t\t\t\t<div class=\"elementor-element elementor-element-8ee494c elementor-widget elementor-widget-spacer\" data-id=\"8ee494c\" data-element_type=\"widget\" data-e-type=\"widget\" data-widget_type=\"spacer.default\">\n\t\t\t\t<div class=\"elementor-widget-container\">\n\t\t\t\t\t\t\t<div class=\"elementor-spacer\">\n\t\t\t<div class=\"elementor-spacer-inner\"><\/div>\n\t\t<\/div>\n\t\t\t\t\t\t<\/div>\n\t\t\t\t<\/div>\n\t\t\t\t<div class=\"elementor-element elementor-element-6f676313 elementor-widget elementor-widget-heading\" data-id=\"6f676313\" data-element_type=\"widget\" data-e-type=\"widget\" data-settings=\"{&quot;_animation_mobile&quot;:&quot;none&quot;}\" data-widget_type=\"heading.default\">\n\t\t\t\t<div class=\"elementor-widget-container\">\n\t\t\t\t\t<h2 class=\"elementor-heading-title elementor-size-small\"> Abschied<\/h2>\t\t\t\t<\/div>\n\t\t\t\t<\/div>\n\t\t\t\t<div class=\"elementor-element elementor-element-45dc7e1 elementor-widget elementor-widget-spacer\" data-id=\"45dc7e1\" data-element_type=\"widget\" data-e-type=\"widget\" data-widget_type=\"spacer.default\">\n\t\t\t\t<div class=\"elementor-widget-container\">\n\t\t\t\t\t\t\t<div class=\"elementor-spacer\">\n\t\t\t<div class=\"elementor-spacer-inner\"><\/div>\n\t\t<\/div>\n\t\t\t\t\t\t<\/div>\n\t\t\t\t<\/div>\n\t\t\t\t<div class=\"elementor-element elementor-element-3b72191 elementor-widget elementor-widget-spacer\" data-id=\"3b72191\" data-element_type=\"widget\" data-e-type=\"widget\" data-widget_type=\"spacer.default\">\n\t\t\t\t<div class=\"elementor-widget-container\">\n\t\t\t\t\t\t\t<div class=\"elementor-spacer\">\n\t\t\t<div class=\"elementor-spacer-inner\"><\/div>\n\t\t<\/div>\n\t\t\t\t\t\t<\/div>\n\t\t\t\t<\/div>\n\t\t\t\t<div class=\"elementor-element elementor-element-85fb3ee elementor-widget elementor-widget-heading\" data-id=\"85fb3ee\" data-element_type=\"widget\" data-e-type=\"widget\" data-settings=\"{&quot;_animation_mobile&quot;:&quot;none&quot;}\" data-widget_type=\"heading.default\">\n\t\t\t\t<div class=\"elementor-widget-container\">\n\t\t\t\t\t<h3 class=\"elementor-heading-title elementor-size-default\"><br><br>\u201eNun sind sie vor\u00fcber, jene Stunden,\nDie der Himmel unsrer Liebe gab,\nSch\u00f6ne Kr\u00e4nze haben sie gebunden,\nManche Wonne flo\u00df mit ihnen ab.\nWas der Augenbick geboren,\nSchlang den Augenblick hinab,\nAber ewig bleibt es unverloren,\nWas das Herz dem Herzen gab.\u201c \n  Adalbert Stifter<\/h3>\t\t\t\t<\/div>\n\t\t\t\t<\/div>\n\t\t\t\t<div class=\"elementor-element elementor-element-2ed175c elementor-widget elementor-widget-spacer\" data-id=\"2ed175c\" data-element_type=\"widget\" data-e-type=\"widget\" data-widget_type=\"spacer.default\">\n\t\t\t\t<div class=\"elementor-widget-container\">\n\t\t\t\t\t\t\t<div class=\"elementor-spacer\">\n\t\t\t<div class=\"elementor-spacer-inner\"><\/div>\n\t\t<\/div>\n\t\t\t\t\t\t<\/div>\n\t\t\t\t<\/div>\n\t\t\t\t\t<\/div>\n\t\t<\/div>\n\t\t\t\t\t<\/div>\n\t\t<\/section>\n\t\t\t\t<section class=\"elementor-section elementor-top-section elementor-element elementor-element-683308ff elementor-section-boxed elementor-section-height-default elementor-section-height-default\" data-id=\"683308ff\" data-element_type=\"section\" data-e-type=\"section\" data-settings=\"{&quot;background_background&quot;:&quot;classic&quot;}\">\n\t\t\t\t\t\t<div class=\"elementor-container elementor-column-gap-default\">\n\t\t\t\t\t<div class=\"elementor-column elementor-col-100 elementor-top-column elementor-element elementor-element-4da2be63\" data-id=\"4da2be63\" data-element_type=\"column\" data-e-type=\"column\">\n\t\t\t<div class=\"elementor-widget-wrap elementor-element-populated\">\n\t\t\t\t\t\t<div class=\"elementor-element elementor-element-e10cf18 elementor-widget elementor-widget-spacer\" data-id=\"e10cf18\" data-element_type=\"widget\" data-e-type=\"widget\" data-widget_type=\"spacer.default\">\n\t\t\t\t<div class=\"elementor-widget-container\">\n\t\t\t\t\t\t\t<div class=\"elementor-spacer\">\n\t\t\t<div class=\"elementor-spacer-inner\"><\/div>\n\t\t<\/div>\n\t\t\t\t\t\t<\/div>\n\t\t\t\t<\/div>\n\t\t\t\t<div class=\"elementor-element elementor-element-6c27a381 elementor-widget elementor-widget-text-editor\" data-id=\"6c27a381\" data-element_type=\"widget\" data-e-type=\"widget\" data-widget_type=\"text-editor.default\">\n\t\t\t\t<div class=\"elementor-widget-container\">\n\t\t\t\t\t\t\t\t\t<p style=\"margin-top: 0cm; background-image: initial; background-position: initial; background-size: initial; background-repeat: initial; background-attachment: initial; background-origin: initial; background-clip: initial;\"><span style=\"font-size: 18.0pt; font-family: Bellefair; color: #333333;\">Der Tod einer nahestehenden, geliebten Person ist schmerzhaft und aufw\u00fchlend. Eine Vielzahl an Gef\u00fchlen und Gedanken wirkt, gleichzeitig muss die Bestattung und die Trauerfeier organisiert werden und die Welt h\u00e4lt nicht inne.<\/span><\/p><p style=\"margin-top: 0cm; background-image: initial; background-position: initial; background-size: initial; background-repeat: initial; background-attachment: initial; background-origin: initial; background-clip: initial;\"><span style=\"font-size: 18.0pt; font-family: Bellefair; color: #333333;\">In schweren Zeiten kann es wohltuend sein, einen mitf\u00fchlenden Beistand an der Seite zu wissen.<\/span><\/p><p style=\"margin-top: 0cm; background-image: initial; background-position: initial; background-size: initial; background-repeat: initial; background-attachment: initial; background-origin: initial; background-clip: initial;\"><span style=\"font-size: 18.0pt; font-family: Bellefair; color: #333333;\">Vertrauensvoll und diskret von ihren individuellen Bed\u00fcrfnissen ausgehend biete ich, als Trauerrednerin, eine achtsame Unterst\u00fctzung bei der Planung und Durchf\u00fchrung der Trauerfeier und einen sicheren Rahmen f\u00fcr ihre Gef\u00fchle.<\/span><\/p><p style=\"margin-top: 0cm; background-image: initial; background-position: initial; background-size: initial; background-repeat: initial; background-attachment: initial; background-origin: initial; background-clip: initial;\"><span style=\"font-size: 18.0pt; font-family: Bellefair; color: #333333;\">Durch pers\u00f6nliche Gespr\u00e4che finde ich f\u00fcr Sie die richtigen Worte in Zeiten der Sprachlosigkeit und helfe Ihnen, ihre Beziehung und das Wesen und Leben des Verstorbenen authentisch und w\u00fcrdevoll auszudr\u00fccken und zu ehren.<\/span><\/p><p>\u00a0<\/p><p style=\"margin-top: 0cm; background-image: initial; background-position: initial; background-size: initial; background-repeat: initial; background-attachment: initial; background-origin: initial; background-clip: initial;\"><span style=\"font-size: 18.0pt; font-family: Bellefair; color: #333333;\">Damit Sie, die Angeh\u00f6rigen und Nahestehenden Zeit und Raum zur Trauer haben, f\u00fcr Erinnerungen, f\u00fcr den Abschied und die Liebe.<\/span><\/p>\t\t\t\t\t\t\t\t<\/div>\n\t\t\t\t<\/div>\n\t\t\t\t<div class=\"elementor-element elementor-element-2cd71f7 elementor-widget elementor-widget-spacer\" data-id=\"2cd71f7\" data-element_type=\"widget\" data-e-type=\"widget\" data-widget_type=\"spacer.default\">\n\t\t\t\t<div class=\"elementor-widget-container\">\n\t\t\t\t\t\t\t<div class=\"elementor-spacer\">\n\t\t\t<div class=\"elementor-spacer-inner\"><\/div>\n\t\t<\/div>\n\t\t\t\t\t\t<\/div>\n\t\t\t\t<\/div>\n\t\t\t\t\t<\/div>\n\t\t<\/div>\n\t\t\t\t\t<\/div>\n\t\t<\/section>\n\t\t\t\t<section class=\"elementor-section elementor-top-section elementor-element elementor-element-cc31a18 elementor-section-boxed elementor-section-height-default elementor-section-height-default\" data-id=\"cc31a18\" data-element_type=\"section\" data-e-type=\"section\">\n\t\t\t\t\t\t<div class=\"elementor-container elementor-column-gap-default\">\n\t\t\t\t\t<div class=\"elementor-column elementor-col-100 elementor-top-column elementor-element elementor-element-1d68d0d\" data-id=\"1d68d0d\" data-element_type=\"column\" data-e-type=\"column\">\n\t\t\t<div class=\"elementor-widget-wrap elementor-element-populated\">\n\t\t\t\t\t\t<div class=\"elementor-element elementor-element-788cf4e4 elementor-widget elementor-widget-heading\" data-id=\"788cf4e4\" data-element_type=\"widget\" data-e-type=\"widget\" data-widget_type=\"heading.default\">\n\t\t\t\t<div class=\"elementor-widget-container\">\n\t\t\t\t\t<h2 class=\"elementor-heading-title elementor-size-default\">Tabuisierung des Todes<\/h2>\t\t\t\t<\/div>\n\t\t\t\t<\/div>\n\t\t\t\t<div class=\"elementor-element elementor-element-103cac22 elementor-widget elementor-widget-text-editor\" data-id=\"103cac22\" data-element_type=\"widget\" data-e-type=\"widget\" data-widget_type=\"text-editor.default\">\n\t\t\t\t<div class=\"elementor-widget-container\">\n\t\t\t\t\t\t\t\t\t<p><span style=\"font-family: 'bellefair', times, serif; font-size: 18pt;\">Der \u201eheiterer Schwindler\u201c, \u201efurchtbare&nbsp; Reiter\u201c, und \u201es\u00fc\u00dfer Friedensbringer\u201c, der Tod hat viele Namen.&nbsp;<\/span><\/p>\n<p><span style=\"font-family: bellefair, times, serif; font-size: 18pt; color: var( --e-global-color-text ); font-weight: var( --e-global-typography-text-font-weight );\">Er ist biologisch und mystisch, er begrenzt unser Dasein und gilt doch als das Tor zur Unendlichkeit.&nbsp;<\/span><span style=\"font-family: bellefair, times, serif; font-size: 18pt; color: var( --e-global-color-text ); font-weight: var( --e-global-typography-text-font-weight );\">Der endg\u00fcltige Abschied kann erl\u00f6send sein und doch ist er meist schmerzhaft.<\/span><\/p>\n<p><span style=\"font-family: 'bellefair', times, serif; font-size: 18pt;\">Der Tod ist nat\u00fcrlich und nichts im Leben ist so gewiss, wie die Tatsache, dass wir alle einmal sterben werden. Und doch stehen wir als Hinterbliebene meist &nbsp;ratlos und ohnm\u00e4chtig da.&nbsp;<\/span><\/p>\n<p><span style=\"font-family: bellefair, times, serif; font-size: 18pt; color: var( --e-global-color-text ); font-weight: var( --e-global-typography-text-font-weight );\">Die Tabuisierung des Todes innerhalb unserer Gesellschaft f\u00fchrt leider dazu, dass wir, bis es uns und unsere Angeh\u00f6rigen und Freunde pers\u00f6nlich betrifft, meist nicht in Kontakt mit dem Sterben und dem Tod gekommen sind.<\/span><\/p>\n<p><span style=\"color: var( --e-global-color-text ); font-weight: var( --e-global-typography-text-font-weight ); font-family: bellefair, times, serif; font-size: 18pt;\">Genau wie das Sterben ist auch der Abschied und die Trauer ein Prozess und es gibt nicht den einen richtigen Weg oder ein richtiges Verhalten.&nbsp;<\/span><span style=\"color: var( --e-global-color-text ); font-weight: var( --e-global-typography-text-font-weight ); font-family: bellefair, times, serif; font-size: 18pt;\">Aufgrund meiner Erfahrung innerhalb der Sterbebegleitung und der Ausbildung von ehrenamtlichen Hospizhelfern ist mir eins bewusst geworden.&nbsp;<\/span><\/p>\n<p><span style=\"font-family: 'bellefair', times, serif; font-size: 18pt;\">Der Heilprozess kann beginnen, wenn wir der Tabuisierung des Todes entgegenwirken, indem wir die Gef\u00fchle und Gedanken akzeptieren und dar\u00fcber sprechen.<\/span><\/p>\n<p><br><\/p>\t\t\t\t\t\t\t\t<\/div>\n\t\t\t\t<\/div>\n\t\t\t\t<div class=\"elementor-element elementor-element-e71cd9f elementor-widget elementor-widget-menu-anchor\" data-id=\"e71cd9f\" data-element_type=\"widget\" data-e-type=\"widget\" data-widget_type=\"menu-anchor.default\">\n\t\t\t\t<div class=\"elementor-widget-container\">\n\t\t\t\t\t\t\t<div class=\"elementor-menu-anchor\" id=\"Wasgenau\"><\/div>\n\t\t\t\t\t\t<\/div>\n\t\t\t\t<\/div>\n\t\t\t\t\t<\/div>\n\t\t<\/div>\n\t\t\t\t\t<\/div>\n\t\t<\/section>\n\t\t\t\t<section class=\"elementor-section elementor-top-section elementor-element elementor-element-389e78f elementor-section-boxed elementor-section-height-default elementor-section-height-default\" data-id=\"389e78f\" data-element_type=\"section\" data-e-type=\"section\" data-settings=\"{&quot;background_background&quot;:&quot;classic&quot;}\">\n\t\t\t\t\t\t<div class=\"elementor-container elementor-column-gap-default\">\n\t\t\t\t\t<div class=\"elementor-column elementor-col-100 elementor-top-column elementor-element elementor-element-3bc6e510\" data-id=\"3bc6e510\" data-element_type=\"column\" data-e-type=\"column\">\n\t\t\t<div class=\"elementor-widget-wrap elementor-element-populated\">\n\t\t\t\t\t\t<div class=\"elementor-element elementor-element-2993c1f9 elementor-widget elementor-widget-spacer\" data-id=\"2993c1f9\" data-element_type=\"widget\" data-e-type=\"widget\" data-widget_type=\"spacer.default\">\n\t\t\t\t<div class=\"elementor-widget-container\">\n\t\t\t\t\t\t\t<div class=\"elementor-spacer\">\n\t\t\t<div class=\"elementor-spacer-inner\"><\/div>\n\t\t<\/div>\n\t\t\t\t\t\t<\/div>\n\t\t\t\t<\/div>\n\t\t\t\t<section class=\"elementor-section elementor-inner-section elementor-element elementor-element-793a257 elementor-section-boxed elementor-section-height-default elementor-section-height-default\" data-id=\"793a257\" data-element_type=\"section\" data-e-type=\"section\" data-settings=\"{&quot;background_background&quot;:&quot;classic&quot;}\">\n\t\t\t\t\t\t<div class=\"elementor-container elementor-column-gap-default\">\n\t\t\t\t\t<div class=\"elementor-column elementor-col-50 elementor-inner-column elementor-element elementor-element-872a079\" data-id=\"872a079\" data-element_type=\"column\" data-e-type=\"column\">\n\t\t\t<div class=\"elementor-widget-wrap elementor-element-populated\">\n\t\t\t\t\t\t<div class=\"elementor-element elementor-element-79e6a33 elementor-widget elementor-widget-heading\" data-id=\"79e6a33\" data-element_type=\"widget\" data-e-type=\"widget\" data-widget_type=\"heading.default\">\n\t\t\t\t<div class=\"elementor-widget-container\">\n\t\t\t\t\t<h2 class=\"elementor-heading-title elementor-size-default\">Was genau?<\/h2>\t\t\t\t<\/div>\n\t\t\t\t<\/div>\n\t\t\t\t<div class=\"elementor-element elementor-element-58919460 elementor-widget elementor-widget-text-editor\" data-id=\"58919460\" data-element_type=\"widget\" data-e-type=\"widget\" data-widget_type=\"text-editor.default\">\n\t\t\t\t<div class=\"elementor-widget-container\">\n\t\t\t\t\t\t\t\t\t<p class=\"MsoNormal\" style=\"line-height: normal; background-image: initial; background-position: initial; background-size: initial; background-repeat: initial; background-attachment: initial; background-origin: initial; background-clip: initial;\"><span style=\"font-size:18.0pt;font-family:\nBellefair;mso-fareast-font-family:&quot;Times New Roman&quot;;color:#333333;mso-fareast-language:\nDE\">Als eure Trauerrednerin, biete ich euch einen annehmenden und sicheren\nRahmen, euch mitzuteilen, \u00fcber eure Gef\u00fchle zu sprechen und eure W\u00fcnsche und\nBed\u00fcrfnisse zu erkennen und mit mir zu teilen. Auf Wunsch unterst\u00fctze ich sie\ngerne dabei selbst aktiv mitzuwirken.<\/span><span style=\"font-size:12.0pt;\nfont-family:&quot;Segoe UI&quot;,sans-serif;mso-fareast-font-family:&quot;Times New Roman&quot;;\ncolor:#333333;mso-fareast-language:DE\"><o:p><\/o:p><\/span><\/p><p>\n\n<\/p><p class=\"MsoNormal\" style=\"line-height: normal; background-image: initial; background-position: initial; background-size: initial; background-repeat: initial; background-attachment: initial; background-origin: initial; background-clip: initial;\"><span style=\"font-size:18.0pt;font-family:\nBellefair;mso-fareast-font-family:&quot;Times New Roman&quot;;color:#333333;mso-fareast-language:\nDE\">Wenn eine geliebte Person stirbt, muss oft alles schnell gehen. Ich arbeite\ngerne eng mit dem Bestatter ihres Vertrauens und anderen Beteiligten\nzusammen.&nbsp;<o:p><\/o:p><\/span><\/p>\t\t\t\t\t\t\t\t<\/div>\n\t\t\t\t<\/div>\n\t\t\t\t\t<\/div>\n\t\t<\/div>\n\t\t\t\t<div class=\"elementor-column elementor-col-50 elementor-inner-column elementor-element elementor-element-fe37d5a\" data-id=\"fe37d5a\" data-element_type=\"column\" data-e-type=\"column\">\n\t\t\t<div class=\"elementor-widget-wrap elementor-element-populated\">\n\t\t\t\t\t\t<div class=\"elementor-element elementor-element-af8905c elementor-widget elementor-widget-image\" data-id=\"af8905c\" data-element_type=\"widget\" data-e-type=\"widget\" data-widget_type=\"image.default\">\n\t\t\t\t<div class=\"elementor-widget-container\">\n\t\t\t\t\t\t\t\t\t\t\t\t\t\t\t<img decoding=\"async\" width=\"300\" height=\"300\" src=\"https:\/\/geschichten-des-abschieds.de\/wp-content\/uploads\/2023\/03\/20220525_104412-scaled-e1681398848203-300x300.jpg\" class=\"attachment-medium size-medium wp-image-2139\" alt=\"\" srcset=\"https:\/\/geschichten-des-abschieds.de\/wp-content\/uploads\/2023\/03\/20220525_104412-scaled-e1681398848203-300x300.jpg 300w, https:\/\/geschichten-des-abschieds.de\/wp-content\/uploads\/2023\/03\/20220525_104412-scaled-e1681398848203-150x150.jpg 150w, https:\/\/geschichten-des-abschieds.de\/wp-content\/uploads\/2023\/03\/20220525_104412-scaled-e1681398848203-144x144.jpg 144w, https:\/\/geschichten-des-abschieds.de\/wp-content\/uploads\/2023\/03\/20220525_104412-scaled-e1681398848203.jpg 500w\" sizes=\"(max-width: 300px) 100vw, 300px\" \/>\t\t\t\t\t\t\t\t\t\t\t\t\t\t\t<\/div>\n\t\t\t\t<\/div>\n\t\t\t\t\t<\/div>\n\t\t<\/div>\n\t\t\t\t\t<\/div>\n\t\t<\/section>\n\t\t\t\t<div class=\"elementor-element elementor-element-bd65884 elementor-widget elementor-widget-heading\" data-id=\"bd65884\" data-element_type=\"widget\" data-e-type=\"widget\" data-widget_type=\"heading.default\">\n\t\t\t\t<div class=\"elementor-widget-container\">\n\t\t\t\t\t<h2 class=\"elementor-heading-title elementor-size-default\">Im pers\u00f6nlichen Gespr\u00e4ch<\/h2>\t\t\t\t<\/div>\n\t\t\t\t<\/div>\n\t\t\t\t<div class=\"elementor-element elementor-element-4643b43c elementor-widget elementor-widget-text-editor\" data-id=\"4643b43c\" data-element_type=\"widget\" data-e-type=\"widget\" data-widget_type=\"text-editor.default\">\n\t\t\t\t<div class=\"elementor-widget-container\">\n\t\t\t\t\t\t\t\t\t<span style=\"font-family: 'bellefair', times, serif; font-size: 18pt;\">Durch ein pers\u00f6nliches Gespr\u00e4ch k\u00f6nnen Sie mir Ihre Beziehung und das Leben der verstorbenen Person n\u00e4herbringen.<\/span>\n\n<span style=\"font-family: 'bellefair', times, serif; font-size: 18pt;\">Feinf\u00fchlig und professionell, werde ich als Ihre Trauerrednerin die Nuancen und Informationen filtern, die es mir anschlie\u00dfend erm\u00f6glichen, einen warmen und pers\u00f6nlichen Abschied zu gestalten und eine individuelle, angemessene Trauerrede, zugeschnitten auf ihre W\u00fcnsche und Bed\u00fcrfnisse zu Verfassen.<\/span>\n\n<span style=\"font-family: 'bellefair', times, serif; font-size: 18pt;\">\u00a0<\/span>\t\t\t\t\t\t\t\t<\/div>\n\t\t\t\t<\/div>\n\t\t\t\t<section class=\"elementor-section elementor-inner-section elementor-element elementor-element-66f2df6 elementor-section-boxed elementor-section-height-default elementor-section-height-default\" data-id=\"66f2df6\" data-element_type=\"section\" data-e-type=\"section\">\n\t\t\t\t\t\t<div class=\"elementor-container elementor-column-gap-default\">\n\t\t\t\t\t<div class=\"elementor-column elementor-col-50 elementor-inner-column elementor-element elementor-element-217ce6b\" data-id=\"217ce6b\" data-element_type=\"column\" data-e-type=\"column\">\n\t\t\t<div class=\"elementor-widget-wrap elementor-element-populated\">\n\t\t\t\t\t\t<div class=\"elementor-element elementor-element-519c500 elementor-widget elementor-widget-image\" data-id=\"519c500\" data-element_type=\"widget\" data-e-type=\"widget\" data-widget_type=\"image.default\">\n\t\t\t\t<div class=\"elementor-widget-container\">\n\t\t\t\t\t\t\t\t\t\t\t\t\t\t\t<img decoding=\"async\" width=\"768\" height=\"926\" src=\"https:\/\/geschichten-des-abschieds.de\/wp-content\/uploads\/2023\/03\/20220729_113657-768x926.jpg\" class=\"attachment-medium_large size-medium_large wp-image-2145\" alt=\"\" srcset=\"https:\/\/geschichten-des-abschieds.de\/wp-content\/uploads\/2023\/03\/20220729_113657-768x926.jpg 768w, https:\/\/geschichten-des-abschieds.de\/wp-content\/uploads\/2023\/03\/20220729_113657-scaled-e1681398880411-249x300.jpg 249w, https:\/\/geschichten-des-abschieds.de\/wp-content\/uploads\/2023\/03\/20220729_113657-849x1024.jpg 849w, https:\/\/geschichten-des-abschieds.de\/wp-content\/uploads\/2023\/03\/20220729_113657-1274x1536.jpg 1274w, https:\/\/geschichten-des-abschieds.de\/wp-content\/uploads\/2023\/03\/20220729_113657-1698x2048.jpg 1698w, https:\/\/geschichten-des-abschieds.de\/wp-content\/uploads\/2023\/03\/20220729_113657-scaled-e1681398880411.jpg 500w\" sizes=\"(max-width: 768px) 100vw, 768px\" \/>\t\t\t\t\t\t\t\t\t\t\t\t\t\t\t<\/div>\n\t\t\t\t<\/div>\n\t\t\t\t\t<\/div>\n\t\t<\/div>\n\t\t\t\t<div class=\"elementor-column elementor-col-50 elementor-inner-column elementor-element elementor-element-3a5f545\" data-id=\"3a5f545\" data-element_type=\"column\" data-e-type=\"column\">\n\t\t\t<div class=\"elementor-widget-wrap elementor-element-populated\">\n\t\t\t\t\t\t<div class=\"elementor-element elementor-element-51912b5d elementor-widget elementor-widget-heading\" data-id=\"51912b5d\" data-element_type=\"widget\" data-e-type=\"widget\" data-widget_type=\"heading.default\">\n\t\t\t\t<div class=\"elementor-widget-container\">\n\t\t\t\t\t<h2 class=\"elementor-heading-title elementor-size-default\">Begleitung bis zum Tag der Bestattung <\/h2>\t\t\t\t<\/div>\n\t\t\t\t<\/div>\n\t\t\t\t<div class=\"elementor-element elementor-element-4c9334f2 elementor-widget elementor-widget-text-editor\" data-id=\"4c9334f2\" data-element_type=\"widget\" data-e-type=\"widget\" data-widget_type=\"text-editor.default\">\n\t\t\t\t<div class=\"elementor-widget-container\">\n\t\t\t\t\t\t\t\t\t<p style=\"margin-top: 0cm; background-image: initial; background-position: initial; background-size: initial; background-repeat: initial; background-attachment: initial; background-origin: initial; background-clip: initial;\"><span style=\"font-size: 18.0pt; font-family: Bellefair; color: #333333;\">Nat\u00fcrlich stehe ich in der Zeit vor der Bestattung immer f\u00fcr Fragen zur Verf\u00fcgung. Sollten Sie Interesse an individuellen Trauer- und Bestattungsritualen haben stehe ich Ihnen gerne beratend zur Seite.\u00a0<\/span><\/p><p style=\"margin-top: 0cm; background-image: initial; background-position: initial; background-size: initial; background-repeat: initial; background-attachment: initial; background-origin: initial; background-clip: initial;\"><span style=\"font-weight: var( --e-global-typography-text-font-weight ); font-size: 18pt; font-family: Bellefair; color: #333333;\">Wichtig ist, dass wir einen Abschied nach Ihren Vorstellungen gestalten.\u00a0<\/span><\/p><p style=\"margin-top: 0cm; background-image: initial; background-position: initial; background-size: initial; background-repeat: initial; background-attachment: initial; background-origin: initial; background-clip: initial;\"><span style=\"font-weight: var( --e-global-typography-text-font-weight ); font-size: 18pt; font-family: Bellefair; color: #333333;\">Am Tag der Trauerfeier bin ich selbstverst\u00e4ndlich fr\u00fchzeitig vor Ort und sorge f\u00fcr einen reibungslosen Ablauf der Trauerrede.<\/span><\/p>\t\t\t\t\t\t\t\t<\/div>\n\t\t\t\t<\/div>\n\t\t\t\t<div class=\"elementor-element elementor-element-5193002 elementor-widget elementor-widget-menu-anchor\" data-id=\"5193002\" data-element_type=\"widget\" data-e-type=\"widget\" data-widget_type=\"menu-anchor.default\">\n\t\t\t\t<div class=\"elementor-widget-container\">\n\t\t\t\t\t\t\t<div class=\"elementor-menu-anchor\" id=\"Angebote\"><\/div>\n\t\t\t\t\t\t<\/div>\n\t\t\t\t<\/div>\n\t\t\t\t\t<\/div>\n\t\t<\/div>\n\t\t\t\t\t<\/div>\n\t\t<\/section>\n\t\t\t\t<section class=\"elementor-section elementor-inner-section elementor-element elementor-element-9ae056f elementor-section-boxed elementor-section-height-default elementor-section-height-default\" data-id=\"9ae056f\" data-element_type=\"section\" data-e-type=\"section\">\n\t\t\t\t\t\t<div class=\"elementor-container elementor-column-gap-default\">\n\t\t\t\t\t<div class=\"elementor-column elementor-col-100 elementor-inner-column elementor-element elementor-element-b61852c\" data-id=\"b61852c\" data-element_type=\"column\" data-e-type=\"column\">\n\t\t\t<div class=\"elementor-widget-wrap elementor-element-populated\">\n\t\t\t\t\t\t<div class=\"elementor-element elementor-element-643bac5 elementor-widget elementor-widget-heading\" data-id=\"643bac5\" data-element_type=\"widget\" data-e-type=\"widget\" data-widget_type=\"heading.default\">\n\t\t\t\t<div class=\"elementor-widget-container\">\n\t\t\t\t\t<h2 class=\"elementor-heading-title elementor-size-default\">Welcher Rahmen?<\/h2>\t\t\t\t<\/div>\n\t\t\t\t<\/div>\n\t\t\t\t\t<\/div>\n\t\t<\/div>\n\t\t\t\t\t<\/div>\n\t\t<\/section>\n\t\t\t\t<section class=\"elementor-section elementor-inner-section elementor-element elementor-element-50758df elementor-section-boxed elementor-section-height-default elementor-section-height-default\" data-id=\"50758df\" data-element_type=\"section\" data-e-type=\"section\">\n\t\t\t\t\t\t<div class=\"elementor-container elementor-column-gap-default\">\n\t\t\t\t\t<div class=\"elementor-column elementor-col-50 elementor-inner-column elementor-element elementor-element-564f287\" data-id=\"564f287\" data-element_type=\"column\" data-e-type=\"column\">\n\t\t\t<div class=\"elementor-widget-wrap elementor-element-populated\">\n\t\t\t\t\t\t<div class=\"elementor-element elementor-element-d233c29 elementor-widget elementor-widget-image\" data-id=\"d233c29\" data-element_type=\"widget\" data-e-type=\"widget\" data-widget_type=\"image.default\">\n\t\t\t\t<div class=\"elementor-widget-container\">\n\t\t\t\t\t\t\t\t\t\t\t\t\t\t\t<img loading=\"lazy\" decoding=\"async\" width=\"768\" height=\"768\" src=\"https:\/\/geschichten-des-abschieds.de\/wp-content\/uploads\/2023\/03\/IMG_20220429_074921_458-768x768.jpg\" class=\"attachment-medium_large size-medium_large wp-image-2146\" alt=\"\" srcset=\"https:\/\/geschichten-des-abschieds.de\/wp-content\/uploads\/2023\/03\/IMG_20220429_074921_458-768x768.jpg 768w, https:\/\/geschichten-des-abschieds.de\/wp-content\/uploads\/2023\/03\/IMG_20220429_074921_458-scaled-e1681398921232-300x300.jpg 300w, https:\/\/geschichten-des-abschieds.de\/wp-content\/uploads\/2023\/03\/IMG_20220429_074921_458-1024x1024.jpg 1024w, https:\/\/geschichten-des-abschieds.de\/wp-content\/uploads\/2023\/03\/IMG_20220429_074921_458-scaled-e1681398921232-150x150.jpg 150w, https:\/\/geschichten-des-abschieds.de\/wp-content\/uploads\/2023\/03\/IMG_20220429_074921_458-1536x1536.jpg 1536w, https:\/\/geschichten-des-abschieds.de\/wp-content\/uploads\/2023\/03\/IMG_20220429_074921_458-2048x2048.jpg 2048w, https:\/\/geschichten-des-abschieds.de\/wp-content\/uploads\/2023\/03\/IMG_20220429_074921_458-700x700.jpg 700w, https:\/\/geschichten-des-abschieds.de\/wp-content\/uploads\/2023\/03\/IMG_20220429_074921_458-scaled-e1681398921232-144x144.jpg 144w, https:\/\/geschichten-des-abschieds.de\/wp-content\/uploads\/2023\/03\/IMG_20220429_074921_458-scaled-e1681398921232.jpg 500w\" sizes=\"(max-width: 768px) 100vw, 768px\" \/>\t\t\t\t\t\t\t\t\t\t\t\t\t\t\t<\/div>\n\t\t\t\t<\/div>\n\t\t\t\t\t<\/div>\n\t\t<\/div>\n\t\t\t\t<div class=\"elementor-column elementor-col-50 elementor-inner-column elementor-element elementor-element-f879a67\" data-id=\"f879a67\" data-element_type=\"column\" data-e-type=\"column\">\n\t\t\t<div class=\"elementor-widget-wrap elementor-element-populated\">\n\t\t\t\t\t\t<div class=\"elementor-element elementor-element-54d029f elementor-widget elementor-widget-heading\" data-id=\"54d029f\" data-element_type=\"widget\" data-e-type=\"widget\" data-widget_type=\"heading.default\">\n\t\t\t\t<div class=\"elementor-widget-container\">\n\t\t\t\t\t<h2 class=\"elementor-heading-title elementor-size-default\">Angebot i<\/h2>\t\t\t\t<\/div>\n\t\t\t\t<\/div>\n\t\t\t\t<div class=\"elementor-element elementor-element-b62a757 elementor-widget elementor-widget-text-editor\" data-id=\"b62a757\" data-element_type=\"widget\" data-e-type=\"widget\" data-widget_type=\"text-editor.default\">\n\t\t\t\t<div class=\"elementor-widget-container\">\n\t\t\t\t\t\t\t\t\t<p class=\"MsoNormal\" style=\"margin-bottom: 0.0001pt; line-height: normal; background-image: initial; background-position: initial; background-size: initial; background-repeat: initial; background-attachment: initial; background-origin: initial; background-clip: initial;\"><span style=\"font-size: 15.0pt; font-family: Bellefair; mso-fareast-font-family: 'Times New Roman'; color: #333333; mso-fareast-language: DE;\">Ein pers\u00f6nliches Gespr\u00e4ch bei euch zu Hause oder an einem Ort eurer Wahl. Ca. 2 Std.<\/span><\/p><p class=\"MsoNormal\" style=\"margin-bottom: 0.0001pt; line-height: normal; background-image: initial; background-position: initial; background-size: initial; background-repeat: initial; background-attachment: initial; background-origin: initial; background-clip: initial;\"><span style=\"font-size: 15.0pt; font-family: Bellefair; mso-fareast-font-family: 'Times New Roman'; color: #333333; mso-fareast-language: DE;\">Die telefonische und schriftliche Begleitung bei Fragen, W\u00fcnschen und \u00c4ngsten.<\/span><\/p><p class=\"MsoNormal\" style=\"margin-bottom: 0.0001pt; line-height: normal; background-image: initial; background-position: initial; background-size: initial; background-repeat: initial; background-attachment: initial; background-origin: initial; background-clip: initial;\"><span style=\"font-size: 15.0pt; font-family: Bellefair; mso-fareast-font-family: 'Times New Roman'; color: #333333; mso-fareast-language: DE;\">Die Vorbereitung gew\u00fcnschter individueller Rituale.<\/span><\/p><p class=\"MsoNormal\" style=\"margin-bottom: 0.0001pt; line-height: normal; background-image: initial; background-position: initial; background-size: initial; background-repeat: initial; background-attachment: initial; background-origin: initial; background-clip: initial;\"><span style=\"font-size: 15.0pt; font-family: Bellefair; mso-fareast-font-family: 'Times New Roman'; color: #333333; mso-fareast-language: DE;\">Das Ausarbeiten der Notizen und Schreiben der Abschiedsgeschichte.<\/span><\/p><p class=\"MsoNormal\" style=\"margin-bottom: 0.0001pt; line-height: normal; background-image: initial; background-position: initial; background-size: initial; background-repeat: initial; background-attachment: initial; background-origin: initial; background-clip: initial;\"><span style=\"font-size: 15.0pt; font-family: Bellefair; mso-fareast-font-family: 'Times New Roman'; color: #333333; mso-fareast-language: DE;\">Die Begleitung der Trauerfeier Vorort.<\/span><\/p><p>\u00a0<\/p><p class=\"MsoNormal\" style=\"margin-bottom: 0.0001pt; line-height: normal; background-image: initial; background-position: initial; background-size: initial; background-repeat: initial; background-attachment: initial; background-origin: initial; background-clip: initial;\"><span style=\"font-size: 15.0pt; font-family: Bellefair; mso-fareast-font-family: 'Times New Roman'; color: #333333; mso-fareast-language: DE;\">Die Rede als Erinnerungsst\u00fcck in schriftlicher Form.<\/span><\/p>\t\t\t\t\t\t\t\t<\/div>\n\t\t\t\t<\/div>\n\t\t\t\t\t<\/div>\n\t\t<\/div>\n\t\t\t\t\t<\/div>\n\t\t<\/section>\n\t\t\t\t<section class=\"elementor-section elementor-inner-section elementor-element elementor-element-5c10f3c elementor-section-boxed elementor-section-height-default elementor-section-height-default\" data-id=\"5c10f3c\" data-element_type=\"section\" data-e-type=\"section\">\n\t\t\t\t\t\t<div class=\"elementor-container elementor-column-gap-default\">\n\t\t\t\t\t<div class=\"elementor-column elementor-col-50 elementor-inner-column elementor-element elementor-element-c33cb7c\" data-id=\"c33cb7c\" data-element_type=\"column\" data-e-type=\"column\">\n\t\t\t<div class=\"elementor-widget-wrap elementor-element-populated\">\n\t\t\t\t\t\t<div class=\"elementor-element elementor-element-4d7744b elementor-widget elementor-widget-image\" data-id=\"4d7744b\" data-element_type=\"widget\" data-e-type=\"widget\" data-widget_type=\"image.default\">\n\t\t\t\t<div class=\"elementor-widget-container\">\n\t\t\t\t\t\t\t\t\t\t\t\t\t\t\t<img loading=\"lazy\" decoding=\"async\" width=\"768\" height=\"768\" src=\"https:\/\/geschichten-des-abschieds.de\/wp-content\/uploads\/2023\/03\/IMG_20220926_142049_592-768x768.webp\" class=\"attachment-medium_large size-medium_large wp-image-2137\" alt=\"\" srcset=\"https:\/\/geschichten-des-abschieds.de\/wp-content\/uploads\/2023\/03\/IMG_20220926_142049_592-768x768.webp 768w, https:\/\/geschichten-des-abschieds.de\/wp-content\/uploads\/2023\/03\/IMG_20220926_142049_592-e1681398945753-300x300.webp 300w, https:\/\/geschichten-des-abschieds.de\/wp-content\/uploads\/2023\/03\/IMG_20220926_142049_592-1024x1024.webp 1024w, https:\/\/geschichten-des-abschieds.de\/wp-content\/uploads\/2023\/03\/IMG_20220926_142049_592-e1681398945753-150x150.webp 150w, https:\/\/geschichten-des-abschieds.de\/wp-content\/uploads\/2023\/03\/IMG_20220926_142049_592-700x700.webp 700w, https:\/\/geschichten-des-abschieds.de\/wp-content\/uploads\/2023\/03\/IMG_20220926_142049_592-e1681398945753-144x144.webp 144w, https:\/\/geschichten-des-abschieds.de\/wp-content\/uploads\/2023\/03\/IMG_20220926_142049_592-e1681398945753.webp 500w\" sizes=\"(max-width: 768px) 100vw, 768px\" \/>\t\t\t\t\t\t\t\t\t\t\t\t\t\t\t<\/div>\n\t\t\t\t<\/div>\n\t\t\t\t\t<\/div>\n\t\t<\/div>\n\t\t\t\t<div class=\"elementor-column elementor-col-50 elementor-inner-column elementor-element elementor-element-0dfb938\" data-id=\"0dfb938\" data-element_type=\"column\" data-e-type=\"column\">\n\t\t\t<div class=\"elementor-widget-wrap elementor-element-populated\">\n\t\t\t\t\t\t<div class=\"elementor-element elementor-element-fb00330 elementor-widget elementor-widget-heading\" data-id=\"fb00330\" data-element_type=\"widget\" data-e-type=\"widget\" data-widget_type=\"heading.default\">\n\t\t\t\t<div class=\"elementor-widget-container\">\n\t\t\t\t\t<h2 class=\"elementor-heading-title elementor-size-default\">Angebot ii<\/h2>\t\t\t\t<\/div>\n\t\t\t\t<\/div>\n\t\t\t\t<div class=\"elementor-element elementor-element-526c4fe elementor-widget elementor-widget-text-editor\" data-id=\"526c4fe\" data-element_type=\"widget\" data-e-type=\"widget\" data-widget_type=\"text-editor.default\">\n\t\t\t\t<div class=\"elementor-widget-container\">\n\t\t\t\t\t\t\t\t\t<p class=\"MsoNormal\" style=\"margin-bottom: 0.0001pt; line-height: normal; background-image: initial; background-position: initial; background-size: initial; background-repeat: initial; background-attachment: initial; background-origin: initial; background-clip: initial;\"><span style=\"font-size: 15.0pt; font-family: Bellefair; mso-fareast-font-family: 'Times New Roman'; color: #333333; mso-fareast-language: DE;\">Ein oder mehrere pers\u00f6nliche Gespr\u00e4che bei euch zu Hause oder an einem Ort eurer Wahl.<\/span><\/p><p class=\"MsoNormal\" style=\"margin-bottom: 0.0001pt; line-height: normal; background-image: initial; background-position: initial; background-size: initial; background-repeat: initial; background-attachment: initial; background-origin: initial; background-clip: initial;\"><span style=\"font-size: 15.0pt; font-family: Bellefair; mso-fareast-font-family: 'Times New Roman'; color: #333333; mso-fareast-language: DE;\">Die intensive telefonische und schriftliche Begleitung bei Fragen, W\u00fcnschen und \u00c4ngsten.<\/span><\/p><p class=\"MsoNormal\" style=\"margin-bottom: 0.0001pt; line-height: normal; background-image: initial; background-position: initial; background-size: initial; background-repeat: initial; background-attachment: initial; background-origin: initial; background-clip: initial;\"><span style=\"font-size: 15.0pt; font-family: Bellefair; mso-fareast-font-family: 'Times New Roman'; color: #333333; mso-fareast-language: DE;\">Die Vorbereitung gew\u00fcnschter individueller Rituale.<\/span><\/p><p class=\"MsoNormal\" style=\"margin-bottom: 0.0001pt; line-height: normal; background-image: initial; background-position: initial; background-size: initial; background-repeat: initial; background-attachment: initial; background-origin: initial; background-clip: initial;\"><span style=\"font-size: 15.0pt; font-family: Bellefair; mso-fareast-font-family: 'Times New Roman'; color: #333333; mso-fareast-language: DE;\">Das Ausarbeiten der Notizen und Schreiben der Abschiedsgeschichte.<\/span><\/p><p class=\"MsoNormal\" style=\"margin-bottom: 0.0001pt; line-height: normal; background-image: initial; background-position: initial; background-size: initial; background-repeat: initial; background-attachment: initial; background-origin: initial; background-clip: initial;\"><span style=\"font-size: 15.0pt; font-family: Bellefair; mso-fareast-font-family: 'Times New Roman'; color: #333333; mso-fareast-language: DE;\">Die Planung und Begleitung der Trauerfeier Vorort.<\/span><\/p><p>\u00a0<\/p><p class=\"MsoNormal\" style=\"margin-bottom: 0.0001pt; line-height: normal; background-image: initial; background-position: initial; background-size: initial; background-repeat: initial; background-attachment: initial; background-origin: initial; background-clip: initial;\"><span style=\"font-size: 15.0pt; font-family: Bellefair; mso-fareast-font-family: 'Times New Roman'; color: #333333; mso-fareast-language: DE;\">Die Rede als Erinnerungsst\u00fcck in schriftlicher Form.<\/span><\/p>\t\t\t\t\t\t\t\t<\/div>\n\t\t\t\t<\/div>\n\t\t\t\t\t<\/div>\n\t\t<\/div>\n\t\t\t\t\t<\/div>\n\t\t<\/section>\n\t\t\t\t<section class=\"elementor-section elementor-inner-section elementor-element elementor-element-763d368 elementor-section-boxed elementor-section-height-default elementor-section-height-default\" data-id=\"763d368\" data-element_type=\"section\" data-e-type=\"section\">\n\t\t\t\t\t\t<div class=\"elementor-container elementor-column-gap-default\">\n\t\t\t\t\t<div class=\"elementor-column elementor-col-50 elementor-inner-column elementor-element elementor-element-1043e77\" data-id=\"1043e77\" data-element_type=\"column\" data-e-type=\"column\" data-settings=\"{&quot;background_background&quot;:&quot;gradient&quot;}\">\n\t\t\t<div class=\"elementor-widget-wrap elementor-element-populated\">\n\t\t\t\t\t\t<div class=\"elementor-element elementor-element-7260925 elementor-widget elementor-widget-image\" data-id=\"7260925\" data-element_type=\"widget\" data-e-type=\"widget\" data-widget_type=\"image.default\">\n\t\t\t\t<div class=\"elementor-widget-container\">\n\t\t\t\t\t\t\t\t\t\t\t\t\t\t\t<img loading=\"lazy\" decoding=\"async\" width=\"768\" height=\"1024\" src=\"https:\/\/geschichten-des-abschieds.de\/wp-content\/uploads\/2023\/03\/20230113_135748-1-768x1024.jpg\" class=\"attachment-medium_large size-medium_large wp-image-2144\" alt=\"\" srcset=\"https:\/\/geschichten-des-abschieds.de\/wp-content\/uploads\/2023\/03\/20230113_135748-1-768x1024.jpg 768w, https:\/\/geschichten-des-abschieds.de\/wp-content\/uploads\/2023\/03\/20230113_135748-1-scaled-e1681398974413-225x300.jpg 225w, https:\/\/geschichten-des-abschieds.de\/wp-content\/uploads\/2023\/03\/20230113_135748-1-1152x1536.jpg 1152w, https:\/\/geschichten-des-abschieds.de\/wp-content\/uploads\/2023\/03\/20230113_135748-1-1536x2048.jpg 1536w, https:\/\/geschichten-des-abschieds.de\/wp-content\/uploads\/2023\/03\/20230113_135748-1-scaled-e1681398974413.jpg 500w\" sizes=\"(max-width: 768px) 100vw, 768px\" \/>\t\t\t\t\t\t\t\t\t\t\t\t\t\t\t<\/div>\n\t\t\t\t<\/div>\n\t\t\t\t\t<\/div>\n\t\t<\/div>\n\t\t\t\t<div class=\"elementor-column elementor-col-50 elementor-inner-column elementor-element elementor-element-0033fb5\" data-id=\"0033fb5\" data-element_type=\"column\" data-e-type=\"column\">\n\t\t\t<div class=\"elementor-widget-wrap elementor-element-populated\">\n\t\t\t\t\t\t<div class=\"elementor-element elementor-element-6091855 elementor-widget elementor-widget-heading\" data-id=\"6091855\" data-element_type=\"widget\" data-e-type=\"widget\" data-widget_type=\"heading.default\">\n\t\t\t\t<div class=\"elementor-widget-container\">\n\t\t\t\t\t<h2 class=\"elementor-heading-title elementor-size-default\">Angebot iii<\/h2>\t\t\t\t<\/div>\n\t\t\t\t<\/div>\n\t\t\t\t<div class=\"elementor-element elementor-element-60fe550 elementor-widget elementor-widget-text-editor\" data-id=\"60fe550\" data-element_type=\"widget\" data-e-type=\"widget\" data-widget_type=\"text-editor.default\">\n\t\t\t\t<div class=\"elementor-widget-container\">\n\t\t\t\t\t\t\t\t\t<p>Eine Ansprache ohne pers\u00f6nliche Inhalte. Daf\u00fcr mit Herz und W\u00fcrde. Es gibt ein kurzes Telefonat zum Kennenlernen und dann sehen wir uns bei ihrem Abschied. Manchmal ist die Zeit noch nicht gekommen zu sprechen und die offenen Wunden mit allen zu teilen. Manchmal entspricht ein Weniger, auch einfach mehr uns selbst und den Verstorbenen. Das ist vollkommen in Ordnung! Gerne begleite ich sie und schaffe einen tragenden Rahmen mit Worten zu Leben, Tod und Abschied, gehe in die Tiefe, ohne pers\u00f6nlich zu werden. Gerne \u00fcbernehme ich auch das Abspielen eines Lieblingsmusikst\u00fccks f\u00fcr sie oder begleite sie achtsam und sensibel in Stille.<\/p>\n<p>Jede ihrer Entscheidungen hat eine Berechtigung und ist gut. Ein Abschied ist dann sch\u00f6n und w\u00fcrdevoll, wenn er von Herzen kommt.<\/p>\t\t\t\t\t\t\t\t<\/div>\n\t\t\t\t<\/div>\n\t\t\t\t\t<\/div>\n\t\t<\/div>\n\t\t\t\t\t<\/div>\n\t\t<\/section>\n\t\t\t\t<section class=\"elementor-section elementor-inner-section elementor-element elementor-element-ad059ba elementor-section-boxed elementor-section-height-default elementor-section-height-default\" data-id=\"ad059ba\" data-element_type=\"section\" data-e-type=\"section\">\n\t\t\t\t\t\t<div class=\"elementor-container elementor-column-gap-default\">\n\t\t\t\t\t<div class=\"elementor-column elementor-col-50 elementor-inner-column elementor-element elementor-element-eeb442f\" data-id=\"eeb442f\" data-element_type=\"column\" data-e-type=\"column\">\n\t\t\t<div class=\"elementor-widget-wrap elementor-element-populated\">\n\t\t\t\t\t\t<div class=\"elementor-element elementor-element-b710bb7 elementor-widget elementor-widget-heading\" data-id=\"b710bb7\" data-element_type=\"widget\" data-e-type=\"widget\" data-widget_type=\"heading.default\">\n\t\t\t\t<div class=\"elementor-widget-container\">\n\t\t\t\t\t<h2 class=\"elementor-heading-title elementor-size-default\">Seebestattung<\/h2>\t\t\t\t<\/div>\n\t\t\t\t<\/div>\n\t\t\t\t<div class=\"elementor-element elementor-element-843e56d elementor-widget elementor-widget-text-editor\" data-id=\"843e56d\" data-element_type=\"widget\" data-e-type=\"widget\" data-widget_type=\"text-editor.default\">\n\t\t\t\t<div class=\"elementor-widget-container\">\n\t\t\t\t\t\t\t\t\t<p><span style=\"font-style: italic;\">Wenn es soweit ist, dann bringt mich zur See.<\/span><span style=\"color: var( --e-global-color-text );\"><br \/><\/span><\/p><p><span style=\"color: var( --e-global-color-text );\">Der Wunsch vieler, den wir gerne erf\u00fcllen. Gerne stehe ich ihnen beratend zur Seite und begleite sie an Bord vom Hafen ihrer Wahl und bringe alle technischen Ger\u00e4te mit, um einen reibungslosen Ablauf sicherzustellen. Auf der Hinfahrt haben wir genug Raum f\u00fcr ein Abschiedsfest nach ihren W\u00fcnschen, die R\u00fcckfahrt bietet sich an zur Einkehr, Kaffee und Leckereien im privaten Rahmen.<\/span><\/p><p>Ganz traditionell werden die letzten Worte stets vom Kapit\u00e4n gesprochen, und die See sorgt f\u00fcr eine Atmosph\u00e4re, die auf direktem Wege im Herzen Heimat findet.<\/p>\t\t\t\t\t\t\t\t<\/div>\n\t\t\t\t<\/div>\n\t\t\t\t\t<\/div>\n\t\t<\/div>\n\t\t\t\t<div class=\"elementor-column elementor-col-50 elementor-inner-column elementor-element elementor-element-0f70c28\" data-id=\"0f70c28\" data-element_type=\"column\" data-e-type=\"column\">\n\t\t\t<div class=\"elementor-widget-wrap elementor-element-populated\">\n\t\t\t\t\t\t<div class=\"elementor-element elementor-element-d71d6a8 elementor-widget elementor-widget-image\" data-id=\"d71d6a8\" data-element_type=\"widget\" data-e-type=\"widget\" data-widget_type=\"image.default\">\n\t\t\t\t<div class=\"elementor-widget-container\">\n\t\t\t\t\t\t\t\t\t\t\t\t\t\t\t<img loading=\"lazy\" decoding=\"async\" width=\"768\" height=\"650\" src=\"https:\/\/geschichten-des-abschieds.de\/wp-content\/uploads\/2023\/03\/20220730_114611-768x650.jpg\" class=\"attachment-medium_large size-medium_large wp-image-2153\" alt=\"\" srcset=\"https:\/\/geschichten-des-abschieds.de\/wp-content\/uploads\/2023\/03\/20220730_114611-768x650.jpg 768w, https:\/\/geschichten-des-abschieds.de\/wp-content\/uploads\/2023\/03\/20220730_114611-scaled-e1681399026154-300x254.jpg 300w, https:\/\/geschichten-des-abschieds.de\/wp-content\/uploads\/2023\/03\/20220730_114611-1024x866.jpg 1024w, https:\/\/geschichten-des-abschieds.de\/wp-content\/uploads\/2023\/03\/20220730_114611-1536x1299.jpg 1536w, https:\/\/geschichten-des-abschieds.de\/wp-content\/uploads\/2023\/03\/20220730_114611-2048x1732.jpg 2048w, https:\/\/geschichten-des-abschieds.de\/wp-content\/uploads\/2023\/03\/20220730_114611-scaled-e1681399026154.jpg 500w\" sizes=\"(max-width: 768px) 100vw, 768px\" \/>\t\t\t\t\t\t\t\t\t\t\t\t\t\t\t<\/div>\n\t\t\t\t<\/div>\n\t\t\t\t\t<\/div>\n\t\t<\/div>\n\t\t\t\t\t<\/div>\n\t\t<\/section>\n\t\t\t\t<section class=\"elementor-section elementor-inner-section elementor-element elementor-element-bef2c47 elementor-section-boxed elementor-section-height-default elementor-section-height-default\" data-id=\"bef2c47\" data-element_type=\"section\" data-e-type=\"section\">\n\t\t\t\t\t\t<div class=\"elementor-container elementor-column-gap-default\">\n\t\t\t\t\t<div class=\"elementor-column elementor-col-50 elementor-inner-column elementor-element elementor-element-3476c0b\" data-id=\"3476c0b\" data-element_type=\"column\" data-e-type=\"column\">\n\t\t\t<div class=\"elementor-widget-wrap elementor-element-populated\">\n\t\t\t\t\t\t<div class=\"elementor-element elementor-element-b404d0d elementor-widget elementor-widget-heading\" data-id=\"b404d0d\" data-element_type=\"widget\" data-e-type=\"widget\" data-widget_type=\"heading.default\">\n\t\t\t\t<div class=\"elementor-widget-container\">\n\t\t\t\t\t<h2 class=\"elementor-heading-title elementor-size-default\">Friedwald<\/h2>\t\t\t\t<\/div>\n\t\t\t\t<\/div>\n\t\t\t\t<div class=\"elementor-element elementor-element-3404b0e elementor-widget elementor-widget-text-editor\" data-id=\"3404b0e\" data-element_type=\"widget\" data-e-type=\"widget\" data-widget_type=\"text-editor.default\">\n\t\t\t\t<div class=\"elementor-widget-container\">\n\t\t\t\t\t\t\t\t\t<p><span style=\"color: var( --e-global-color-text );\"><i>Ein Wald kann Frieden schenken.&nbsp;<\/i><\/span><span style=\"color: rgb(51, 51, 51); font-family: Bellefair; font-size: 15pt;\">Denen, die hier ihre neue Heimat finden, aber auch uns auf den Wegen der Trauer und des Lebens. Selbstverst\u00e4ndlich begleite ich sie auch zu ihrem Abschied in den Wald und sorge f\u00fcr einen reibungslosen Ablauf und ben\u00f6tigte Technik. Die meisten Friedw\u00e4lder haben inzwischen sch\u00f6ne Andachtspl\u00e4tze und Abschiedsworte f\u00fcr Sie und ihre G\u00e4ste und der Wald h\u00e4lt sein Dach sch\u00fctzend \u00fcber uns.<\/span><\/p>\n<p style=\"margin-bottom: 0.0001pt; line-height: normal; background-image: initial; background-position: initial; background-size: initial; background-repeat: initial; background-attachment: initial; background-origin: initial; background-clip: initial;\">\n<\/p><p style=\"margin-bottom: 0.0001pt; line-height: normal; background-image: initial; background-position: initial; background-size: initial; background-repeat: initial; background-attachment: initial; background-origin: initial; background-clip: initial;\"><span style=\"font-size: 15.0pt; font-family: Bellefair; mso-fareast-font-family: 'Times New Roman'; color: #333333; mso-fareast-language: DE;\">Vergessen sie aber nicht, dass bei der Wahl der Trauerkleidung im Freien vor allem auch die Funktionalit\u00e4t wichtig ist. Die N\u00e4he zu Natur ist heilsam, aber manchmal auch rau. Denken sie an festes Schuhwerk und vern\u00fcnftige Kleidung f\u00fcr Regen und Wetter.<\/span><\/p>\t\t\t\t\t\t\t\t<\/div>\n\t\t\t\t<\/div>\n\t\t\t\t\t<\/div>\n\t\t<\/div>\n\t\t\t\t<div class=\"elementor-column elementor-col-50 elementor-inner-column elementor-element elementor-element-460856d\" data-id=\"460856d\" data-element_type=\"column\" data-e-type=\"column\">\n\t\t\t<div class=\"elementor-widget-wrap elementor-element-populated\">\n\t\t\t\t\t\t<div class=\"elementor-element elementor-element-0b693e0 elementor-widget elementor-widget-image\" data-id=\"0b693e0\" data-element_type=\"widget\" data-e-type=\"widget\" data-widget_type=\"image.default\">\n\t\t\t\t<div class=\"elementor-widget-container\">\n\t\t\t\t\t\t\t\t\t\t\t\t\t\t\t<img loading=\"lazy\" decoding=\"async\" width=\"768\" height=\"768\" src=\"https:\/\/geschichten-des-abschieds.de\/wp-content\/uploads\/2023\/03\/IMG_20221105_163614_690-768x768.webp\" class=\"attachment-medium_large size-medium_large wp-image-2155\" alt=\"\" srcset=\"https:\/\/geschichten-des-abschieds.de\/wp-content\/uploads\/2023\/03\/IMG_20221105_163614_690-768x768.webp 768w, https:\/\/geschichten-des-abschieds.de\/wp-content\/uploads\/2023\/03\/IMG_20221105_163614_690-e1681399055328-300x300.webp 300w, https:\/\/geschichten-des-abschieds.de\/wp-content\/uploads\/2023\/03\/IMG_20221105_163614_690-1024x1024.webp 1024w, https:\/\/geschichten-des-abschieds.de\/wp-content\/uploads\/2023\/03\/IMG_20221105_163614_690-e1681399055328-150x150.webp 150w, https:\/\/geschichten-des-abschieds.de\/wp-content\/uploads\/2023\/03\/IMG_20221105_163614_690-700x700.webp 700w, https:\/\/geschichten-des-abschieds.de\/wp-content\/uploads\/2023\/03\/IMG_20221105_163614_690-e1681399055328-144x144.webp 144w, https:\/\/geschichten-des-abschieds.de\/wp-content\/uploads\/2023\/03\/IMG_20221105_163614_690-e1681399055328.webp 500w\" sizes=\"(max-width: 768px) 100vw, 768px\" \/>\t\t\t\t\t\t\t\t\t\t\t\t\t\t\t<\/div>\n\t\t\t\t<\/div>\n\t\t\t\t\t<\/div>\n\t\t<\/div>\n\t\t\t\t\t<\/div>\n\t\t<\/section>\n\t\t\t\t<section class=\"elementor-section elementor-inner-section elementor-element elementor-element-17db955 elementor-section-boxed elementor-section-height-default elementor-section-height-default\" data-id=\"17db955\" data-element_type=\"section\" data-e-type=\"section\">\n\t\t\t\t\t\t<div class=\"elementor-container elementor-column-gap-default\">\n\t\t\t\t\t<div class=\"elementor-column elementor-col-50 elementor-inner-column elementor-element elementor-element-ac3dcbc\" data-id=\"ac3dcbc\" data-element_type=\"column\" data-e-type=\"column\">\n\t\t\t<div class=\"elementor-widget-wrap elementor-element-populated\">\n\t\t\t\t\t\t<div class=\"elementor-element elementor-element-72ec196 elementor-widget elementor-widget-heading\" data-id=\"72ec196\" data-element_type=\"widget\" data-e-type=\"widget\" data-widget_type=\"heading.default\">\n\t\t\t\t<div class=\"elementor-widget-container\">\n\t\t\t\t\t<h2 class=\"elementor-heading-title elementor-size-default\">freie Orte<\/h2>\t\t\t\t<\/div>\n\t\t\t\t<\/div>\n\t\t\t\t<div class=\"elementor-element elementor-element-5e0b425 elementor-widget elementor-widget-text-editor\" data-id=\"5e0b425\" data-element_type=\"widget\" data-e-type=\"widget\" data-widget_type=\"text-editor.default\">\n\t\t\t\t<div class=\"elementor-widget-container\">\n\t\t\t\t\t\t\t\t\t<p class=\"MsoNormal\" style=\"margin-bottom: 0.0001pt; line-height: normal; background-image: initial; background-position: initial; background-size: initial; background-repeat: initial; background-attachment: initial; background-origin: initial; background-clip: initial;\"><span style=\"font-size: 15.0pt; font-family: Bellefair; mso-fareast-font-family: 'Times New Roman'; color: #333333; mso-fareast-language: DE;\">Friedhofskapellen, Feierhallen der Bestattungsinstitute, Friedw\u00e4lder und an Bord sind die klassischen Orte f\u00fcr eine Trauerfeier. Aber das bedeutet nicht, dass sie die einzigen M\u00f6glichkeiten sind. Eine Trauerfeier im eigenen Garten, in der Lieblingslokalit\u00e4t oder in der Natur kann sehr besonders und sch\u00f6n sein und schenkt vor allem sehr viel Freiheit in der Planung und der Umsetzung von W\u00fcnschen. Es ist meist viel mehr m\u00f6glich als gedacht und in Absprache und Kooperation mit den Anbietern ihrer Wahl k\u00f6nnen wie vieles m\u00f6glich machen. <\/span><\/p><p>\u00a0<\/p><p class=\"MsoNormal\" style=\"margin-bottom: 0.0001pt; line-height: normal; background-image: initial; background-position: initial; background-size: initial; background-repeat: initial; background-attachment: initial; background-origin: initial; background-clip: initial;\"><span style=\"font-size: 15.0pt; font-family: Bellefair; mso-fareast-font-family: 'Times New Roman'; color: #333333; mso-fareast-language: DE;\">Gerne berate und begleite ich sie bei der Organisation und Durchf\u00fchrung ihrer Wunschfeier auch an unterschiedlichen Orten, damit ihre Feier eine sch\u00f6ne Erinnerung werden kann, die tr\u00e4gt.<\/span><\/p>\t\t\t\t\t\t\t\t<\/div>\n\t\t\t\t<\/div>\n\t\t\t\t\t<\/div>\n\t\t<\/div>\n\t\t\t\t<div class=\"elementor-column elementor-col-50 elementor-inner-column elementor-element elementor-element-a62ca4c\" data-id=\"a62ca4c\" data-element_type=\"column\" data-e-type=\"column\">\n\t\t\t<div class=\"elementor-widget-wrap elementor-element-populated\">\n\t\t\t\t\t\t<div class=\"elementor-element elementor-element-a6242be elementor-widget elementor-widget-image\" data-id=\"a6242be\" data-element_type=\"widget\" data-e-type=\"widget\" data-widget_type=\"image.default\">\n\t\t\t\t<div class=\"elementor-widget-container\">\n\t\t\t\t\t\t\t\t\t\t\t\t\t\t\t<img loading=\"lazy\" decoding=\"async\" width=\"768\" height=\"768\" src=\"https:\/\/geschichten-des-abschieds.de\/wp-content\/uploads\/2023\/03\/20220517_132443-768x768.jpg\" class=\"attachment-medium_large size-medium_large wp-image-2159\" alt=\"\" srcset=\"https:\/\/geschichten-des-abschieds.de\/wp-content\/uploads\/2023\/03\/20220517_132443-768x768.jpg 768w, https:\/\/geschichten-des-abschieds.de\/wp-content\/uploads\/2023\/03\/20220517_132443-scaled-e1681399081445-300x300.jpg 300w, https:\/\/geschichten-des-abschieds.de\/wp-content\/uploads\/2023\/03\/20220517_132443-1024x1024.jpg 1024w, https:\/\/geschichten-des-abschieds.de\/wp-content\/uploads\/2023\/03\/20220517_132443-scaled-e1681399081445-150x150.jpg 150w, https:\/\/geschichten-des-abschieds.de\/wp-content\/uploads\/2023\/03\/20220517_132443-1536x1536.jpg 1536w, https:\/\/geschichten-des-abschieds.de\/wp-content\/uploads\/2023\/03\/20220517_132443-2048x2048.jpg 2048w, https:\/\/geschichten-des-abschieds.de\/wp-content\/uploads\/2023\/03\/20220517_132443-700x700.jpg 700w, https:\/\/geschichten-des-abschieds.de\/wp-content\/uploads\/2023\/03\/20220517_132443-scaled-e1681399081445-144x144.jpg 144w, https:\/\/geschichten-des-abschieds.de\/wp-content\/uploads\/2023\/03\/20220517_132443-scaled-e1681399081445.jpg 500w\" sizes=\"(max-width: 768px) 100vw, 768px\" \/>\t\t\t\t\t\t\t\t\t\t\t\t\t\t\t<\/div>\n\t\t\t\t<\/div>\n\t\t\t\t\t<\/div>\n\t\t<\/div>\n\t\t\t\t\t<\/div>\n\t\t<\/section>\n\t\t\t\t<section class=\"elementor-section elementor-inner-section elementor-element elementor-element-d346cff elementor-section-boxed elementor-section-height-default elementor-section-height-default\" data-id=\"d346cff\" data-element_type=\"section\" data-e-type=\"section\">\n\t\t\t\t\t\t<div class=\"elementor-container elementor-column-gap-default\">\n\t\t\t\t\t<div class=\"elementor-column elementor-col-50 elementor-inner-column elementor-element elementor-element-03a5e3c\" data-id=\"03a5e3c\" data-element_type=\"column\" data-e-type=\"column\">\n\t\t\t<div class=\"elementor-widget-wrap elementor-element-populated\">\n\t\t\t\t\t\t<div class=\"elementor-element elementor-element-73718ec elementor-widget elementor-widget-image\" data-id=\"73718ec\" data-element_type=\"widget\" data-e-type=\"widget\" data-widget_type=\"image.default\">\n\t\t\t\t<div class=\"elementor-widget-container\">\n\t\t\t\t\t\t\t\t\t\t\t\t\t\t\t<img loading=\"lazy\" decoding=\"async\" width=\"1024\" height=\"1024\" src=\"https:\/\/geschichten-des-abschieds.de\/wp-content\/uploads\/2023\/03\/IMG_20220731_204714_741-1024x1024.webp\" class=\"attachment-large size-large wp-image-2161\" alt=\"\" srcset=\"https:\/\/geschichten-des-abschieds.de\/wp-content\/uploads\/2023\/03\/IMG_20220731_204714_741-1024x1024.webp 1024w, https:\/\/geschichten-des-abschieds.de\/wp-content\/uploads\/2023\/03\/IMG_20220731_204714_741-e1681399099395-300x300.webp 300w, https:\/\/geschichten-des-abschieds.de\/wp-content\/uploads\/2023\/03\/IMG_20220731_204714_741-e1681399099395-150x150.webp 150w, https:\/\/geschichten-des-abschieds.de\/wp-content\/uploads\/2023\/03\/IMG_20220731_204714_741-768x768.webp 768w, https:\/\/geschichten-des-abschieds.de\/wp-content\/uploads\/2023\/03\/IMG_20220731_204714_741-700x700.webp 700w, https:\/\/geschichten-des-abschieds.de\/wp-content\/uploads\/2023\/03\/IMG_20220731_204714_741-e1681399099395-144x144.webp 144w, https:\/\/geschichten-des-abschieds.de\/wp-content\/uploads\/2023\/03\/IMG_20220731_204714_741-e1681399099395.webp 500w\" sizes=\"(max-width: 1024px) 100vw, 1024px\" \/>\t\t\t\t\t\t\t\t\t\t\t\t\t\t\t<\/div>\n\t\t\t\t<\/div>\n\t\t\t\t\t<\/div>\n\t\t<\/div>\n\t\t\t\t<div class=\"elementor-column elementor-col-50 elementor-inner-column elementor-element elementor-element-2c78353\" data-id=\"2c78353\" data-element_type=\"column\" data-e-type=\"column\">\n\t\t\t<div class=\"elementor-widget-wrap elementor-element-populated\">\n\t\t\t\t\t\t<div class=\"elementor-element elementor-element-a75c376 elementor-widget elementor-widget-heading\" data-id=\"a75c376\" data-element_type=\"widget\" data-e-type=\"widget\" data-widget_type=\"heading.default\">\n\t\t\t\t<div class=\"elementor-widget-container\">\n\t\t\t\t\t<h2 class=\"elementor-heading-title elementor-size-default\">Erinnerungsfeste, jubil\u00e4en, verwaiste geburtstage und feiertage<\/h2>\t\t\t\t<\/div>\n\t\t\t\t<\/div>\n\t\t\t\t<div class=\"elementor-element elementor-element-0def84c elementor-widget elementor-widget-text-editor\" data-id=\"0def84c\" data-element_type=\"widget\" data-e-type=\"widget\" data-widget_type=\"text-editor.default\">\n\t\t\t\t<div class=\"elementor-widget-container\">\n\t\t\t\t\t\t\t\t\t<p class=\"MsoNormal\" style=\"margin-bottom: 0.0001pt; line-height: normal; background-image: initial; background-position: initial; background-size: initial; background-repeat: initial; background-attachment: initial; background-origin: initial; background-clip: initial;\"><span style=\"color: #333333; font-family: Bellefair; font-size: 15pt;\">Abschiednehmen ist ein Prozess und die Trauer wird uns begleiten, nicht bis sie nicht mehr ist, sondern bis wir nicht mehr sind. Sie ist ein Teil von uns. Sie ver\u00e4ndert sich, wie alles einer Wandlung unterliegt, aber nicht gradlinig und planbar. Auch wir ver\u00e4ndern uns. Und das darf so sein. Das Ziel der Trauer ist nicht, sie erfolgreich abzuschlie\u00dfen, sondern Schritt f\u00fcr Schritt in ein neues Gleichgewicht zu kommen, vom \u00dcberleben ins Leben zu treten und sich selbst wieder zu bewohnen. Unsere Liebsten, die gestorben sind, in diesem Prozess freizulassen, nicht loszulassen.<\/span><\/p><p class=\"MsoNormal\" style=\"margin-bottom: 0.0001pt; line-height: normal; background-image: initial; background-position: initial; background-size: initial; background-repeat: initial; background-attachment: initial; background-origin: initial; background-clip: initial;\"><span style=\"font-size: 15.0pt; font-family: Bellefair; mso-fareast-font-family: 'Times New Roman'; color: #333333; mso-fareast-language: DE;\">Denn Liebe, die frei ist, w\u00e4chst und die Beziehung zu ihnen ist zwar ver\u00e4ndert, aber nicht verschwunden.<\/span><\/p><p class=\"MsoNormal\" style=\"margin-bottom: 0.0001pt; line-height: normal; background-image: initial; background-position: initial; background-size: initial; background-repeat: initial; background-attachment: initial; background-origin: initial; background-clip: initial;\"><span style=\"font-size: 15.0pt; font-family: Bellefair; mso-fareast-font-family: 'Times New Roman'; color: #333333; mso-fareast-language: DE;\">Todestage, Geburtstage, Jubil\u00e4en, Feiertage, der Tag der Beerdigung, all das sind Zeiten, in denen das Vermissen, der Schmerz und der Verlust sehr intensiv werden k\u00f6nnen. Nun gilt es Wege zu finden, unsere Wunden m\u00f6glichst sensibel zu pflegen, ohne Neue aufzurei\u00dfen. <\/span><\/p><p class=\"MsoNormal\" style=\"margin-bottom: 0.0001pt; line-height: normal; background-image: initial; background-position: initial; background-size: initial; background-repeat: initial; background-attachment: initial; background-origin: initial; background-clip: initial;\"><span style=\"font-size: 15.0pt; font-family: Bellefair; mso-fareast-font-family: 'Times New Roman'; color: #333333; mso-fareast-language: DE;\">Augen zu und durch ist ein Weg aber vielleicht nicht der Beste. Wenn die Gedanken, das Erinnern und Vermissen heimlich sowieso den meisten Raum in uns beanspruchen, wieso nicht zulassen und ganz bewusst gestalten?<\/span><\/p><p class=\"MsoNormal\" style=\"margin-bottom: 0.0001pt; line-height: normal; background-image: initial; background-position: initial; background-size: initial; background-repeat: initial; background-attachment: initial; background-origin: initial; background-clip: initial;\"><span style=\"font-size: 15.0pt; font-family: Bellefair; mso-fareast-font-family: 'Times New Roman'; color: #333333; mso-fareast-language: DE;\">Ein liebevolles Ritual, ein Erinnerungsfest, eine sensible Begleitung an schweren Tagen. Ein Aufleben lassen der Verbundenheit anstatt eins Wegdr\u00e4ngens des Schmerzes und somit auch der Liebe sind mutige, aber wohltuende Alternativen.<\/span><\/p><p>\u00a0<\/p><p class=\"MsoNormal\" style=\"margin-bottom: 0.0001pt; line-height: normal; background-image: initial; background-position: initial; background-size: initial; background-repeat: initial; background-attachment: initial; background-origin: initial; background-clip: initial;\"><span style=\"font-size: 15.0pt; font-family: Bellefair; mso-fareast-font-family: 'Times New Roman'; color: #333333; mso-fareast-language: DE;\">Gerne begleite ich sie hin zu einer lebendigen Erinnerung, einer heilsamen N\u00e4he und der Suche nach Wegen, die f\u00fcr sie stimmig und sch\u00f6n sind.<\/span><\/p>\t\t\t\t\t\t\t\t<\/div>\n\t\t\t\t<\/div>\n\t\t\t\t\t<\/div>\n\t\t<\/div>\n\t\t\t\t\t<\/div>\n\t\t<\/section>\n\t\t\t\t<section class=\"elementor-section elementor-inner-section elementor-element elementor-element-d102651 elementor-section-boxed elementor-section-height-default elementor-section-height-default\" data-id=\"d102651\" data-element_type=\"section\" data-e-type=\"section\">\n\t\t\t\t\t\t<div class=\"elementor-container elementor-column-gap-default\">\n\t\t\t\t\t<div class=\"elementor-column elementor-col-50 elementor-inner-column elementor-element elementor-element-1173ae9\" data-id=\"1173ae9\" data-element_type=\"column\" data-e-type=\"column\">\n\t\t\t<div class=\"elementor-widget-wrap elementor-element-populated\">\n\t\t\t\t\t\t<div class=\"elementor-element elementor-element-e07601b elementor-widget elementor-widget-heading\" data-id=\"e07601b\" data-element_type=\"widget\" data-e-type=\"widget\" data-widget_type=\"heading.default\">\n\t\t\t\t<div class=\"elementor-widget-container\">\n\t\t\t\t\t<h2 class=\"elementor-heading-title elementor-size-default\">weltliche aussegnung<\/h2>\t\t\t\t<\/div>\n\t\t\t\t<\/div>\n\t\t\t\t<div class=\"elementor-element elementor-element-920fc8e elementor-widget elementor-widget-text-editor\" data-id=\"920fc8e\" data-element_type=\"widget\" data-e-type=\"widget\" data-widget_type=\"text-editor.default\">\n\t\t\t\t<div class=\"elementor-widget-container\">\n\t\t\t\t\t\t\t\t\t<p class=\"MsoNormal\" style=\"margin-bottom: 0.0001pt; line-height: normal; background-image: initial; background-position: initial; background-size: initial; background-repeat: initial; background-attachment: initial; background-origin: initial; background-clip: initial;\"><span style=\"font-size: 15.0pt; font-family: Bellefair; mso-fareast-font-family: 'Times New Roman'; color: #333333; mso-fareast-language: DE;\">Im religi\u00f6sen Kontext ist die Aussegnung ein Ritual mit Gebeten, Handlungen und Liedern am Totenbett, um der Seele den \u00dcbergang zu erleichtern. Zus\u00e4tzlich schaffen sie auch f\u00fcr die N\u00e4chsten einen liebevollen Raum, den Abschied zu begreifen und eine Chance, ganz aktiv zum Wohle der Verstorbenen zu wirken. Gesten dieser Art sind vom h\u00f6chsten Wert f\u00fcr alle Beteiligten und verm\u00f6gen es nachhaltig Frieden in die Herzen zu tragen.<\/span><\/p><p class=\"MsoNormal\" style=\"margin-bottom: 0.0001pt; line-height: normal; background-image: initial; background-position: initial; background-size: initial; background-repeat: initial; background-attachment: initial; background-origin: initial; background-clip: initial;\"><span style=\"font-size: 15.0pt; font-family: Bellefair; mso-fareast-font-family: 'Times New Roman'; color: #333333; mso-fareast-language: DE;\">Wir m\u00fcssen keiner Religion zugeh\u00f6rig sein, um an K\u00f6rper, Geist und Seele zu glauben. Daher habe ich einen Rahmen entwickelt, der f\u00fcr alle Menschen gleich wirksam werden kann. Rituale, Lieder und Worte, die befreit von Konfession vielmehr dem Kern und den individuellen und unmittelbaren Gedanken und Gef\u00fchle in \u00dcbergangsprozessen Raum geben und Ausdruck verleihen.<\/span><\/p><p class=\"MsoNormal\" style=\"margin-bottom: 0.0001pt; line-height: normal; background-image: initial; background-position: initial; background-size: initial; background-repeat: initial; background-attachment: initial; background-origin: initial; background-clip: initial;\"><span style=\"font-size: 15.0pt; font-family: Bellefair; mso-fareast-font-family: 'Times New Roman'; color: #333333; mso-fareast-language: DE;\">Gleicherma\u00dfen gibt es gen\u00fcgend Raum f\u00fcr ganz eigene, individuelle W\u00fcnsche und Momente. <\/span><\/p><p>\u00a0<\/p><p class=\"MsoNormal\" style=\"margin-bottom: 0.0001pt; line-height: normal; background-image: initial; background-position: initial; background-size: initial; background-repeat: initial; background-attachment: initial; background-origin: initial; background-clip: initial;\"><span style=\"font-size: 15.0pt; font-family: Bellefair; mso-fareast-font-family: 'Times New Roman'; color: #333333; mso-fareast-language: DE;\">Der Tod eines geliebten Menschen setzt meist unmittelbar eine kaum aufzuhaltende Handlungskette und ein gro\u00dfes Ma\u00df an organisatorischen und b\u00fcrokratischen Stress in Gang. Das von mir entwickelte Ritual schenkt einen Moment der Ruhe miteinander, der Einkehr und Segnung, bevor die Welt sich wieder zu drehen beginnt.<\/span><\/p>\t\t\t\t\t\t\t\t<\/div>\n\t\t\t\t<\/div>\n\t\t\t\t\t<\/div>\n\t\t<\/div>\n\t\t\t\t<div class=\"elementor-column elementor-col-50 elementor-inner-column elementor-element elementor-element-5e5d892\" data-id=\"5e5d892\" data-element_type=\"column\" data-e-type=\"column\">\n\t\t\t<div class=\"elementor-widget-wrap elementor-element-populated\">\n\t\t\t\t\t\t<div class=\"elementor-element elementor-element-7b2014e elementor-widget elementor-widget-image\" data-id=\"7b2014e\" data-element_type=\"widget\" data-e-type=\"widget\" data-widget_type=\"image.default\">\n\t\t\t\t<div class=\"elementor-widget-container\">\n\t\t\t\t\t\t\t\t\t\t\t\t\t\t\t<img loading=\"lazy\" decoding=\"async\" width=\"1024\" height=\"1024\" src=\"https:\/\/geschichten-des-abschieds.de\/wp-content\/uploads\/2022\/07\/Schleierkraut-mit-Schatten-1024x1024.jpg\" class=\"attachment-large size-large wp-image-2046\" alt=\"\" srcset=\"https:\/\/geschichten-des-abschieds.de\/wp-content\/uploads\/2022\/07\/Schleierkraut-mit-Schatten-1024x1024.jpg 1024w, https:\/\/geschichten-des-abschieds.de\/wp-content\/uploads\/2022\/07\/Schleierkraut-mit-Schatten-scaled-e1681399120139-300x300.jpg 300w, https:\/\/geschichten-des-abschieds.de\/wp-content\/uploads\/2022\/07\/Schleierkraut-mit-Schatten-scaled-e1681399120139-150x150.jpg 150w, https:\/\/geschichten-des-abschieds.de\/wp-content\/uploads\/2022\/07\/Schleierkraut-mit-Schatten-768x768.jpg 768w, https:\/\/geschichten-des-abschieds.de\/wp-content\/uploads\/2022\/07\/Schleierkraut-mit-Schatten-1536x1536.jpg 1536w, https:\/\/geschichten-des-abschieds.de\/wp-content\/uploads\/2022\/07\/Schleierkraut-mit-Schatten-2048x2048.jpg 2048w, https:\/\/geschichten-des-abschieds.de\/wp-content\/uploads\/2022\/07\/Schleierkraut-mit-Schatten-700x700.jpg 700w, https:\/\/geschichten-des-abschieds.de\/wp-content\/uploads\/2022\/07\/Schleierkraut-mit-Schatten-scaled-e1681399120139-144x144.jpg 144w, https:\/\/geschichten-des-abschieds.de\/wp-content\/uploads\/2022\/07\/Schleierkraut-mit-Schatten-scaled-e1681399120139.jpg 500w\" sizes=\"(max-width: 1024px) 100vw, 1024px\" \/>\t\t\t\t\t\t\t\t\t\t\t\t\t\t\t<\/div>\n\t\t\t\t<\/div>\n\t\t\t\t\t<\/div>\n\t\t<\/div>\n\t\t\t\t\t<\/div>\n\t\t<\/section>\n\t\t\t\t<section class=\"elementor-section elementor-inner-section elementor-element elementor-element-e59c170 elementor-section-boxed elementor-section-height-default elementor-section-height-default\" data-id=\"e59c170\" data-element_type=\"section\" data-e-type=\"section\">\n\t\t\t\t\t\t<div class=\"elementor-container elementor-column-gap-default\">\n\t\t\t\t\t<div class=\"elementor-column elementor-col-50 elementor-inner-column elementor-element elementor-element-f0f3c7a\" data-id=\"f0f3c7a\" data-element_type=\"column\" data-e-type=\"column\">\n\t\t\t<div class=\"elementor-widget-wrap elementor-element-populated\">\n\t\t\t\t\t\t<div class=\"elementor-element elementor-element-cc42e1e elementor-widget elementor-widget-heading\" data-id=\"cc42e1e\" data-element_type=\"widget\" data-e-type=\"widget\" data-widget_type=\"heading.default\">\n\t\t\t\t<div class=\"elementor-widget-container\">\n\t\t\t\t\t<h2 class=\"elementor-heading-title elementor-size-default\">Texterin<\/h2>\t\t\t\t<\/div>\n\t\t\t\t<\/div>\n\t\t\t\t<div class=\"elementor-element elementor-element-b3bcdba elementor-widget elementor-widget-text-editor\" data-id=\"b3bcdba\" data-element_type=\"widget\" data-e-type=\"widget\" data-widget_type=\"text-editor.default\">\n\t\t\t\t<div class=\"elementor-widget-container\">\n\t\t\t\t\t\t\t\t\t<p class=\"MsoNormal\" style=\"margin-bottom: 0.0001pt; line-height: normal; background-image: initial; background-position: initial; background-size: initial; background-repeat: initial; background-attachment: initial; background-origin: initial; background-clip: initial;\"><span style=\"font-size: 15.0pt; font-family: Bellefair; mso-fareast-font-family: 'Times New Roman'; color: #333333; mso-fareast-language: DE;\">Ich liebe die Sprache und die Magie der W\u00f6rter. Meine hohe Sensibilit\u00e4t und Empathieverm\u00f6gen kombiniert mit meinem Talent Gef\u00fchle in Worte zu fassen, nutze ich sehr gerne, um in eurem Namen zu schreiben. Vorab ist ein Gespr\u00e4ch im privaten oder per Telefon oder Zoom n\u00f6tig, damit ich euch eure Geschichte und W\u00fcnsche kennenlernen kann. Dann mache ich mich an die Arbeit und fasse eure Gef\u00fchle in Worte, euer Anliegen in eine Geschichte, finde die richtigen Worte f\u00fcr euch. <\/span><\/p><p>\u00a0<\/p><p class=\"MsoNormal\" style=\"margin-bottom: 0.0001pt; line-height: normal; background-image: initial; background-position: initial; background-size: initial; background-repeat: initial; background-attachment: initial; background-origin: initial; background-clip: initial;\"><span style=\"font-size: 15.0pt; font-family: Bellefair; mso-fareast-font-family: 'Times New Roman'; color: #333333; mso-fareast-language: DE;\">Ganz gleich ob Lebensgeschichte, Rede, individueller Segen, letzte Worte oder Heiratsantrag. Worte sind ein machtvoller und wundersch\u00f6ner Ausdruck f\u00fcr unsere Gef\u00fchle, W\u00fcnsche und Bed\u00fcrfnisse.<\/span><\/p>\t\t\t\t\t\t\t\t<\/div>\n\t\t\t\t<\/div>\n\t\t\t\t\t<\/div>\n\t\t<\/div>\n\t\t\t\t<div class=\"elementor-column elementor-col-50 elementor-inner-column elementor-element elementor-element-87d66bf\" data-id=\"87d66bf\" data-element_type=\"column\" data-e-type=\"column\">\n\t\t\t<div class=\"elementor-widget-wrap elementor-element-populated\">\n\t\t\t\t\t\t<div class=\"elementor-element elementor-element-05fb466 elementor-widget elementor-widget-image\" data-id=\"05fb466\" data-element_type=\"widget\" data-e-type=\"widget\" data-widget_type=\"image.default\">\n\t\t\t\t<div class=\"elementor-widget-container\">\n\t\t\t\t\t\t\t\t\t\t\t\t\t\t\t<img loading=\"lazy\" decoding=\"async\" width=\"768\" height=\"768\" src=\"https:\/\/geschichten-des-abschieds.de\/wp-content\/uploads\/2023\/03\/20220708_103704-768x768.jpg\" class=\"attachment-medium_large size-medium_large wp-image-2163\" alt=\"\" srcset=\"https:\/\/geschichten-des-abschieds.de\/wp-content\/uploads\/2023\/03\/20220708_103704-768x768.jpg 768w, https:\/\/geschichten-des-abschieds.de\/wp-content\/uploads\/2023\/03\/20220708_103704-scaled-e1681399138223-300x300.jpg 300w, https:\/\/geschichten-des-abschieds.de\/wp-content\/uploads\/2023\/03\/20220708_103704-1024x1024.jpg 1024w, https:\/\/geschichten-des-abschieds.de\/wp-content\/uploads\/2023\/03\/20220708_103704-scaled-e1681399138223-150x150.jpg 150w, https:\/\/geschichten-des-abschieds.de\/wp-content\/uploads\/2023\/03\/20220708_103704-1536x1536.jpg 1536w, https:\/\/geschichten-des-abschieds.de\/wp-content\/uploads\/2023\/03\/20220708_103704-2048x2048.jpg 2048w, https:\/\/geschichten-des-abschieds.de\/wp-content\/uploads\/2023\/03\/20220708_103704-700x700.jpg 700w, https:\/\/geschichten-des-abschieds.de\/wp-content\/uploads\/2023\/03\/20220708_103704-scaled-e1681399138223-144x144.jpg 144w, https:\/\/geschichten-des-abschieds.de\/wp-content\/uploads\/2023\/03\/20220708_103704-scaled-e1681399138223.jpg 500w\" sizes=\"(max-width: 768px) 100vw, 768px\" \/>\t\t\t\t\t\t\t\t\t\t\t\t\t\t\t<\/div>\n\t\t\t\t<\/div>\n\t\t\t\t\t<\/div>\n\t\t<\/div>\n\t\t\t\t\t<\/div>\n\t\t<\/section>\n\t\t\t\t<div class=\"elementor-element elementor-element-6bc615d6 elementor-widget elementor-widget-menu-anchor\" data-id=\"6bc615d6\" data-element_type=\"widget\" data-e-type=\"widget\" data-widget_type=\"menu-anchor.default\">\n\t\t\t\t<div class=\"elementor-widget-container\">\n\t\t\t\t\t\t\t<div class=\"elementor-menu-anchor\" id=\"uebermich\"><\/div>\n\t\t\t\t\t\t<\/div>\n\t\t\t\t<\/div>\n\t\t\t\t<div class=\"elementor-element elementor-element-9602b53 elementor-widget elementor-widget-spacer\" data-id=\"9602b53\" data-element_type=\"widget\" data-e-type=\"widget\" data-widget_type=\"spacer.default\">\n\t\t\t\t<div class=\"elementor-widget-container\">\n\t\t\t\t\t\t\t<div class=\"elementor-spacer\">\n\t\t\t<div class=\"elementor-spacer-inner\"><\/div>\n\t\t<\/div>\n\t\t\t\t\t\t<\/div>\n\t\t\t\t<\/div>\n\t\t\t\t<div class=\"elementor-element elementor-element-2472e97c elementor-widget elementor-widget-spacer\" data-id=\"2472e97c\" data-element_type=\"widget\" data-e-type=\"widget\" data-widget_type=\"spacer.default\">\n\t\t\t\t<div class=\"elementor-widget-container\">\n\t\t\t\t\t\t\t<div class=\"elementor-spacer\">\n\t\t\t<div class=\"elementor-spacer-inner\"><\/div>\n\t\t<\/div>\n\t\t\t\t\t\t<\/div>\n\t\t\t\t<\/div>\n\t\t\t\t\t<\/div>\n\t\t<\/div>\n\t\t\t\t\t<\/div>\n\t\t<\/section>\n\t\t\t\t<section class=\"elementor-section elementor-top-section elementor-element elementor-element-c4049e9 elementor-section-boxed elementor-section-height-default elementor-section-height-default\" data-id=\"c4049e9\" data-element_type=\"section\" data-e-type=\"section\">\n\t\t\t\t\t\t<div class=\"elementor-container elementor-column-gap-default\">\n\t\t\t\t\t<div class=\"elementor-column elementor-col-50 elementor-top-column elementor-element elementor-element-cfcb02f\" data-id=\"cfcb02f\" data-element_type=\"column\" data-e-type=\"column\">\n\t\t\t<div class=\"elementor-widget-wrap elementor-element-populated\">\n\t\t\t\t\t\t<div class=\"elementor-element elementor-element-408c982 elementor-widget elementor-widget-image\" data-id=\"408c982\" data-element_type=\"widget\" data-e-type=\"widget\" data-widget_type=\"image.default\">\n\t\t\t\t<div class=\"elementor-widget-container\">\n\t\t\t\t\t\t\t\t\t\t\t\t\t\t\t<img loading=\"lazy\" decoding=\"async\" width=\"768\" height=\"1152\" src=\"https:\/\/geschichten-des-abschieds.de\/wp-content\/uploads\/2021\/10\/IMG_0460-768x1152.jpg\" class=\"attachment-medium_large size-medium_large wp-image-828\" alt=\"\" srcset=\"https:\/\/geschichten-des-abschieds.de\/wp-content\/uploads\/2021\/10\/IMG_0460-768x1152.jpg 768w, https:\/\/geschichten-des-abschieds.de\/wp-content\/uploads\/2021\/10\/IMG_0460-200x300.jpg 200w, https:\/\/geschichten-des-abschieds.de\/wp-content\/uploads\/2021\/10\/IMG_0460-683x1024.jpg 683w, https:\/\/geschichten-des-abschieds.de\/wp-content\/uploads\/2021\/10\/IMG_0460-1024x1536.jpg 1024w, https:\/\/geschichten-des-abschieds.de\/wp-content\/uploads\/2021\/10\/IMG_0460-1365x2048.jpg 1365w, https:\/\/geschichten-des-abschieds.de\/wp-content\/uploads\/2021\/10\/IMG_0460-scaled-e1634902208968.jpg 500w\" sizes=\"(max-width: 768px) 100vw, 768px\" \/>\t\t\t\t\t\t\t\t\t\t\t\t\t\t\t<\/div>\n\t\t\t\t<\/div>\n\t\t\t\t<section class=\"elementor-section elementor-inner-section elementor-element elementor-element-a3a43e8 elementor-section-boxed elementor-section-height-default elementor-section-height-default\" data-id=\"a3a43e8\" data-element_type=\"section\" data-e-type=\"section\" data-settings=\"{&quot;background_background&quot;:&quot;classic&quot;}\">\n\t\t\t\t\t\t<div class=\"elementor-container elementor-column-gap-default\">\n\t\t\t\t\t<div class=\"elementor-column elementor-col-100 elementor-inner-column elementor-element elementor-element-3b70636\" data-id=\"3b70636\" data-element_type=\"column\" data-e-type=\"column\">\n\t\t\t<div class=\"elementor-widget-wrap elementor-element-populated\">\n\t\t\t\t\t\t<div class=\"elementor-element elementor-element-436ebfc elementor-widget elementor-widget-text-editor\" data-id=\"436ebfc\" data-element_type=\"widget\" data-e-type=\"widget\" data-widget_type=\"text-editor.default\">\n\t\t\t\t<div class=\"elementor-widget-container\">\n\t\t\t\t\t\t\t\t\t<p>Geboren 1993 in Ostfriesland Bachelor of Arts in Sozialer Arbeit<\/p><p>Abschlussarbeit zum Thema Tod und Sterbebegleitung<\/p><p>inhaltliche Arbeit mit \u00e4lteren Menschen, Trauma bezogenen St\u00f6rungen, Demenzerkrankten und Sterbenden.<\/p><p>Konzeptionierung und Durchf\u00fchrung der Ausbildung von Hospizmitarbeitr:innen in Emden<\/p><p>Workshopleitung zum Thema Achtsamkeit und Biographiearbeit<\/p><p>Abschiedsgestaltung, Trauerrednerin, Texterin<\/p>\t\t\t\t\t\t\t\t<\/div>\n\t\t\t\t<\/div>\n\t\t\t\t\t<\/div>\n\t\t<\/div>\n\t\t\t\t\t<\/div>\n\t\t<\/section>\n\t\t\t\t<div class=\"elementor-element elementor-element-3ca7519 elementor-widget elementor-widget-image\" data-id=\"3ca7519\" data-element_type=\"widget\" data-e-type=\"widget\" data-widget_type=\"image.default\">\n\t\t\t\t<div class=\"elementor-widget-container\">\n\t\t\t\t\t\t\t\t\t\t\t\t\t\t\t<img loading=\"lazy\" decoding=\"async\" width=\"768\" height=\"1152\" src=\"https:\/\/geschichten-des-abschieds.de\/wp-content\/uploads\/2021\/09\/IMG_0180-scaled-e1679853227756-768x1152.jpg\" class=\"attachment-medium_large size-medium_large wp-image-851\" alt=\"\" srcset=\"https:\/\/geschichten-des-abschieds.de\/wp-content\/uploads\/2021\/09\/IMG_0180-scaled-e1679853227756-768x1152.jpg 768w, https:\/\/geschichten-des-abschieds.de\/wp-content\/uploads\/2021\/09\/IMG_0180-scaled-e1679853227756-200x300.jpg 200w, https:\/\/geschichten-des-abschieds.de\/wp-content\/uploads\/2021\/09\/IMG_0180-scaled-e1679853227756-683x1024.jpg 683w, https:\/\/geschichten-des-abschieds.de\/wp-content\/uploads\/2021\/09\/IMG_0180-scaled-e1679853227756-1024x1536.jpg 1024w, https:\/\/geschichten-des-abschieds.de\/wp-content\/uploads\/2021\/09\/IMG_0180-scaled-e1679853227756-1366x2048.jpg 1366w, https:\/\/geschichten-des-abschieds.de\/wp-content\/uploads\/2021\/09\/IMG_0180-scaled-e1679853227756.jpg 1707w\" sizes=\"(max-width: 768px) 100vw, 768px\" \/>\t\t\t\t\t\t\t\t\t\t\t\t\t\t\t<\/div>\n\t\t\t\t<\/div>\n\t\t\t\t\t<\/div>\n\t\t<\/div>\n\t\t\t\t<div class=\"elementor-column elementor-col-50 elementor-top-column elementor-element elementor-element-2ca55ac\" data-id=\"2ca55ac\" data-element_type=\"column\" data-e-type=\"column\">\n\t\t\t<div class=\"elementor-widget-wrap elementor-element-populated\">\n\t\t\t\t\t\t<div class=\"elementor-element elementor-element-0357ca7 elementor-widget elementor-widget-spacer\" data-id=\"0357ca7\" data-element_type=\"widget\" data-e-type=\"widget\" data-widget_type=\"spacer.default\">\n\t\t\t\t<div class=\"elementor-widget-container\">\n\t\t\t\t\t\t\t<div class=\"elementor-spacer\">\n\t\t\t<div class=\"elementor-spacer-inner\"><\/div>\n\t\t<\/div>\n\t\t\t\t\t\t<\/div>\n\t\t\t\t<\/div>\n\t\t\t\t<div class=\"elementor-element elementor-element-483ca7c9 elementor-widget elementor-widget-heading\" data-id=\"483ca7c9\" data-element_type=\"widget\" data-e-type=\"widget\" data-widget_type=\"heading.default\">\n\t\t\t\t<div class=\"elementor-widget-container\">\n\t\t\t\t\t<h2 class=\"elementor-heading-title elementor-size-default\">Moin ich bin Sarah Fischer,<\/h2>\t\t\t\t<\/div>\n\t\t\t\t<\/div>\n\t\t\t\t<div class=\"elementor-element elementor-element-7543e34 elementor-widget elementor-widget-text-editor\" data-id=\"7543e34\" data-element_type=\"widget\" data-e-type=\"widget\" data-widget_type=\"text-editor.default\">\n\t\t\t\t<div class=\"elementor-widget-container\">\n\t\t\t\t\t\t\t\t\t<p class=\"MsoNormal\" style=\"margin-bottom: 0.0001pt; line-height: normal; background-image: initial; background-position: initial; background-size: initial; background-repeat: initial; background-attachment: initial; background-origin: initial; background-clip: initial;\"><span style=\"font-size: 15.0pt; font-family: Bellefair; mso-fareast-font-family: 'Times New Roman'; color: #333333; mso-fareast-language: DE;\">geboren und aufgewachsen in Ostfriesland, direkt hinterm Deich. Wo Himmel<br \/>und Erde sich nah sind. Ohne Stra\u00dfenlaternen, aber daf\u00fcr mit viel Sicht und<br \/>Weite. Dort, wo die See grau ist und der Wind kalt. Wo es mehr Wetter gibt als<br \/>Menschen.\u00a0 Nah an den nat\u00fcrlichen\u00a0Gehzeiten der Natur.<\/span><\/p><p class=\"MsoNormal\" style=\"margin-bottom: 0.0001pt; line-height: normal; background-image: initial; background-position: initial; background-size: initial; background-repeat: initial; background-attachment: initial; background-origin: initial; background-clip: initial;\"><span style=\"font-size: 15.0pt; font-family: Bellefair; mso-fareast-font-family: 'Times New Roman'; color: #333333; mso-fareast-language: DE;\">Das Aufwachsen in der Provinz hat mich gepr\u00e4gt. Tod, Sterben waren schon in<br \/>meiner Kindheit ganz nah und wurden zu Hause und in der Nachbarschaft und<br \/>weniger in institutionellen Bereichen gelebt. Dadurch entwickelte sich in mir<br \/>fr\u00fch eine Haltung, die den Tod als nat\u00fcrlichen Aspekt unseres Lebens<br \/>integriert. Ich durfte lernen, wie tragend und erm\u00e4chtigend ein bewusstes<br \/>Abschiednehmen sein kann und wie schmerzhaft es sein kann, diese Aufgabe in<br \/>weniger pers\u00f6nliche H\u00e4nde zu legen. Und ich lernte, meine eigene Sterblichkeit<br \/>kennen.<\/span><\/p><p class=\"MsoNormal\" style=\"margin-bottom: 0.0001pt; line-height: normal; background-image: initial; background-position: initial; background-size: initial; background-repeat: initial; background-attachment: initial; background-origin: initial; background-clip: initial;\"><span style=\"font-size: 15.0pt; font-family: Bellefair; mso-fareast-font-family: 'Times New Roman'; color: #333333; mso-fareast-language: DE;\">Meine Liebe galt schon immer dem Schreiben, aber ich entschied mich zuerst<br \/>f\u00fcr ein Studium der sozialen Arbeit. Wieder war das Thema Tod nicht fern. Ich lernte,\u00a0\u00a0dass das<br \/>Wegdr\u00e4ngen dieser Themen in unserer Gesellschaft leicht aus Trauer<br \/>Trauma macht. <\/span><\/p><p class=\"MsoNormal\" style=\"margin-bottom: 0.0001pt; line-height: normal; background-image: initial; background-position: initial; background-size: initial; background-repeat: initial; background-attachment: initial; background-origin: initial; background-clip: initial;\"><span style=\"font-size: 15.0pt; font-family: Bellefair; mso-fareast-font-family: 'Times New Roman'; color: #333333; mso-fareast-language: DE;\">Wir Leben in Zeiten, in denen wir gerne alles, was ungem\u00fctlich und<br \/>schmerzhaft erscheint, wir nicht verstehen oder kontrollieren k\u00f6nnen, ins<br \/>Abseits stellen. Tod und Sterben, Trauer und Abschied werden systematisch<br \/>tabuisiert. Das f\u00fchrt aber nicht dazu, dass wir diese Themen los sind. Der Tod<br \/>verschwindet nicht, wenn wir ihn verdr\u00e4ngen, die Trauer geht nicht, wenn wir<br \/>nicht \u00fcber sie sprechen. Im Gegenteil. Sie bleiben und wollen beachtet werden.<\/span><\/p><p>\u00a0<\/p><p class=\"MsoNormal\" style=\"margin-bottom: 0.0001pt; line-height: normal; background-image: initial; background-position: initial; background-size: initial; background-repeat: initial; background-attachment: initial; background-origin: initial; background-clip: initial;\"><span style=\"font-size: 15.0pt; font-family: Bellefair; mso-fareast-font-family: 'Times New Roman'; color: #333333; mso-fareast-language: DE;\">Tod, Sterben und Trauer erschrecken mich nicht, die systematische<br \/>Tabuisierung, die Entfremdung und die damit verbundenen Probleme,<br \/>Unsicherheiten und Sprachlosigkeit dagegen sehr.<\/span><\/p><p class=\"MsoNormal\" style=\"margin-bottom: 0.0001pt; line-height: normal; background-image: initial; background-position: initial; background-size: initial; background-repeat: initial; background-attachment: initial; background-origin: initial; background-clip: initial;\"><span style=\"font-size: 15.0pt; font-family: Bellefair; mso-fareast-font-family: 'Times New Roman'; color: #333333; mso-fareast-language: DE;\">Also entschied ich mich fr\u00fch meinem Ruf zu folgen und fing an, mich zu<br \/>spezialisieren. Tod, Sterben und Trauer zu studieren, genauso wie die<br \/>menschlichen Prozesse und Strategien, Wandel, Krise und nachhaltige Wege der<br \/>Begleitung. Und nun, Jahre sp\u00e4ter, widme ich mich einer pers\u00f6nlichen,<br \/>liebevollen, authentischen und bed\u00fcrfnisorientierten Gestaltung von Abschieden.<br \/>Der Weg f\u00fchrte mich hierher, mein innerer Ruf und meine<br \/>ganz pers\u00f6nlichen Erfahrungen.<\/span><\/p><p class=\"MsoNormal\" style=\"margin-bottom: 0.0001pt; line-height: normal; background-image: initial; background-position: initial; background-size: initial; background-repeat: initial; background-attachment: initial; background-origin: initial; background-clip: initial;\"><span style=\"font-size: 15.0pt; font-family: Bellefair; mso-fareast-font-family: 'Times New Roman'; color: #333333; mso-fareast-language: DE;\">Ich stehe mit meiner Arbeit f\u00fcr einen ehrlichen und sensiblen Umgang mit<br \/>Menschen, Themen und Momenten, die uns alle im Leben irgendwann betreffen<br \/>werden. Ich stehe f\u00fcr eine Enttabuisierung des Todes, um so unser Wissen und<br \/>unsere Energie auf das zu lenken, was wirklich z\u00e4hlt. <\/span><\/p><p class=\"MsoNormal\" style=\"margin-bottom: 0.0001pt; line-height: normal; background-image: initial; background-position: initial; background-size: initial; background-repeat: initial; background-attachment: initial; background-origin: initial; background-clip: initial;\"><span style=\"font-size: 15.0pt; font-family: Bellefair; mso-fareast-font-family: 'Times New Roman'; color: #333333; mso-fareast-language: DE;\">\u00a0Ein pers\u00f6nlicher, sicherer, ehrlicher und achtsamer Umgang\u00a0<br \/>mit dem Tod, Sterben und Abschied von unseren Liebsten und uns selbst.<\/span><\/p><p class=\"MsoNormal\" style=\"margin-bottom: 0.0001pt; line-height: normal; background-image: initial; background-position: initial; background-size: initial; background-repeat: initial; background-attachment: initial; background-origin: initial; background-clip: initial;\"><span style=\"font-size: 15.0pt; font-family: Bellefair; mso-fareast-font-family: 'Times New Roman'; color: #333333; mso-fareast-language: DE;\">Meine Haltung und mein Wissen schirmen mich nicht vor Emotionen in der Begleitung ab.\u00a0<\/span><\/p><p class=\"MsoNormal\" style=\"margin-bottom: 0.0001pt; line-height: normal; background-image: initial; background-position: initial; background-size: initial; background-repeat: initial; background-attachment: initial; background-origin: initial; background-clip: initial;\"><span style=\"font-size: 15.0pt; font-family: Bellefair; mso-fareast-font-family: 'Times New Roman'; color: #333333; mso-fareast-language: DE;\">\u00a0Jede Geschichte und jeder Abschied ber\u00fchrt mich<br \/>und das ist auch gut so.<\/span><\/p><p class=\"MsoNormal\" style=\"line-height: normal; background-image: initial; background-position: initial; background-size: initial; background-repeat: initial; background-attachment: initial; background-origin: initial; background-clip: initial;\"><span style=\"font-size: 12.0pt; font-family: Bellefair; mso-fareast-font-family: 'Times New Roman'; color: #333333; mso-fareast-language: DE;\">\u00a0<\/span><\/p><p class=\"MsoNormal\" style=\"line-height: normal; background-image: initial; background-position: initial; background-size: initial; background-repeat: initial; background-attachment: initial; background-origin: initial; background-clip: initial;\"><span style=\"font-size: 12.0pt; font-family: Bellefair; mso-fareast-font-family: 'Times New Roman'; color: #333333; mso-fareast-language: DE;\">\u00a0<\/span><\/p>\t\t\t\t\t\t\t\t<\/div>\n\t\t\t\t<\/div>\n\t\t\t\t<div class=\"elementor-element elementor-element-df23881 elementor-widget elementor-widget-menu-anchor\" data-id=\"df23881\" data-element_type=\"widget\" data-e-type=\"widget\" data-widget_type=\"menu-anchor.default\">\n\t\t\t\t<div class=\"elementor-widget-container\">\n\t\t\t\t\t\t\t<div class=\"elementor-menu-anchor\" id=\"Kontakt\"><\/div>\n\t\t\t\t\t\t<\/div>\n\t\t\t\t<\/div>\n\t\t\t\t\t<\/div>\n\t\t<\/div>\n\t\t\t\t\t<\/div>\n\t\t<\/section>\n\t\t\t\t<section class=\"elementor-section elementor-top-section elementor-element elementor-element-72a9760 elementor-section-boxed elementor-section-height-default elementor-section-height-default\" data-id=\"72a9760\" data-element_type=\"section\" data-e-type=\"section\" data-settings=\"{&quot;background_background&quot;:&quot;classic&quot;}\">\n\t\t\t\t\t\t<div class=\"elementor-container elementor-column-gap-default\">\n\t\t\t\t\t<div class=\"elementor-column elementor-col-100 elementor-top-column elementor-element elementor-element-8b80ae3\" data-id=\"8b80ae3\" data-element_type=\"column\" data-e-type=\"column\">\n\t\t\t<div class=\"elementor-widget-wrap elementor-element-populated\">\n\t\t\t\t\t\t<div class=\"elementor-element elementor-element-56d6bbf elementor-widget elementor-widget-heading\" data-id=\"56d6bbf\" data-element_type=\"widget\" data-e-type=\"widget\" data-widget_type=\"heading.default\">\n\t\t\t\t<div class=\"elementor-widget-container\">\n\t\t\t\t\t<h2 class=\"elementor-heading-title elementor-size-default\">Kontakt<\/h2>\t\t\t\t<\/div>\n\t\t\t\t<\/div>\n\t\t\t\t<section class=\"elementor-section elementor-inner-section elementor-element elementor-element-68c9d09 elementor-section-boxed elementor-section-height-default elementor-section-height-default\" data-id=\"68c9d09\" data-element_type=\"section\" data-e-type=\"section\" data-settings=\"{&quot;background_background&quot;:&quot;classic&quot;}\">\n\t\t\t\t\t\t<div class=\"elementor-container elementor-column-gap-default\">\n\t\t\t\t\t<div class=\"elementor-column elementor-col-100 elementor-inner-column elementor-element elementor-element-696fe1f\" data-id=\"696fe1f\" data-element_type=\"column\" data-e-type=\"column\">\n\t\t\t<div class=\"elementor-widget-wrap elementor-element-populated\">\n\t\t\t\t\t\t<div class=\"elementor-element elementor-element-3392d08 elementor-widget elementor-widget-text-editor\" data-id=\"3392d08\" data-element_type=\"widget\" data-e-type=\"widget\" data-widget_type=\"text-editor.default\">\n\t\t\t\t<div class=\"elementor-widget-container\">\n\t\t\t\t\t\t\t\t\t<p>Sarah Fischer<\/p><p>Mail: fischer@geschichten-des-abschieds.de<\/p><p>Tel.: 0176\/80680700<\/p>\t\t\t\t\t\t\t\t<\/div>\n\t\t\t\t<\/div>\n\t\t\t\t<div class=\"elementor-element elementor-element-f9c5e4f elementor-widget elementor-widget-menu-anchor\" data-id=\"f9c5e4f\" data-element_type=\"widget\" data-e-type=\"widget\" data-widget_type=\"menu-anchor.default\">\n\t\t\t\t<div class=\"elementor-widget-container\">\n\t\t\t\t\t\t\t<div class=\"elementor-menu-anchor\" id=\"Instagram\"><\/div>\n\t\t\t\t\t\t<\/div>\n\t\t\t\t<\/div>\n\t\t\t\t\t<\/div>\n\t\t<\/div>\n\t\t\t\t\t<\/div>\n\t\t<\/section>\n\t\t\t\t\t<\/div>\n\t\t<\/div>\n\t\t\t\t\t<\/div>\n\t\t<\/section>\n\t\t\t\t<section class=\"elementor-section elementor-top-section elementor-element elementor-element-5961010 elementor-section-boxed elementor-section-height-default elementor-section-height-default\" data-id=\"5961010\" data-element_type=\"section\" data-e-type=\"section\">\n\t\t\t\t\t\t<div class=\"elementor-container elementor-column-gap-default\">\n\t\t\t\t\t<div class=\"elementor-column elementor-col-100 elementor-top-column elementor-element elementor-element-9089e19\" data-id=\"9089e19\" data-element_type=\"column\" data-e-type=\"column\">\n\t\t\t<div class=\"elementor-widget-wrap elementor-element-populated\">\n\t\t\t\t\t\t<div class=\"elementor-element elementor-element-7eefa93 elementor-widget elementor-widget-shortcode\" data-id=\"7eefa93\" data-element_type=\"widget\" data-e-type=\"widget\" data-widget_type=\"shortcode.default\">\n\t\t\t\t<div class=\"elementor-widget-container\">\n\t\t\t\t\t\t\t<div class=\"elementor-shortcode\">\n<div id=\"sb_instagram\"  class=\"sbi sbi_mob_col_1 sbi_tab_col_2 sbi_col_4\" style=\"padding-bottom: 10px; width: 100%;\"\t data-feedid=\"*1\"  data-res=\"auto\" data-cols=\"4\" data-colsmobile=\"1\" data-colstablet=\"2\" data-num=\"20\" data-nummobile=\"\" data-item-padding=\"5\"\t data-shortcode-atts=\"{}\"  data-postid=\"2284\" data-locatornonce=\"965ae5fa7b\" data-imageaspectratio=\"1:1\" data-sbi-flags=\"favorLocal,gdpr\">\n\t<div class=\"sb_instagram_header \"   >\n\t<a class=\"sbi_header_link\" target=\"_blank\"\n\t   rel=\"nofollow noopener\" href=\"https:\/\/www.instagram.com\/geschichten.des.abschieds\/\" title=\"@geschichten.des.abschieds\">\n\t\t<div class=\"sbi_header_text sbi_no_bio\">\n\t\t\t<div class=\"sbi_header_img\">\n\t\t\t\t\t\t\t\t\t<div class=\"sbi_header_img_hover\"  ><svg class=\"sbi_new_logo fa-instagram fa-w-14\" aria-hidden=\"true\" data-fa-processed=\"\" aria-label=\"Instagram\" data-prefix=\"fab\" data-icon=\"instagram\" role=\"img\" viewBox=\"0 0 448 512\">\n                    <path fill=\"currentColor\" d=\"M224.1 141c-63.6 0-114.9 51.3-114.9 114.9s51.3 114.9 114.9 114.9S339 319.5 339 255.9 287.7 141 224.1 141zm0 189.6c-41.1 0-74.7-33.5-74.7-74.7s33.5-74.7 74.7-74.7 74.7 33.5 74.7 74.7-33.6 74.7-74.7 74.7zm146.4-194.3c0 14.9-12 26.8-26.8 26.8-14.9 0-26.8-12-26.8-26.8s12-26.8 26.8-26.8 26.8 12 26.8 26.8zm76.1 27.2c-1.7-35.9-9.9-67.7-36.2-93.9-26.2-26.2-58-34.4-93.9-36.2-37-2.1-147.9-2.1-184.9 0-35.8 1.7-67.6 9.9-93.9 36.1s-34.4 58-36.2 93.9c-2.1 37-2.1 147.9 0 184.9 1.7 35.9 9.9 67.7 36.2 93.9s58 34.4 93.9 36.2c37 2.1 147.9 2.1 184.9 0 35.9-1.7 67.7-9.9 93.9-36.2 26.2-26.2 34.4-58 36.2-93.9 2.1-37 2.1-147.8 0-184.8zM398.8 388c-7.8 19.6-22.9 34.7-42.6 42.6-29.5 11.7-99.5 9-132.1 9s-102.7 2.6-132.1-9c-19.6-7.8-34.7-22.9-42.6-42.6-11.7-29.5-9-99.5-9-132.1s-2.6-102.7 9-132.1c7.8-19.6 22.9-34.7 42.6-42.6 29.5-11.7 99.5-9 132.1-9s102.7-2.6 132.1 9c19.6 7.8 34.7 22.9 42.6 42.6 11.7 29.5 9 99.5 9 132.1s2.7 102.7-9 132.1z\"><\/path>\n                <\/svg><\/div>\n\t\t\t\t\t<img loading=\"lazy\" decoding=\"async\"  src=\"https:\/\/geschichten-des-abschieds.de\/wp-content\/plugins\/instagram-feed\/img\/thumb-placeholder.png\" alt=\"\" width=\"50\" height=\"50\">\n\t\t\t\t\n\t\t\t\t\t\t\t<\/div>\n\n\t\t\t<div class=\"sbi_feedtheme_header_text\">\n\t\t\t\t<h3>geschichten.des.abschieds<\/h3>\n\t\t\t\t\t\t\t<\/div>\n\t\t<\/div>\n\t<\/a>\n<\/div>\n\n\t<div id=\"sbi_images\"  style=\"gap: 10px;\">\n\t\t<div class=\"sbi_item sbi_type_carousel sbi_new sbi_transition\"\n\tid=\"sbi_18069992389362315\" data-date=\"1679913425\">\n\t<div class=\"sbi_photo_wrap\">\n\t\t<a class=\"sbi_photo\" href=\"https:\/\/www.instagram.com\/p\/CqSg0EOsRU2\/\" target=\"_blank\" rel=\"noopener nofollow\"\n\t\t\tdata-full-res=\"https:\/\/scontent-fra5-1.cdninstagram.com\/v\/t51.29350-15\/328364916_748086280034956_2067367685315507555_n.webp?stp=dst-jpg&#038;_nc_cat=102&#038;ccb=1-7&#038;_nc_sid=8ae9d6&#038;_nc_ohc=yxpnkOKQ3EAAX8Omkq7&#038;_nc_ht=scontent-fra5-1.cdninstagram.com&#038;edm=ANo9K5cEAAAA&#038;oh=00_AfAH67rB9_hXuEpluuHyfkPfLsLKWmHhVS2ccS3jG5MtKQ&#038;oe=6474632B\"\n\t\t\tdata-img-src-set=\"{&quot;d&quot;:&quot;https:\\\/\\\/scontent-fra5-1.cdninstagram.com\\\/v\\\/t51.29350-15\\\/328364916_748086280034956_2067367685315507555_n.webp?stp=dst-jpg&amp;_nc_cat=102&amp;ccb=1-7&amp;_nc_sid=8ae9d6&amp;_nc_ohc=yxpnkOKQ3EAAX8Omkq7&amp;_nc_ht=scontent-fra5-1.cdninstagram.com&amp;edm=ANo9K5cEAAAA&amp;oh=00_AfAH67rB9_hXuEpluuHyfkPfLsLKWmHhVS2ccS3jG5MtKQ&amp;oe=6474632B&quot;,&quot;150&quot;:&quot;https:\\\/\\\/scontent-fra5-1.cdninstagram.com\\\/v\\\/t51.29350-15\\\/328364916_748086280034956_2067367685315507555_n.webp?stp=dst-jpg&amp;_nc_cat=102&amp;ccb=1-7&amp;_nc_sid=8ae9d6&amp;_nc_ohc=yxpnkOKQ3EAAX8Omkq7&amp;_nc_ht=scontent-fra5-1.cdninstagram.com&amp;edm=ANo9K5cEAAAA&amp;oh=00_AfAH67rB9_hXuEpluuHyfkPfLsLKWmHhVS2ccS3jG5MtKQ&amp;oe=6474632B&quot;,&quot;320&quot;:&quot;https:\\\/\\\/scontent-fra5-1.cdninstagram.com\\\/v\\\/t51.29350-15\\\/328364916_748086280034956_2067367685315507555_n.webp?stp=dst-jpg&amp;_nc_cat=102&amp;ccb=1-7&amp;_nc_sid=8ae9d6&amp;_nc_ohc=yxpnkOKQ3EAAX8Omkq7&amp;_nc_ht=scontent-fra5-1.cdninstagram.com&amp;edm=ANo9K5cEAAAA&amp;oh=00_AfAH67rB9_hXuEpluuHyfkPfLsLKWmHhVS2ccS3jG5MtKQ&amp;oe=6474632B&quot;,&quot;640&quot;:&quot;https:\\\/\\\/scontent-fra5-1.cdninstagram.com\\\/v\\\/t51.29350-15\\\/328364916_748086280034956_2067367685315507555_n.webp?stp=dst-jpg&amp;_nc_cat=102&amp;ccb=1-7&amp;_nc_sid=8ae9d6&amp;_nc_ohc=yxpnkOKQ3EAAX8Omkq7&amp;_nc_ht=scontent-fra5-1.cdninstagram.com&amp;edm=ANo9K5cEAAAA&amp;oh=00_AfAH67rB9_hXuEpluuHyfkPfLsLKWmHhVS2ccS3jG5MtKQ&amp;oe=6474632B&quot;}\">\n\t\t\t<span class=\"sbi-screenreader\">Friedhof Stuhr Heiligenrode\n\ndurfte ich vor zwei W<\/span>\n\t\t\t<svg class=\"svg-inline--fa fa-clone fa-w-16 sbi_lightbox_carousel_icon\" aria-hidden=\"true\" aria-label=\"Clone\" data-fa-pro\u0192cessed=\"\" data-prefix=\"far\" data-icon=\"clone\" role=\"img\" xmlns=\"http:\/\/www.w3.org\/2000\/svg\" viewBox=\"0 0 512 512\">\n                    <path fill=\"currentColor\" d=\"M464 0H144c-26.51 0-48 21.49-48 48v48H48c-26.51 0-48 21.49-48 48v320c0 26.51 21.49 48 48 48h320c26.51 0 48-21.49 48-48v-48h48c26.51 0 48-21.49 48-48V48c0-26.51-21.49-48-48-48zM362 464H54a6 6 0 0 1-6-6V150a6 6 0 0 1 6-6h42v224c0 26.51 21.49 48 48 48h224v42a6 6 0 0 1-6 6zm96-96H150a6 6 0 0 1-6-6V54a6 6 0 0 1 6-6h308a6 6 0 0 1 6 6v308a6 6 0 0 1-6 6z\"><\/path>\n                <\/svg>\t\t\t\t\t\t<img decoding=\"async\" src=\"https:\/\/geschichten-des-abschieds.de\/wp-content\/plugins\/instagram-feed\/img\/placeholder.png\" alt=\"Friedhof Stuhr Heiligenrode\n\ndurfte ich vor zwei Wochen zum ersten Mal besuchen. \n\nUnd direkt erschlich mich das Gef\u00fchl von Heimat. Nach einem Kennenlernen war mir auch klar warum aber meine Ahnung wurde auf Nachfrage verneint.\n\nDie Flair des sch\u00f6nen kleinen Friedhofs, ges\u00e4umt von Feldern, bewachsen mit alten Baumbestand, erinnert mich sehr an einen Bauernhof. Die Kappelle, erz\u00e4hlt stiltechnisch von vergangenen Zeiten aber auch von halb modernen H\u00f6fen in meiner Heimat und ist  hell und warm.  Und selbst die Sammelstelle f\u00fcr den Gr\u00fcnabfall untermauert das Gef\u00fchl. \n\nAlles erz\u00e4hlt die Geschichten vom l\u00e4ndlichen Idyll, es ist friedlich, die V\u00f6gel singen und der Blick darf Weite finden. \n\nIch war sehr gerne hier und das Zwielicht kr\u00f6nte die Sch\u00f6nheit des Ortes. \n\n#abschiedsorte #abschiedsrede #friedhofskapelle #friedhofskultur #individuelleabschiede  #friedhofstuhr #friedhofstuhrheiligenrode #trauerrednerin #l\u00e4ndlich #idyll #geschichtendesabschieds #geschichtendeslebens #tabuthematod\" aria-hidden=\"true\">\n\t\t<\/a>\n\t<\/div>\n<\/div><div class=\"sbi_item sbi_type_carousel sbi_new sbi_transition\"\n\tid=\"sbi_18261820060122192\" data-date=\"1679513506\">\n\t<div class=\"sbi_photo_wrap\">\n\t\t<a class=\"sbi_photo\" href=\"https:\/\/www.instagram.com\/p\/CqGmB5osgL3\/\" target=\"_blank\" rel=\"noopener nofollow\"\n\t\t\tdata-full-res=\"https:\/\/scontent-fra3-1.cdninstagram.com\/v\/t51.29350-15\/337363383_974461900219742_9128302730355316560_n.webp?stp=dst-jpg&#038;_nc_cat=110&#038;ccb=1-7&#038;_nc_sid=8ae9d6&#038;_nc_ohc=oaNcvQVoTQ8AX_wQRsk&#038;_nc_ht=scontent-fra3-1.cdninstagram.com&#038;edm=ANo9K5cEAAAA&#038;oh=00_AfDVtWe6UBGxUWb4txQFo1vtRTJCTQZbpXK4KFhuWymi4w&#038;oe=6472EC41\"\n\t\t\tdata-img-src-set=\"{&quot;d&quot;:&quot;https:\\\/\\\/scontent-fra3-1.cdninstagram.com\\\/v\\\/t51.29350-15\\\/337363383_974461900219742_9128302730355316560_n.webp?stp=dst-jpg&amp;_nc_cat=110&amp;ccb=1-7&amp;_nc_sid=8ae9d6&amp;_nc_ohc=oaNcvQVoTQ8AX_wQRsk&amp;_nc_ht=scontent-fra3-1.cdninstagram.com&amp;edm=ANo9K5cEAAAA&amp;oh=00_AfDVtWe6UBGxUWb4txQFo1vtRTJCTQZbpXK4KFhuWymi4w&amp;oe=6472EC41&quot;,&quot;150&quot;:&quot;https:\\\/\\\/scontent-fra3-1.cdninstagram.com\\\/v\\\/t51.29350-15\\\/337363383_974461900219742_9128302730355316560_n.webp?stp=dst-jpg&amp;_nc_cat=110&amp;ccb=1-7&amp;_nc_sid=8ae9d6&amp;_nc_ohc=oaNcvQVoTQ8AX_wQRsk&amp;_nc_ht=scontent-fra3-1.cdninstagram.com&amp;edm=ANo9K5cEAAAA&amp;oh=00_AfDVtWe6UBGxUWb4txQFo1vtRTJCTQZbpXK4KFhuWymi4w&amp;oe=6472EC41&quot;,&quot;320&quot;:&quot;https:\\\/\\\/scontent-fra3-1.cdninstagram.com\\\/v\\\/t51.29350-15\\\/337363383_974461900219742_9128302730355316560_n.webp?stp=dst-jpg&amp;_nc_cat=110&amp;ccb=1-7&amp;_nc_sid=8ae9d6&amp;_nc_ohc=oaNcvQVoTQ8AX_wQRsk&amp;_nc_ht=scontent-fra3-1.cdninstagram.com&amp;edm=ANo9K5cEAAAA&amp;oh=00_AfDVtWe6UBGxUWb4txQFo1vtRTJCTQZbpXK4KFhuWymi4w&amp;oe=6472EC41&quot;,&quot;640&quot;:&quot;https:\\\/\\\/scontent-fra3-1.cdninstagram.com\\\/v\\\/t51.29350-15\\\/337363383_974461900219742_9128302730355316560_n.webp?stp=dst-jpg&amp;_nc_cat=110&amp;ccb=1-7&amp;_nc_sid=8ae9d6&amp;_nc_ohc=oaNcvQVoTQ8AX_wQRsk&amp;_nc_ht=scontent-fra3-1.cdninstagram.com&amp;edm=ANo9K5cEAAAA&amp;oh=00_AfDVtWe6UBGxUWb4txQFo1vtRTJCTQZbpXK4KFhuWymi4w&amp;oe=6472EC41&quot;}\">\n\t\t\t<span class=\"sbi-screenreader\">Seebestattung \nmit der MS Geestem\u00fcnde ab Bremerhav<\/span>\n\t\t\t<svg class=\"svg-inline--fa fa-clone fa-w-16 sbi_lightbox_carousel_icon\" aria-hidden=\"true\" aria-label=\"Clone\" data-fa-pro\u0192cessed=\"\" data-prefix=\"far\" data-icon=\"clone\" role=\"img\" xmlns=\"http:\/\/www.w3.org\/2000\/svg\" viewBox=\"0 0 512 512\">\n                    <path fill=\"currentColor\" d=\"M464 0H144c-26.51 0-48 21.49-48 48v48H48c-26.51 0-48 21.49-48 48v320c0 26.51 21.49 48 48 48h320c26.51 0 48-21.49 48-48v-48h48c26.51 0 48-21.49 48-48V48c0-26.51-21.49-48-48-48zM362 464H54a6 6 0 0 1-6-6V150a6 6 0 0 1 6-6h42v224c0 26.51 21.49 48 48 48h224v42a6 6 0 0 1-6 6zm96-96H150a6 6 0 0 1-6-6V54a6 6 0 0 1 6-6h308a6 6 0 0 1 6 6v308a6 6 0 0 1-6 6z\"><\/path>\n                <\/svg>\t\t\t\t\t\t<img decoding=\"async\" src=\"https:\/\/geschichten-des-abschieds.de\/wp-content\/plugins\/instagram-feed\/img\/placeholder.png\" alt=\"Seebestattung \nmit der MS Geestem\u00fcnde ab Bremerhaven.\n\nDie See zaubert nicht nur mir sondern auch den G\u00e4sten und Familien jedes Mal ein Funkeln in die Augen.\n\nDer weite Blick Richtung Horizont vermag es jedes Mal aufs neue auch die Herzen zu weiten.\n\nDas diesmal, aber nicht jedes Mal sanfte Schaukeln der Wogen vermag ganz unbewusst und unaufdringlich zu tr\u00f6sten und zu halten.\n\nUnd die N\u00e4he zu den Elementen, als Mensch ganz klein zwischen Himmel und Meer, kann Vertrauen und Hingabe schenken. In die Rhytmen der Natur, das Werden, Sein und Vergehen, das Leben und Sterben, die Gehzeiten unseres Seins. \n\nEs hilft beim freilassen, wenn die neue Heimat Wunder und Sch\u00f6nheit ist.\n\nDas gem\u00fctliche Beisammensein  als geschlossene Gemeinschaft auf der R\u00fcckfahrt. Das st\u00e4rken und gest\u00e4rkt werden bei Leckereien und Hei\u00dfgetr\u00e4nken vollendet die letzte Reise sehr stimmig.\n\nUnd der Fakt, dass nur die Gezeiten und der Wind die l\u00e4nge der Fahrt bestimmen hilft die Kontrolle abzugeben und schenkt eine wertvolle Entschleunigung in st\u00fcrmischen Zeiten.\n\nEs ist jedes Mal besonders, nah und r\u00fchrend.\n\nDanke an das wunderbare Team auf der MS Geestem\u00fcnde f\u00fcr die sichere Fahrt, den Umweg zu den Seerobben und die w\u00fcrdige und traditionelle Beisetzung. \n\nDanke an die Familie f\u00fcr das Vertrauen und die gemeinsame Reise. \n\n#seebestattung\n#bremerhaven\n#msgeestem\u00fcnde #trauerredeaufsee #abschied #familie #einkehr #elemente #achtsamkeit #einabschieddarfsch\u00f6nsein #individuelleabschiede #geschichtendesabschieds #letztereise #nordsee #tabuthematod #todundtrauersindkeintabu #dankbarkeit\" aria-hidden=\"true\">\n\t\t<\/a>\n\t<\/div>\n<\/div><div class=\"sbi_item sbi_type_carousel sbi_new sbi_transition\"\n\tid=\"sbi_17949505994384323\" data-date=\"1679055408\">\n\t<div class=\"sbi_photo_wrap\">\n\t\t<a class=\"sbi_photo\" href=\"https:\/\/www.instagram.com\/p\/Cp48RnWsKNN\/\" target=\"_blank\" rel=\"noopener nofollow\"\n\t\t\tdata-full-res=\"https:\/\/scontent-fra5-1.cdninstagram.com\/v\/t51.29350-15\/336005313_3405521589765285_7497910477256954927_n.webp?stp=dst-jpg&#038;_nc_cat=102&#038;ccb=1-7&#038;_nc_sid=8ae9d6&#038;_nc_ohc=5zfoyUkTqbMAX8RzJ3W&#038;_nc_ht=scontent-fra5-1.cdninstagram.com&#038;edm=ANo9K5cEAAAA&#038;oh=00_AfDjJdTOgQiUDN9TXbfEBeqd0rvmTrZ2dlRydyHYuVCGIg&#038;oe=6473D472\"\n\t\t\tdata-img-src-set=\"{&quot;d&quot;:&quot;https:\\\/\\\/scontent-fra5-1.cdninstagram.com\\\/v\\\/t51.29350-15\\\/336005313_3405521589765285_7497910477256954927_n.webp?stp=dst-jpg&amp;_nc_cat=102&amp;ccb=1-7&amp;_nc_sid=8ae9d6&amp;_nc_ohc=5zfoyUkTqbMAX8RzJ3W&amp;_nc_ht=scontent-fra5-1.cdninstagram.com&amp;edm=ANo9K5cEAAAA&amp;oh=00_AfDjJdTOgQiUDN9TXbfEBeqd0rvmTrZ2dlRydyHYuVCGIg&amp;oe=6473D472&quot;,&quot;150&quot;:&quot;https:\\\/\\\/scontent-fra5-1.cdninstagram.com\\\/v\\\/t51.29350-15\\\/336005313_3405521589765285_7497910477256954927_n.webp?stp=dst-jpg&amp;_nc_cat=102&amp;ccb=1-7&amp;_nc_sid=8ae9d6&amp;_nc_ohc=5zfoyUkTqbMAX8RzJ3W&amp;_nc_ht=scontent-fra5-1.cdninstagram.com&amp;edm=ANo9K5cEAAAA&amp;oh=00_AfDjJdTOgQiUDN9TXbfEBeqd0rvmTrZ2dlRydyHYuVCGIg&amp;oe=6473D472&quot;,&quot;320&quot;:&quot;https:\\\/\\\/scontent-fra5-1.cdninstagram.com\\\/v\\\/t51.29350-15\\\/336005313_3405521589765285_7497910477256954927_n.webp?stp=dst-jpg&amp;_nc_cat=102&amp;ccb=1-7&amp;_nc_sid=8ae9d6&amp;_nc_ohc=5zfoyUkTqbMAX8RzJ3W&amp;_nc_ht=scontent-fra5-1.cdninstagram.com&amp;edm=ANo9K5cEAAAA&amp;oh=00_AfDjJdTOgQiUDN9TXbfEBeqd0rvmTrZ2dlRydyHYuVCGIg&amp;oe=6473D472&quot;,&quot;640&quot;:&quot;https:\\\/\\\/scontent-fra5-1.cdninstagram.com\\\/v\\\/t51.29350-15\\\/336005313_3405521589765285_7497910477256954927_n.webp?stp=dst-jpg&amp;_nc_cat=102&amp;ccb=1-7&amp;_nc_sid=8ae9d6&amp;_nc_ohc=5zfoyUkTqbMAX8RzJ3W&amp;_nc_ht=scontent-fra5-1.cdninstagram.com&amp;edm=ANo9K5cEAAAA&amp;oh=00_AfDjJdTOgQiUDN9TXbfEBeqd0rvmTrZ2dlRydyHYuVCGIg&amp;oe=6473D472&quot;}\">\n\t\t\t<span class=\"sbi-screenreader\">Friedwald Hasbruch \n\nBei Schnee und Sonnenschein e<\/span>\n\t\t\t<svg class=\"svg-inline--fa fa-clone fa-w-16 sbi_lightbox_carousel_icon\" aria-hidden=\"true\" aria-label=\"Clone\" data-fa-pro\u0192cessed=\"\" data-prefix=\"far\" data-icon=\"clone\" role=\"img\" xmlns=\"http:\/\/www.w3.org\/2000\/svg\" viewBox=\"0 0 512 512\">\n                    <path fill=\"currentColor\" d=\"M464 0H144c-26.51 0-48 21.49-48 48v48H48c-26.51 0-48 21.49-48 48v320c0 26.51 21.49 48 48 48h320c26.51 0 48-21.49 48-48v-48h48c26.51 0 48-21.49 48-48V48c0-26.51-21.49-48-48-48zM362 464H54a6 6 0 0 1-6-6V150a6 6 0 0 1 6-6h42v224c0 26.51 21.49 48 48 48h224v42a6 6 0 0 1-6 6zm96-96H150a6 6 0 0 1-6-6V54a6 6 0 0 1 6-6h308a6 6 0 0 1 6 6v308a6 6 0 0 1-6 6z\"><\/path>\n                <\/svg>\t\t\t\t\t\t<img decoding=\"async\" src=\"https:\/\/geschichten-des-abschieds.de\/wp-content\/plugins\/instagram-feed\/img\/placeholder.png\" alt=\"Friedwald Hasbruch \n\nBei Schnee und Sonnenschein ein absoluter Traum. \n\nKaum zu glauben, dass diese Bilder erst eine Woche alt sind.\n \nWir feierten eine eigensinnig, selbstbestimmte und starke Frau. Eine sonderbare und besondere Frau. Die auf F\u00fc\u00dfe treten und H\u00e4nde gehalten hat. Die sehr geliebt wird und geliebt hat. \n\nEine, die sich ihr ganzes Leben mit Leib und Seele der Lehre verschrieben hatte. Mathe, Chemie und Biologie, die Frau hatte was im Kopf. \n\nAm Ende durfte die, die ihr Leben der Lehre verschrieben hatte, selbst noch wertvolles vom Leben Lernen. \n\nDas nicht alles alleine gehen muss. Das Hilfe anzunehmen okay ist und sch\u00f6n sein kann. Das Hilfe da ist.\nDas Emotion und Z\u00e4rtlichkeit, W\u00e4rme und N\u00e4he auch in ihrem Leben Raum bekommen d\u00fcrfen. Und das Herz erf\u00fcllen k\u00f6nnen.\n\nDaf\u00fcr wollen wir danken.\n\nWir brachten sie zur\u00fcck in ein lebendiges System, dem sie sich ein Leben lang widmete, das sie studierte und lehrte. Das sie liebte und das nun Heimat ist. \nF\u00fcr sie gibt es keinen besseren Platz.\n\nDer Wald kann Frieden schenken und Heilung.\n\nF\u00fcr die, die voraus gegangen sind und uns die noch geblieben sind. \n\n#hasbruch #friedwald #friedwaldhasbruch #einabschieddarfsch\u00f6nsein #sonneundschnee #individuelleabschiede #urne #geschichtendesabschieds #familie #abschiedsrede #lebenundtod #rhytmendernatur #todundtrauersindkeintabu #naturliebe\" aria-hidden=\"true\">\n\t\t<\/a>\n\t<\/div>\n<\/div><div class=\"sbi_item sbi_type_video sbi_new sbi_transition\"\n\tid=\"sbi_17868494228865246\" data-date=\"1678690132\">\n\t<div class=\"sbi_photo_wrap\">\n\t\t<a class=\"sbi_photo\" href=\"https:\/\/www.instagram.com\/reel\/CpuDHEUJUMn\/\" target=\"_blank\" rel=\"noopener nofollow\"\n\t\t\tdata-full-res=\"https:\/\/scontent-fra3-1.cdninstagram.com\/v\/t51.36329-15\/334487710_150010247972806_2580894048541915850_n.jpg?_nc_cat=101&#038;ccb=1-7&#038;_nc_sid=8ae9d6&#038;_nc_ohc=ay6rO7GS_d0AX8OTzAT&#038;_nc_ht=scontent-fra3-1.cdninstagram.com&#038;edm=ANo9K5cEAAAA&#038;oh=00_AfD8S_zKQVhwGHRanNWD5ocZ9I2C2GKSdGwT4GQgXuGYng&#038;oe=6472FA76\"\n\t\t\tdata-img-src-set=\"{&quot;d&quot;:&quot;https:\\\/\\\/scontent-fra3-1.cdninstagram.com\\\/v\\\/t51.36329-15\\\/334487710_150010247972806_2580894048541915850_n.jpg?_nc_cat=101&amp;ccb=1-7&amp;_nc_sid=8ae9d6&amp;_nc_ohc=ay6rO7GS_d0AX8OTzAT&amp;_nc_ht=scontent-fra3-1.cdninstagram.com&amp;edm=ANo9K5cEAAAA&amp;oh=00_AfD8S_zKQVhwGHRanNWD5ocZ9I2C2GKSdGwT4GQgXuGYng&amp;oe=6472FA76&quot;,&quot;150&quot;:&quot;https:\\\/\\\/scontent-fra3-1.cdninstagram.com\\\/v\\\/t51.36329-15\\\/334487710_150010247972806_2580894048541915850_n.jpg?_nc_cat=101&amp;ccb=1-7&amp;_nc_sid=8ae9d6&amp;_nc_ohc=ay6rO7GS_d0AX8OTzAT&amp;_nc_ht=scontent-fra3-1.cdninstagram.com&amp;edm=ANo9K5cEAAAA&amp;oh=00_AfD8S_zKQVhwGHRanNWD5ocZ9I2C2GKSdGwT4GQgXuGYng&amp;oe=6472FA76&quot;,&quot;320&quot;:&quot;https:\\\/\\\/scontent-fra3-1.cdninstagram.com\\\/v\\\/t51.36329-15\\\/334487710_150010247972806_2580894048541915850_n.jpg?_nc_cat=101&amp;ccb=1-7&amp;_nc_sid=8ae9d6&amp;_nc_ohc=ay6rO7GS_d0AX8OTzAT&amp;_nc_ht=scontent-fra3-1.cdninstagram.com&amp;edm=ANo9K5cEAAAA&amp;oh=00_AfD8S_zKQVhwGHRanNWD5ocZ9I2C2GKSdGwT4GQgXuGYng&amp;oe=6472FA76&quot;,&quot;640&quot;:&quot;https:\\\/\\\/scontent-fra3-1.cdninstagram.com\\\/v\\\/t51.36329-15\\\/334487710_150010247972806_2580894048541915850_n.jpg?_nc_cat=101&amp;ccb=1-7&amp;_nc_sid=8ae9d6&amp;_nc_ohc=ay6rO7GS_d0AX8OTzAT&amp;_nc_ht=scontent-fra3-1.cdninstagram.com&amp;edm=ANo9K5cEAAAA&amp;oh=00_AfD8S_zKQVhwGHRanNWD5ocZ9I2C2GKSdGwT4GQgXuGYng&amp;oe=6472FA76&quot;}\">\n\t\t\t<span class=\"sbi-screenreader\">F\u00fcr einen friedlichen Start in die Woche.\n\nF\u00fcr ein<\/span>\n\t\t\t\t\t\t<svg style=\"color: rgba(255,255,255,1)\" class=\"svg-inline--fa fa-play fa-w-14 sbi_playbtn\" aria-label=\"Play\" aria-hidden=\"true\" data-fa-processed=\"\" data-prefix=\"fa\" data-icon=\"play\" role=\"presentation\" xmlns=\"http:\/\/www.w3.org\/2000\/svg\" viewBox=\"0 0 448 512\"><path fill=\"currentColor\" d=\"M424.4 214.7L72.4 6.6C43.8-10.3 0 6.1 0 47.9V464c0 37.5 40.7 60.1 72.4 41.3l352-208c31.4-18.5 31.5-64.1 0-82.6z\"><\/path><\/svg>\t\t\t<img decoding=\"async\" src=\"https:\/\/geschichten-des-abschieds.de\/wp-content\/plugins\/instagram-feed\/img\/placeholder.png\" alt=\"F\u00fcr einen friedlichen Start in die Woche.\n\nF\u00fcr ein friedliches Auftauen.\n\nEin friedliches Beisammensein von Gegens\u00e4tzen, wie den Schnee des Winters und die Ges\u00e4nge des Fr\u00fchlings. \n\nF\u00fcr ein offenes Herz, die Sch\u00f6nheit des Lebens zu erfahren.\n\nPasst auf euch auf\u2661\n\n#wandel #wechselderperspektive #jahreszeiten #zwischenphase #lebenundtod #lebenimjetzt #achtsamkeit #sch\u00f6nheitdernatur #glitzerstimmung #sonnenlicht #schneeschmelze #fr\u00fchlingsgezwitscher\" aria-hidden=\"true\">\n\t\t<\/a>\n\t<\/div>\n<\/div><div class=\"sbi_item sbi_type_carousel sbi_new sbi_transition\"\n\tid=\"sbi_18076382206342314\" data-date=\"1678440894\">\n\t<div class=\"sbi_photo_wrap\">\n\t\t<a class=\"sbi_photo\" href=\"https:\/\/www.instagram.com\/p\/CpmoLv8s8R5\/\" target=\"_blank\" rel=\"noopener nofollow\"\n\t\t\tdata-full-res=\"https:\/\/scontent-fra3-1.cdninstagram.com\/v\/t51.29350-15\/334271854_1068739694090404_4368310634535364934_n.webp?stp=dst-jpg&#038;_nc_cat=105&#038;ccb=1-7&#038;_nc_sid=8ae9d6&#038;_nc_ohc=Aj30EbX9hvEAX_b86Ih&#038;_nc_ht=scontent-fra3-1.cdninstagram.com&#038;edm=ANo9K5cEAAAA&#038;oh=00_AfBvkBDmahlwI3bKHEDwkKuMsgoPO7hIhiaQM-dfd_peQQ&#038;oe=64738213\"\n\t\t\tdata-img-src-set=\"{&quot;d&quot;:&quot;https:\\\/\\\/scontent-fra3-1.cdninstagram.com\\\/v\\\/t51.29350-15\\\/334271854_1068739694090404_4368310634535364934_n.webp?stp=dst-jpg&amp;_nc_cat=105&amp;ccb=1-7&amp;_nc_sid=8ae9d6&amp;_nc_ohc=Aj30EbX9hvEAX_b86Ih&amp;_nc_ht=scontent-fra3-1.cdninstagram.com&amp;edm=ANo9K5cEAAAA&amp;oh=00_AfBvkBDmahlwI3bKHEDwkKuMsgoPO7hIhiaQM-dfd_peQQ&amp;oe=64738213&quot;,&quot;150&quot;:&quot;https:\\\/\\\/scontent-fra3-1.cdninstagram.com\\\/v\\\/t51.29350-15\\\/334271854_1068739694090404_4368310634535364934_n.webp?stp=dst-jpg&amp;_nc_cat=105&amp;ccb=1-7&amp;_nc_sid=8ae9d6&amp;_nc_ohc=Aj30EbX9hvEAX_b86Ih&amp;_nc_ht=scontent-fra3-1.cdninstagram.com&amp;edm=ANo9K5cEAAAA&amp;oh=00_AfBvkBDmahlwI3bKHEDwkKuMsgoPO7hIhiaQM-dfd_peQQ&amp;oe=64738213&quot;,&quot;320&quot;:&quot;https:\\\/\\\/scontent-fra3-1.cdninstagram.com\\\/v\\\/t51.29350-15\\\/334271854_1068739694090404_4368310634535364934_n.webp?stp=dst-jpg&amp;_nc_cat=105&amp;ccb=1-7&amp;_nc_sid=8ae9d6&amp;_nc_ohc=Aj30EbX9hvEAX_b86Ih&amp;_nc_ht=scontent-fra3-1.cdninstagram.com&amp;edm=ANo9K5cEAAAA&amp;oh=00_AfBvkBDmahlwI3bKHEDwkKuMsgoPO7hIhiaQM-dfd_peQQ&amp;oe=64738213&quot;,&quot;640&quot;:&quot;https:\\\/\\\/scontent-fra3-1.cdninstagram.com\\\/v\\\/t51.29350-15\\\/334271854_1068739694090404_4368310634535364934_n.webp?stp=dst-jpg&amp;_nc_cat=105&amp;ccb=1-7&amp;_nc_sid=8ae9d6&amp;_nc_ohc=Aj30EbX9hvEAX_b86Ih&amp;_nc_ht=scontent-fra3-1.cdninstagram.com&amp;edm=ANo9K5cEAAAA&amp;oh=00_AfBvkBDmahlwI3bKHEDwkKuMsgoPO7hIhiaQM-dfd_peQQ&amp;oe=64738213&quot;}\">\n\t\t\t<span class=\"sbi-screenreader\">Winterwonderland N\u00b02\n\n#winterzauber #achtsamkeit #<\/span>\n\t\t\t<svg class=\"svg-inline--fa fa-clone fa-w-16 sbi_lightbox_carousel_icon\" aria-hidden=\"true\" aria-label=\"Clone\" data-fa-pro\u0192cessed=\"\" data-prefix=\"far\" data-icon=\"clone\" role=\"img\" xmlns=\"http:\/\/www.w3.org\/2000\/svg\" viewBox=\"0 0 512 512\">\n                    <path fill=\"currentColor\" d=\"M464 0H144c-26.51 0-48 21.49-48 48v48H48c-26.51 0-48 21.49-48 48v320c0 26.51 21.49 48 48 48h320c26.51 0 48-21.49 48-48v-48h48c26.51 0 48-21.49 48-48V48c0-26.51-21.49-48-48-48zM362 464H54a6 6 0 0 1-6-6V150a6 6 0 0 1 6-6h42v224c0 26.51 21.49 48 48 48h224v42a6 6 0 0 1-6 6zm96-96H150a6 6 0 0 1-6-6V54a6 6 0 0 1 6-6h308a6 6 0 0 1 6 6v308a6 6 0 0 1-6 6z\"><\/path>\n                <\/svg>\t\t\t\t\t\t<img decoding=\"async\" src=\"https:\/\/geschichten-des-abschieds.de\/wp-content\/plugins\/instagram-feed\/img\/placeholder.png\" alt=\"Winterwonderland N\u00b02\n\n#winterzauber #achtsamkeit #lebenimjetzt #lebenundtod #verg\u00e4nglichkeit #jahreszeiten #dogsofinstagram #ilovemydog #trauerrednerin #lebende #dankbarkeit\" aria-hidden=\"true\">\n\t\t<\/a>\n\t<\/div>\n<\/div><div class=\"sbi_item sbi_type_carousel sbi_new sbi_transition\"\n\tid=\"sbi_17962707197355168\" data-date=\"1678366809\">\n\t<div class=\"sbi_photo_wrap\">\n\t\t<a class=\"sbi_photo\" href=\"https:\/\/www.instagram.com\/p\/Cpka4KSsBwx\/\" target=\"_blank\" rel=\"noopener nofollow\"\n\t\t\tdata-full-res=\"https:\/\/scontent-fra5-1.cdninstagram.com\/v\/t51.29350-15\/334806544_194574576547548_7592186575416526977_n.webp?stp=dst-jpg&#038;_nc_cat=111&#038;ccb=1-7&#038;_nc_sid=8ae9d6&#038;_nc_ohc=U6JuM8eAi2wAX-kMrDy&#038;_nc_ht=scontent-fra5-1.cdninstagram.com&#038;edm=ANo9K5cEAAAA&#038;oh=00_AfCTWDI4PPmfdzZGY1PoYhRrGxtU4CdY1ibyem0sMoMx5g&#038;oe=64735C49\"\n\t\t\tdata-img-src-set=\"{&quot;d&quot;:&quot;https:\\\/\\\/scontent-fra5-1.cdninstagram.com\\\/v\\\/t51.29350-15\\\/334806544_194574576547548_7592186575416526977_n.webp?stp=dst-jpg&amp;_nc_cat=111&amp;ccb=1-7&amp;_nc_sid=8ae9d6&amp;_nc_ohc=U6JuM8eAi2wAX-kMrDy&amp;_nc_ht=scontent-fra5-1.cdninstagram.com&amp;edm=ANo9K5cEAAAA&amp;oh=00_AfCTWDI4PPmfdzZGY1PoYhRrGxtU4CdY1ibyem0sMoMx5g&amp;oe=64735C49&quot;,&quot;150&quot;:&quot;https:\\\/\\\/scontent-fra5-1.cdninstagram.com\\\/v\\\/t51.29350-15\\\/334806544_194574576547548_7592186575416526977_n.webp?stp=dst-jpg&amp;_nc_cat=111&amp;ccb=1-7&amp;_nc_sid=8ae9d6&amp;_nc_ohc=U6JuM8eAi2wAX-kMrDy&amp;_nc_ht=scontent-fra5-1.cdninstagram.com&amp;edm=ANo9K5cEAAAA&amp;oh=00_AfCTWDI4PPmfdzZGY1PoYhRrGxtU4CdY1ibyem0sMoMx5g&amp;oe=64735C49&quot;,&quot;320&quot;:&quot;https:\\\/\\\/scontent-fra5-1.cdninstagram.com\\\/v\\\/t51.29350-15\\\/334806544_194574576547548_7592186575416526977_n.webp?stp=dst-jpg&amp;_nc_cat=111&amp;ccb=1-7&amp;_nc_sid=8ae9d6&amp;_nc_ohc=U6JuM8eAi2wAX-kMrDy&amp;_nc_ht=scontent-fra5-1.cdninstagram.com&amp;edm=ANo9K5cEAAAA&amp;oh=00_AfCTWDI4PPmfdzZGY1PoYhRrGxtU4CdY1ibyem0sMoMx5g&amp;oe=64735C49&quot;,&quot;640&quot;:&quot;https:\\\/\\\/scontent-fra5-1.cdninstagram.com\\\/v\\\/t51.29350-15\\\/334806544_194574576547548_7592186575416526977_n.webp?stp=dst-jpg&amp;_nc_cat=111&amp;ccb=1-7&amp;_nc_sid=8ae9d6&amp;_nc_ohc=U6JuM8eAi2wAX-kMrDy&amp;_nc_ht=scontent-fra5-1.cdninstagram.com&amp;edm=ANo9K5cEAAAA&amp;oh=00_AfCTWDI4PPmfdzZGY1PoYhRrGxtU4CdY1ibyem0sMoMx5g&amp;oe=64735C49&quot;}\">\n\t\t\t<span class=\"sbi-screenreader\">Friedhof Woltmershausen\n\nVon der Stra\u00dfe aus erkenn<\/span>\n\t\t\t<svg class=\"svg-inline--fa fa-clone fa-w-16 sbi_lightbox_carousel_icon\" aria-hidden=\"true\" aria-label=\"Clone\" data-fa-pro\u0192cessed=\"\" data-prefix=\"far\" data-icon=\"clone\" role=\"img\" xmlns=\"http:\/\/www.w3.org\/2000\/svg\" viewBox=\"0 0 512 512\">\n                    <path fill=\"currentColor\" d=\"M464 0H144c-26.51 0-48 21.49-48 48v48H48c-26.51 0-48 21.49-48 48v320c0 26.51 21.49 48 48 48h320c26.51 0 48-21.49 48-48v-48h48c26.51 0 48-21.49 48-48V48c0-26.51-21.49-48-48-48zM362 464H54a6 6 0 0 1-6-6V150a6 6 0 0 1 6-6h42v224c0 26.51 21.49 48 48 48h224v42a6 6 0 0 1-6 6zm96-96H150a6 6 0 0 1-6-6V54a6 6 0 0 1 6-6h308a6 6 0 0 1 6 6v308a6 6 0 0 1-6 6z\"><\/path>\n                <\/svg>\t\t\t\t\t\t<img decoding=\"async\" src=\"https:\/\/geschichten-des-abschieds.de\/wp-content\/plugins\/instagram-feed\/img\/placeholder.png\" alt=\"Friedhof Woltmershausen\n\nVon der Stra\u00dfe aus erkennt man den kleinen Friedhof nur durch eine Mauer, ein Schild und jede Menge Gr\u00fcn. \n\nDer Weg zur Kapelle ist umrahmt vom alten Baumbestand  und ich pers\u00f6nlich finde die Kapelle sehr sch\u00f6n. \n\nSie strahlt etwas klares, minimalistisches aus hat aber die richtigen Details, die die richtige Stimmung erzeugen.\n\nDie S\u00e4ulen und Fenster, das Licht und der Aufbau, f\u00fcr mich alles stimmig und zum wohlf\u00fchlen. Vor allem auch weil sie noch richtig gut geheizt werden kann.\n\nSie tr\u00e4gt ein Gef\u00fchl aus einer anderen Zeit, wie kleine Waldkapellen, die man am Wegesrand beim Wandern  findet. \n\nVon einer anderen Zeit erz\u00e4hlt auch das kleine Schild an der Klingel, das ebenso wie die Kapelle ohne Umwege, einfach ist was es ist. \n\nDer Friedhof ist wie eine Insel der Ruhe mitten im Stadtteil, dieses Gef\u00fchl wird gerade bei diesigen und tr\u00fcben Wetter noch verst\u00e4rkt. \n\nIch mag den kleinen Friedhof. Ein Besuch lohnt sich.\n\n#friedhofskultur\n#friedhofskapelle\n#bremen #woltmershausen #trauerrednerin #todundabschied #tabuthematod #dertodistkeintabu #lebenundtod #abschiedsorte #geschichtendesabschieds #friedhof\" aria-hidden=\"true\">\n\t\t<\/a>\n\t<\/div>\n<\/div><div class=\"sbi_item sbi_type_carousel sbi_new sbi_transition\"\n\tid=\"sbi_17976719645098373\" data-date=\"1678281863\">\n\t<div class=\"sbi_photo_wrap\">\n\t\t<a class=\"sbi_photo\" href=\"https:\/\/www.instagram.com\/p\/Cph42wPMKeT\/\" target=\"_blank\" rel=\"noopener nofollow\"\n\t\t\tdata-full-res=\"https:\/\/scontent-fra3-1.cdninstagram.com\/v\/t51.29350-15\/331983296_457012679904425_943851012434727942_n.webp?stp=dst-jpg&#038;_nc_cat=104&#038;ccb=1-7&#038;_nc_sid=8ae9d6&#038;_nc_ohc=vjvCAetpJWMAX_ZRIs4&#038;_nc_ht=scontent-fra3-1.cdninstagram.com&#038;edm=ANo9K5cEAAAA&#038;oh=00_AfA-Ntl4DHmMmgKQZ9khrBADfqN7BbNKNqRS9sRLVfJBDA&#038;oe=64733820\"\n\t\t\tdata-img-src-set=\"{&quot;d&quot;:&quot;https:\\\/\\\/scontent-fra3-1.cdninstagram.com\\\/v\\\/t51.29350-15\\\/331983296_457012679904425_943851012434727942_n.webp?stp=dst-jpg&amp;_nc_cat=104&amp;ccb=1-7&amp;_nc_sid=8ae9d6&amp;_nc_ohc=vjvCAetpJWMAX_ZRIs4&amp;_nc_ht=scontent-fra3-1.cdninstagram.com&amp;edm=ANo9K5cEAAAA&amp;oh=00_AfA-Ntl4DHmMmgKQZ9khrBADfqN7BbNKNqRS9sRLVfJBDA&amp;oe=64733820&quot;,&quot;150&quot;:&quot;https:\\\/\\\/scontent-fra3-1.cdninstagram.com\\\/v\\\/t51.29350-15\\\/331983296_457012679904425_943851012434727942_n.webp?stp=dst-jpg&amp;_nc_cat=104&amp;ccb=1-7&amp;_nc_sid=8ae9d6&amp;_nc_ohc=vjvCAetpJWMAX_ZRIs4&amp;_nc_ht=scontent-fra3-1.cdninstagram.com&amp;edm=ANo9K5cEAAAA&amp;oh=00_AfA-Ntl4DHmMmgKQZ9khrBADfqN7BbNKNqRS9sRLVfJBDA&amp;oe=64733820&quot;,&quot;320&quot;:&quot;https:\\\/\\\/scontent-fra3-1.cdninstagram.com\\\/v\\\/t51.29350-15\\\/331983296_457012679904425_943851012434727942_n.webp?stp=dst-jpg&amp;_nc_cat=104&amp;ccb=1-7&amp;_nc_sid=8ae9d6&amp;_nc_ohc=vjvCAetpJWMAX_ZRIs4&amp;_nc_ht=scontent-fra3-1.cdninstagram.com&amp;edm=ANo9K5cEAAAA&amp;oh=00_AfA-Ntl4DHmMmgKQZ9khrBADfqN7BbNKNqRS9sRLVfJBDA&amp;oe=64733820&quot;,&quot;640&quot;:&quot;https:\\\/\\\/scontent-fra3-1.cdninstagram.com\\\/v\\\/t51.29350-15\\\/331983296_457012679904425_943851012434727942_n.webp?stp=dst-jpg&amp;_nc_cat=104&amp;ccb=1-7&amp;_nc_sid=8ae9d6&amp;_nc_ohc=vjvCAetpJWMAX_ZRIs4&amp;_nc_ht=scontent-fra3-1.cdninstagram.com&amp;edm=ANo9K5cEAAAA&amp;oh=00_AfA-Ntl4DHmMmgKQZ9khrBADfqN7BbNKNqRS9sRLVfJBDA&amp;oe=64733820&quot;}\">\n\t\t\t<span class=\"sbi-screenreader\">Woman at work \u2661\n\n#geschichtendesabschieds #trauerr<\/span>\n\t\t\t<svg class=\"svg-inline--fa fa-clone fa-w-16 sbi_lightbox_carousel_icon\" aria-hidden=\"true\" aria-label=\"Clone\" data-fa-pro\u0192cessed=\"\" data-prefix=\"far\" data-icon=\"clone\" role=\"img\" xmlns=\"http:\/\/www.w3.org\/2000\/svg\" viewBox=\"0 0 512 512\">\n                    <path fill=\"currentColor\" d=\"M464 0H144c-26.51 0-48 21.49-48 48v48H48c-26.51 0-48 21.49-48 48v320c0 26.51 21.49 48 48 48h320c26.51 0 48-21.49 48-48v-48h48c26.51 0 48-21.49 48-48V48c0-26.51-21.49-48-48-48zM362 464H54a6 6 0 0 1-6-6V150a6 6 0 0 1 6-6h42v224c0 26.51 21.49 48 48 48h224v42a6 6 0 0 1-6 6zm96-96H150a6 6 0 0 1-6-6V54a6 6 0 0 1 6-6h308a6 6 0 0 1 6 6v308a6 6 0 0 1-6 6z\"><\/path>\n                <\/svg>\t\t\t\t\t\t<img decoding=\"async\" src=\"https:\/\/geschichten-des-abschieds.de\/wp-content\/plugins\/instagram-feed\/img\/placeholder.png\" alt=\"Woman at work \u2661\n\n#geschichtendesabschieds #trauerrednerin #abschiedsrednerin  #grabrednerin #lebensrednerin #abschiedshestalterin #lebenundtod #womanatwork #bringdeinenhundmitzurarbeittag\" aria-hidden=\"true\">\n\t\t<\/a>\n\t<\/div>\n<\/div><div class=\"sbi_item sbi_type_carousel sbi_new sbi_transition\"\n\tid=\"sbi_17986742443820110\" data-date=\"1678171017\">\n\t<div class=\"sbi_photo_wrap\">\n\t\t<a class=\"sbi_photo\" href=\"https:\/\/www.instagram.com\/p\/CpelbwaM6fC\/\" target=\"_blank\" rel=\"noopener nofollow\"\n\t\t\tdata-full-res=\"https:\/\/scontent-fra3-1.cdninstagram.com\/v\/t51.29350-15\/332593686_867933197584391_6609746081269068267_n.webp?stp=dst-jpg&#038;_nc_cat=104&#038;ccb=1-7&#038;_nc_sid=8ae9d6&#038;_nc_ohc=rDpFzbmd7ggAX8nTR86&#038;_nc_ht=scontent-fra3-1.cdninstagram.com&#038;edm=ANo9K5cEAAAA&#038;oh=00_AfCKd6HIIW6zSxlpE1LerFIwisC5KSDMrduSl1rlCL-k4Q&#038;oe=6473600E\"\n\t\t\tdata-img-src-set=\"{&quot;d&quot;:&quot;https:\\\/\\\/scontent-fra3-1.cdninstagram.com\\\/v\\\/t51.29350-15\\\/332593686_867933197584391_6609746081269068267_n.webp?stp=dst-jpg&amp;_nc_cat=104&amp;ccb=1-7&amp;_nc_sid=8ae9d6&amp;_nc_ohc=rDpFzbmd7ggAX8nTR86&amp;_nc_ht=scontent-fra3-1.cdninstagram.com&amp;edm=ANo9K5cEAAAA&amp;oh=00_AfCKd6HIIW6zSxlpE1LerFIwisC5KSDMrduSl1rlCL-k4Q&amp;oe=6473600E&quot;,&quot;150&quot;:&quot;https:\\\/\\\/scontent-fra3-1.cdninstagram.com\\\/v\\\/t51.29350-15\\\/332593686_867933197584391_6609746081269068267_n.webp?stp=dst-jpg&amp;_nc_cat=104&amp;ccb=1-7&amp;_nc_sid=8ae9d6&amp;_nc_ohc=rDpFzbmd7ggAX8nTR86&amp;_nc_ht=scontent-fra3-1.cdninstagram.com&amp;edm=ANo9K5cEAAAA&amp;oh=00_AfCKd6HIIW6zSxlpE1LerFIwisC5KSDMrduSl1rlCL-k4Q&amp;oe=6473600E&quot;,&quot;320&quot;:&quot;https:\\\/\\\/scontent-fra3-1.cdninstagram.com\\\/v\\\/t51.29350-15\\\/332593686_867933197584391_6609746081269068267_n.webp?stp=dst-jpg&amp;_nc_cat=104&amp;ccb=1-7&amp;_nc_sid=8ae9d6&amp;_nc_ohc=rDpFzbmd7ggAX8nTR86&amp;_nc_ht=scontent-fra3-1.cdninstagram.com&amp;edm=ANo9K5cEAAAA&amp;oh=00_AfCKd6HIIW6zSxlpE1LerFIwisC5KSDMrduSl1rlCL-k4Q&amp;oe=6473600E&quot;,&quot;640&quot;:&quot;https:\\\/\\\/scontent-fra3-1.cdninstagram.com\\\/v\\\/t51.29350-15\\\/332593686_867933197584391_6609746081269068267_n.webp?stp=dst-jpg&amp;_nc_cat=104&amp;ccb=1-7&amp;_nc_sid=8ae9d6&amp;_nc_ohc=rDpFzbmd7ggAX8nTR86&amp;_nc_ht=scontent-fra3-1.cdninstagram.com&amp;edm=ANo9K5cEAAAA&amp;oh=00_AfCKd6HIIW6zSxlpE1LerFIwisC5KSDMrduSl1rlCL-k4Q&amp;oe=6473600E&quot;}\">\n\t\t\t<span class=\"sbi-screenreader\">Parkfriedhof Norden.Am Zingel\n\nHier schlie\u00dft sich <\/span>\n\t\t\t<svg class=\"svg-inline--fa fa-clone fa-w-16 sbi_lightbox_carousel_icon\" aria-hidden=\"true\" aria-label=\"Clone\" data-fa-pro\u0192cessed=\"\" data-prefix=\"far\" data-icon=\"clone\" role=\"img\" xmlns=\"http:\/\/www.w3.org\/2000\/svg\" viewBox=\"0 0 512 512\">\n                    <path fill=\"currentColor\" d=\"M464 0H144c-26.51 0-48 21.49-48 48v48H48c-26.51 0-48 21.49-48 48v320c0 26.51 21.49 48 48 48h320c26.51 0 48-21.49 48-48v-48h48c26.51 0 48-21.49 48-48V48c0-26.51-21.49-48-48-48zM362 464H54a6 6 0 0 1-6-6V150a6 6 0 0 1 6-6h42v224c0 26.51 21.49 48 48 48h224v42a6 6 0 0 1-6 6zm96-96H150a6 6 0 0 1-6-6V54a6 6 0 0 1 6-6h308a6 6 0 0 1 6 6v308a6 6 0 0 1-6 6z\"><\/path>\n                <\/svg>\t\t\t\t\t\t<img decoding=\"async\" src=\"https:\/\/geschichten-des-abschieds.de\/wp-content\/plugins\/instagram-feed\/img\/placeholder.png\" alt=\"Parkfriedhof Norden.Am Zingel\n\nHier schlie\u00dft sich ein Kreis. Dies ist die Kapelle in der ich vor Jahren voll Trauer sa\u00df und dachte, dass muss besser gehen.\n\nHier habe ich einen pers\u00f6nlichen Abschied gefeiert, der mich lehrte was tragen kann und was eher traumatisiert. \n\nUnd der Gedanke wurde geboren:\nEin Abschied darf sch\u00f6n sein.\n\nHier haben wir meine Gro\u00dfeltern zu Grabe getragen\u2661 \n\nUnd hier habe ich nun wiederum f\u00fcr eine Dame gesprochen, die \u00fcber 90 wurde, die sehr geliebt wird und die auch ich pers\u00f6nlich kannte, seid ich ein kleines M\u00e4dchen war. \n\nEs ist anders, vor den Menschen zu sprechen die ich pers\u00f6nlich kenne und vor allem die Tr\u00e4nen gemeinsam zu tragen.\n\nEs ist sch\u00f6n und schwer, es ist wertvoll.\n\nIch bin Dankbar, f\u00fcr all diese Erfahrungen\u2661\n\nDer Friedhof liegt nah an meiner alten Schule und ist in direkter Nachbarschaft zum alten j\u00fcdischen Friedhof. Viele meiner Wurzeln liegen hier.\n\nEs ist interessant, wie sich mein Blick in den Jahren ge\u00e4ndert hat, meine Beziehung zum Ort und meine Wahrnehmung, jetzt wo ich pers\u00f6nlich und professionell mit diesem Ort verbunden bin.\n\nDie Atmosph\u00e4re ist ruhig und irgendwie erhaben. Er ist gut gepflegt, gro\u00df und sehr gem\u00fctlich. Der alte Baumbestand und die engen G\u00e4nge schenken Halt und Geborgenheit. Der Friedhof am Zingel strahlt etwas typisch ostfriesisches aus mit dem Hauch von etwas Gr\u00f6\u00dferen.\n\n#friedhofamzingel #friedhofskultur\n#norden\n#ostfriesland #meinewurzeln #trauerrednerin #gemeinsam #achtsamkeit #abschiedsrede #einabschieddarfsch\u00f6nsein #lebenundtod #geschlossenerkreis #werdenseinvergehen\" aria-hidden=\"true\">\n\t\t<\/a>\n\t<\/div>\n<\/div><div class=\"sbi_item sbi_type_carousel sbi_new sbi_transition\"\n\tid=\"sbi_17973706670310899\" data-date=\"1678096042\">\n\t<div class=\"sbi_photo_wrap\">\n\t\t<a class=\"sbi_photo\" href=\"https:\/\/www.instagram.com\/p\/CpcWbissCwK\/\" target=\"_blank\" rel=\"noopener nofollow\"\n\t\t\tdata-full-res=\"https:\/\/scontent-fra5-2.cdninstagram.com\/v\/t51.29350-15\/330848324_514103890913599_7623966342583785526_n.webp?stp=dst-jpg&#038;_nc_cat=107&#038;ccb=1-7&#038;_nc_sid=8ae9d6&#038;_nc_ohc=TU35Dce1x-4AX9evx-o&#038;_nc_ht=scontent-fra5-2.cdninstagram.com&#038;edm=ANo9K5cEAAAA&#038;oh=00_AfAVbFMxYDx0w25miT8hvxS06G-EZ9niSvhMaRjWeBrjYw&#038;oe=6473ABE4\"\n\t\t\tdata-img-src-set=\"{&quot;d&quot;:&quot;https:\\\/\\\/scontent-fra5-2.cdninstagram.com\\\/v\\\/t51.29350-15\\\/330848324_514103890913599_7623966342583785526_n.webp?stp=dst-jpg&amp;_nc_cat=107&amp;ccb=1-7&amp;_nc_sid=8ae9d6&amp;_nc_ohc=TU35Dce1x-4AX9evx-o&amp;_nc_ht=scontent-fra5-2.cdninstagram.com&amp;edm=ANo9K5cEAAAA&amp;oh=00_AfAVbFMxYDx0w25miT8hvxS06G-EZ9niSvhMaRjWeBrjYw&amp;oe=6473ABE4&quot;,&quot;150&quot;:&quot;https:\\\/\\\/scontent-fra5-2.cdninstagram.com\\\/v\\\/t51.29350-15\\\/330848324_514103890913599_7623966342583785526_n.webp?stp=dst-jpg&amp;_nc_cat=107&amp;ccb=1-7&amp;_nc_sid=8ae9d6&amp;_nc_ohc=TU35Dce1x-4AX9evx-o&amp;_nc_ht=scontent-fra5-2.cdninstagram.com&amp;edm=ANo9K5cEAAAA&amp;oh=00_AfAVbFMxYDx0w25miT8hvxS06G-EZ9niSvhMaRjWeBrjYw&amp;oe=6473ABE4&quot;,&quot;320&quot;:&quot;https:\\\/\\\/scontent-fra5-2.cdninstagram.com\\\/v\\\/t51.29350-15\\\/330848324_514103890913599_7623966342583785526_n.webp?stp=dst-jpg&amp;_nc_cat=107&amp;ccb=1-7&amp;_nc_sid=8ae9d6&amp;_nc_ohc=TU35Dce1x-4AX9evx-o&amp;_nc_ht=scontent-fra5-2.cdninstagram.com&amp;edm=ANo9K5cEAAAA&amp;oh=00_AfAVbFMxYDx0w25miT8hvxS06G-EZ9niSvhMaRjWeBrjYw&amp;oe=6473ABE4&quot;,&quot;640&quot;:&quot;https:\\\/\\\/scontent-fra5-2.cdninstagram.com\\\/v\\\/t51.29350-15\\\/330848324_514103890913599_7623966342583785526_n.webp?stp=dst-jpg&amp;_nc_cat=107&amp;ccb=1-7&amp;_nc_sid=8ae9d6&amp;_nc_ohc=TU35Dce1x-4AX9evx-o&amp;_nc_ht=scontent-fra5-2.cdninstagram.com&amp;edm=ANo9K5cEAAAA&amp;oh=00_AfAVbFMxYDx0w25miT8hvxS06G-EZ9niSvhMaRjWeBrjYw&amp;oe=6473ABE4&quot;}\">\n\t\t\t<span class=\"sbi-screenreader\">Winterwonderland \u2661\n\nEigentlich war heute ein ander<\/span>\n\t\t\t<svg class=\"svg-inline--fa fa-clone fa-w-16 sbi_lightbox_carousel_icon\" aria-hidden=\"true\" aria-label=\"Clone\" data-fa-pro\u0192cessed=\"\" data-prefix=\"far\" data-icon=\"clone\" role=\"img\" xmlns=\"http:\/\/www.w3.org\/2000\/svg\" viewBox=\"0 0 512 512\">\n                    <path fill=\"currentColor\" d=\"M464 0H144c-26.51 0-48 21.49-48 48v48H48c-26.51 0-48 21.49-48 48v320c0 26.51 21.49 48 48 48h320c26.51 0 48-21.49 48-48v-48h48c26.51 0 48-21.49 48-48V48c0-26.51-21.49-48-48-48zM362 464H54a6 6 0 0 1-6-6V150a6 6 0 0 1 6-6h42v224c0 26.51 21.49 48 48 48h224v42a6 6 0 0 1-6 6zm96-96H150a6 6 0 0 1-6-6V54a6 6 0 0 1 6-6h308a6 6 0 0 1 6 6v308a6 6 0 0 1-6 6z\"><\/path>\n                <\/svg>\t\t\t\t\t\t<img decoding=\"async\" src=\"https:\/\/geschichten-des-abschieds.de\/wp-content\/plugins\/instagram-feed\/img\/placeholder.png\" alt=\"Winterwonderland \u2661\n\nEigentlich war heute ein anderer Post geplant... \n\nAber der Tod lehrt mich die Geschenke des Lebens anzunehmen!\n\nDaher....tadaaaa...schaut mal wie wundervoll es ist \u2661 \n\nJa ich wei\u00df...zu sp\u00e4t, zu feucht, wir wollen Fr\u00fchling...\n\nAber schaut doch mal wie wundervoll es ist.\n\nDanke Leben f\u00fcr diesen tollen Morgen\u2661 Danke Winter, dass du uns solch wu dersch\u00f6nen Abschied schenkst.\n\n#winterwonderland\n#schneegest\u00f6ber #dogsofinstagram #lebenslust #lebenundtod #jahreszeiten #kreislaufdernatur #abschiedsstimmung #achtsamkeit #verzaubert #winterzauber #m\u00e4rz\" aria-hidden=\"true\">\n\t\t<\/a>\n\t<\/div>\n<\/div><div class=\"sbi_item sbi_type_carousel sbi_new sbi_transition\"\n\tid=\"sbi_17997333880666417\" data-date=\"1677696022\">\n\t<div class=\"sbi_photo_wrap\">\n\t\t<a class=\"sbi_photo\" href=\"https:\/\/www.instagram.com\/p\/CpQbdDKsSpw\/\" target=\"_blank\" rel=\"noopener nofollow\"\n\t\t\tdata-full-res=\"https:\/\/scontent-fra5-2.cdninstagram.com\/v\/t51.29350-15\/333707672_174998671954942_950094477448448556_n.webp?stp=dst-jpg&#038;_nc_cat=106&#038;ccb=1-7&#038;_nc_sid=8ae9d6&#038;_nc_ohc=frn2MmBULRoAX-2utS-&#038;_nc_ht=scontent-fra5-2.cdninstagram.com&#038;edm=ANo9K5cEAAAA&#038;oh=00_AfBbysINY7HnJlcPB7gaaIzIOyyzRFMK2bFkfSXc0YNltw&#038;oe=647444F2\"\n\t\t\tdata-img-src-set=\"{&quot;d&quot;:&quot;https:\\\/\\\/scontent-fra5-2.cdninstagram.com\\\/v\\\/t51.29350-15\\\/333707672_174998671954942_950094477448448556_n.webp?stp=dst-jpg&amp;_nc_cat=106&amp;ccb=1-7&amp;_nc_sid=8ae9d6&amp;_nc_ohc=frn2MmBULRoAX-2utS-&amp;_nc_ht=scontent-fra5-2.cdninstagram.com&amp;edm=ANo9K5cEAAAA&amp;oh=00_AfBbysINY7HnJlcPB7gaaIzIOyyzRFMK2bFkfSXc0YNltw&amp;oe=647444F2&quot;,&quot;150&quot;:&quot;https:\\\/\\\/scontent-fra5-2.cdninstagram.com\\\/v\\\/t51.29350-15\\\/333707672_174998671954942_950094477448448556_n.webp?stp=dst-jpg&amp;_nc_cat=106&amp;ccb=1-7&amp;_nc_sid=8ae9d6&amp;_nc_ohc=frn2MmBULRoAX-2utS-&amp;_nc_ht=scontent-fra5-2.cdninstagram.com&amp;edm=ANo9K5cEAAAA&amp;oh=00_AfBbysINY7HnJlcPB7gaaIzIOyyzRFMK2bFkfSXc0YNltw&amp;oe=647444F2&quot;,&quot;320&quot;:&quot;https:\\\/\\\/scontent-fra5-2.cdninstagram.com\\\/v\\\/t51.29350-15\\\/333707672_174998671954942_950094477448448556_n.webp?stp=dst-jpg&amp;_nc_cat=106&amp;ccb=1-7&amp;_nc_sid=8ae9d6&amp;_nc_ohc=frn2MmBULRoAX-2utS-&amp;_nc_ht=scontent-fra5-2.cdninstagram.com&amp;edm=ANo9K5cEAAAA&amp;oh=00_AfBbysINY7HnJlcPB7gaaIzIOyyzRFMK2bFkfSXc0YNltw&amp;oe=647444F2&quot;,&quot;640&quot;:&quot;https:\\\/\\\/scontent-fra5-2.cdninstagram.com\\\/v\\\/t51.29350-15\\\/333707672_174998671954942_950094477448448556_n.webp?stp=dst-jpg&amp;_nc_cat=106&amp;ccb=1-7&amp;_nc_sid=8ae9d6&amp;_nc_ohc=frn2MmBULRoAX-2utS-&amp;_nc_ht=scontent-fra5-2.cdninstagram.com&amp;edm=ANo9K5cEAAAA&amp;oh=00_AfBbysINY7HnJlcPB7gaaIzIOyyzRFMK2bFkfSXc0YNltw&amp;oe=647444F2&quot;}\">\n\t\t\t<span class=\"sbi-screenreader\">Der j\u00fcdische Friedhof in Norden.\n\nNach der Trauerf<\/span>\n\t\t\t<svg class=\"svg-inline--fa fa-clone fa-w-16 sbi_lightbox_carousel_icon\" aria-hidden=\"true\" aria-label=\"Clone\" data-fa-pro\u0192cessed=\"\" data-prefix=\"far\" data-icon=\"clone\" role=\"img\" xmlns=\"http:\/\/www.w3.org\/2000\/svg\" viewBox=\"0 0 512 512\">\n                    <path fill=\"currentColor\" d=\"M464 0H144c-26.51 0-48 21.49-48 48v48H48c-26.51 0-48 21.49-48 48v320c0 26.51 21.49 48 48 48h320c26.51 0 48-21.49 48-48v-48h48c26.51 0 48-21.49 48-48V48c0-26.51-21.49-48-48-48zM362 464H54a6 6 0 0 1-6-6V150a6 6 0 0 1 6-6h42v224c0 26.51 21.49 48 48 48h224v42a6 6 0 0 1-6 6zm96-96H150a6 6 0 0 1-6-6V54a6 6 0 0 1 6-6h308a6 6 0 0 1 6 6v308a6 6 0 0 1-6 6z\"><\/path>\n                <\/svg>\t\t\t\t\t\t<img decoding=\"async\" src=\"https:\/\/geschichten-des-abschieds.de\/wp-content\/plugins\/instagram-feed\/img\/placeholder.png\" alt=\"Der j\u00fcdische Friedhof in Norden.\n\nNach der Trauerfeier zog es mich zu einem kleinen Spaziergang in andere Zeiten. \n\nAngelegt wurde dieser Friedhof bereits im 16. Jhd. und ist somit der \u00e4lteste in der Region. \n\nSchon der Weg entz\u00fcckt auf zauberhaft, anmutende weise. Gr\u00fcn, weich und geschwungen, umramt von alten B\u00e4umen und alten Steinen f\u00fchrt er dich direkt in eine andere Zeit. \n\nAlles wirkt Windschief und weichgewaschen aber noch erstaunlich gut erhalten.\n\nW\u00fcrdig und stolz halten sich die Gedenksteine wie durch blo\u00dfe Willenskraft aufrecht, als w\u00fcrden sie wissen welch wertvolle Geschichten  sie erinnern. \n\nDie hebr\u00e4ischen Schriften faszinieren mich, \u00fcberall lese ich meinen Namen und ich erinnere mich, dass auch ein Teil meiner Ahnen Teil dieser Kultur waren, bis der 2te. Weltkrieg ihnen ihre Identit\u00e4t entriss.\n\n#erinnerungskultur\n#j\u00fcdischerfriedhof\n#norden #ostfriesland #erinnerung #ahnenlinie #zeitreise #friedhofskultur #trauerrednerin #lebenundtod\" aria-hidden=\"true\">\n\t\t<\/a>\n\t<\/div>\n<\/div><div class=\"sbi_item sbi_type_carousel sbi_new sbi_transition\"\n\tid=\"sbi_17998109506640109\" data-date=\"1676640457\">\n\t<div class=\"sbi_photo_wrap\">\n\t\t<a class=\"sbi_photo\" href=\"https:\/\/www.instagram.com\/p\/Cow-H3NM2Hb\/\" target=\"_blank\" rel=\"noopener nofollow\"\n\t\t\tdata-full-res=\"https:\/\/scontent-fra3-1.cdninstagram.com\/v\/t51.29350-15\/331033642_154778410709235_7710578203012384512_n.webp?stp=dst-jpg&#038;_nc_cat=105&#038;ccb=1-7&#038;_nc_sid=8ae9d6&#038;_nc_ohc=V516j8Z53agAX_NPA9r&#038;_nc_ht=scontent-fra3-1.cdninstagram.com&#038;edm=ANo9K5cEAAAA&#038;oh=00_AfAZ0lv--lOGsFhHHqjFaSoi1BpSwKUBO4TQFfMPK07MQQ&#038;oe=64747F06\"\n\t\t\tdata-img-src-set=\"{&quot;d&quot;:&quot;https:\\\/\\\/scontent-fra3-1.cdninstagram.com\\\/v\\\/t51.29350-15\\\/331033642_154778410709235_7710578203012384512_n.webp?stp=dst-jpg&amp;_nc_cat=105&amp;ccb=1-7&amp;_nc_sid=8ae9d6&amp;_nc_ohc=V516j8Z53agAX_NPA9r&amp;_nc_ht=scontent-fra3-1.cdninstagram.com&amp;edm=ANo9K5cEAAAA&amp;oh=00_AfAZ0lv--lOGsFhHHqjFaSoi1BpSwKUBO4TQFfMPK07MQQ&amp;oe=64747F06&quot;,&quot;150&quot;:&quot;https:\\\/\\\/scontent-fra3-1.cdninstagram.com\\\/v\\\/t51.29350-15\\\/331033642_154778410709235_7710578203012384512_n.webp?stp=dst-jpg&amp;_nc_cat=105&amp;ccb=1-7&amp;_nc_sid=8ae9d6&amp;_nc_ohc=V516j8Z53agAX_NPA9r&amp;_nc_ht=scontent-fra3-1.cdninstagram.com&amp;edm=ANo9K5cEAAAA&amp;oh=00_AfAZ0lv--lOGsFhHHqjFaSoi1BpSwKUBO4TQFfMPK07MQQ&amp;oe=64747F06&quot;,&quot;320&quot;:&quot;https:\\\/\\\/scontent-fra3-1.cdninstagram.com\\\/v\\\/t51.29350-15\\\/331033642_154778410709235_7710578203012384512_n.webp?stp=dst-jpg&amp;_nc_cat=105&amp;ccb=1-7&amp;_nc_sid=8ae9d6&amp;_nc_ohc=V516j8Z53agAX_NPA9r&amp;_nc_ht=scontent-fra3-1.cdninstagram.com&amp;edm=ANo9K5cEAAAA&amp;oh=00_AfAZ0lv--lOGsFhHHqjFaSoi1BpSwKUBO4TQFfMPK07MQQ&amp;oe=64747F06&quot;,&quot;640&quot;:&quot;https:\\\/\\\/scontent-fra3-1.cdninstagram.com\\\/v\\\/t51.29350-15\\\/331033642_154778410709235_7710578203012384512_n.webp?stp=dst-jpg&amp;_nc_cat=105&amp;ccb=1-7&amp;_nc_sid=8ae9d6&amp;_nc_ohc=V516j8Z53agAX_NPA9r&amp;_nc_ht=scontent-fra3-1.cdninstagram.com&amp;edm=ANo9K5cEAAAA&amp;oh=00_AfAZ0lv--lOGsFhHHqjFaSoi1BpSwKUBO4TQFfMPK07MQQ&amp;oe=64747F06&quot;}\">\n\t\t\t<span class=\"sbi-screenreader\">Friedhof Leybuchtpolder\n\nDie letzte Bastion, hinte<\/span>\n\t\t\t<svg class=\"svg-inline--fa fa-clone fa-w-16 sbi_lightbox_carousel_icon\" aria-hidden=\"true\" aria-label=\"Clone\" data-fa-pro\u0192cessed=\"\" data-prefix=\"far\" data-icon=\"clone\" role=\"img\" xmlns=\"http:\/\/www.w3.org\/2000\/svg\" viewBox=\"0 0 512 512\">\n                    <path fill=\"currentColor\" d=\"M464 0H144c-26.51 0-48 21.49-48 48v48H48c-26.51 0-48 21.49-48 48v320c0 26.51 21.49 48 48 48h320c26.51 0 48-21.49 48-48v-48h48c26.51 0 48-21.49 48-48V48c0-26.51-21.49-48-48-48zM362 464H54a6 6 0 0 1-6-6V150a6 6 0 0 1 6-6h42v224c0 26.51 21.49 48 48 48h224v42a6 6 0 0 1-6 6zm96-96H150a6 6 0 0 1-6-6V54a6 6 0 0 1 6-6h308a6 6 0 0 1 6 6v308a6 6 0 0 1-6 6z\"><\/path>\n                <\/svg>\t\t\t\t\t\t<img decoding=\"async\" src=\"https:\/\/geschichten-des-abschieds.de\/wp-content\/plugins\/instagram-feed\/img\/placeholder.png\" alt=\"Friedhof Leybuchtpolder\n\nDie letzte Bastion, hinter der nur noch Deich und Nordsee kommen.\n\nDort wo die Stra\u00dfen einfach aufh\u00f6ren und zu Feldern werden. \n\nWo es auch im Sommer noch irgendwie feucht und matschig ist und du sp\u00fcrst das es noch keine 100 Jahre her ist, das das Land auf dem du gehts der Nordsee abgewonnen wurde.\n\nDort ist meine Heimat und der Friedhof zu dem es mich schon als Kind gezogen hat wenn ich meine Ruhe brauchte. Hier streifte  ich zwischen den Gr\u00e4bern umher, rechnete Jahreszahlen, k\u00fchrte die sch\u00f6nsten Namen und dachte mir Geschichten aus. \n\nJa, hier ist irgendwie alles oll und verwittert, hier ringen immer noch Mensch und Natur um alles was ist. Hier ist es die meiste Zeit im Jahr recht grau und ich muss gestehen, der Ger\u00e4teschuppen hat schon bessere Tage gehabt. \n\nAber hier liegen die Menschen die Nachbarn waren, Freunde und Familien. Hier kenne ich jeden Namen der einen Grabstein ziert und meist auch die Geschichte dazu und die meisten die hier liegen kannten mich. Gaben mir S\u00fc\u00dfigkeiten und \u00f6ffneten ihre T\u00fcren wenn ich als Kind davor stand um die obligatorische &quot;Klopapierrolle gegen etwas besseres zu tauschen&quot; oder jagten mich von ihren Feldern. \nUnd grau ist ja sowieso meine Lieblingsfarbe.\n\nInzwischen ist der Friedhof gewachsen und es besteht die M\u00f6glichkeit der Baumgr\u00e4ber. Es kann gew\u00e4hlt werden zwischen verschiedenen Obstb\u00e4umen und Deich oder Dorfblick. Und \u00fcberall h\u00e4ngen Vogelh\u00e4uschen, hier wird sich gek\u00fcmmert. \n\nGesprochen habe ich hier noch nie. Ganz traditionell spricht hier meist der Pastor, der mich seit meiner Jugend kennt und ganz traditionell gehen im Anschluss alle gemeinsam den Weg von der kleinen Kirche in der Dorfmitte bis zum Friedhof am Rande.\nUnd der Sarg wird getragen von den M\u00e4nnern des Dorfes. Unseren Gro\u00dfv\u00e4tern, V\u00e4tern und Br\u00fcdern. \n\nDie meisten Vergleiche w\u00fcrde dieser Friedhof verlieren aber er ist und bleibt meine Nummer eins. Und ein Besuch Zuhause ist nicht vollst\u00e4ndig, ohne einen Besuch auf &quot;meinem Friedhof&quot;.\n\n#leybuchtpolder #leybucht #trauerrednerin \n#ostfriesland\n#friedhofskultur #tradition #deichblick #letztebastion #nachbarn #heimat #lebenundtod #tabuthematod #deich #zuhause #friedhof\" aria-hidden=\"true\">\n\t\t<\/a>\n\t<\/div>\n<\/div><div class=\"sbi_item sbi_type_image sbi_new sbi_transition\"\n\tid=\"sbi_17963180816336731\" data-date=\"1676444858\">\n\t<div class=\"sbi_photo_wrap\">\n\t\t<a class=\"sbi_photo\" href=\"https:\/\/www.instagram.com\/p\/CorJDDGMLyn\/\" target=\"_blank\" rel=\"noopener nofollow\"\n\t\t\tdata-full-res=\"https:\/\/scontent-fra5-2.cdninstagram.com\/v\/t51.29350-15\/330762461_134305899541392_8184820700114342684_n.webp?stp=dst-jpg&#038;_nc_cat=107&#038;ccb=1-7&#038;_nc_sid=8ae9d6&#038;_nc_ohc=3iuPsgxtP2wAX8wEOI-&#038;_nc_ht=scontent-fra5-2.cdninstagram.com&#038;edm=ANo9K5cEAAAA&#038;oh=00_AfAaMbtT_XmYVCmvyPmj6WCAws5RoCGSsBJ3pjm7cMHbMA&#038;oe=6472EA27\"\n\t\t\tdata-img-src-set=\"{&quot;d&quot;:&quot;https:\\\/\\\/scontent-fra5-2.cdninstagram.com\\\/v\\\/t51.29350-15\\\/330762461_134305899541392_8184820700114342684_n.webp?stp=dst-jpg&amp;_nc_cat=107&amp;ccb=1-7&amp;_nc_sid=8ae9d6&amp;_nc_ohc=3iuPsgxtP2wAX8wEOI-&amp;_nc_ht=scontent-fra5-2.cdninstagram.com&amp;edm=ANo9K5cEAAAA&amp;oh=00_AfAaMbtT_XmYVCmvyPmj6WCAws5RoCGSsBJ3pjm7cMHbMA&amp;oe=6472EA27&quot;,&quot;150&quot;:&quot;https:\\\/\\\/scontent-fra5-2.cdninstagram.com\\\/v\\\/t51.29350-15\\\/330762461_134305899541392_8184820700114342684_n.webp?stp=dst-jpg&amp;_nc_cat=107&amp;ccb=1-7&amp;_nc_sid=8ae9d6&amp;_nc_ohc=3iuPsgxtP2wAX8wEOI-&amp;_nc_ht=scontent-fra5-2.cdninstagram.com&amp;edm=ANo9K5cEAAAA&amp;oh=00_AfAaMbtT_XmYVCmvyPmj6WCAws5RoCGSsBJ3pjm7cMHbMA&amp;oe=6472EA27&quot;,&quot;320&quot;:&quot;https:\\\/\\\/scontent-fra5-2.cdninstagram.com\\\/v\\\/t51.29350-15\\\/330762461_134305899541392_8184820700114342684_n.webp?stp=dst-jpg&amp;_nc_cat=107&amp;ccb=1-7&amp;_nc_sid=8ae9d6&amp;_nc_ohc=3iuPsgxtP2wAX8wEOI-&amp;_nc_ht=scontent-fra5-2.cdninstagram.com&amp;edm=ANo9K5cEAAAA&amp;oh=00_AfAaMbtT_XmYVCmvyPmj6WCAws5RoCGSsBJ3pjm7cMHbMA&amp;oe=6472EA27&quot;,&quot;640&quot;:&quot;https:\\\/\\\/scontent-fra5-2.cdninstagram.com\\\/v\\\/t51.29350-15\\\/330762461_134305899541392_8184820700114342684_n.webp?stp=dst-jpg&amp;_nc_cat=107&amp;ccb=1-7&amp;_nc_sid=8ae9d6&amp;_nc_ohc=3iuPsgxtP2wAX8wEOI-&amp;_nc_ht=scontent-fra5-2.cdninstagram.com&amp;edm=ANo9K5cEAAAA&amp;oh=00_AfAaMbtT_XmYVCmvyPmj6WCAws5RoCGSsBJ3pjm7cMHbMA&amp;oe=6472EA27&quot;}\">\n\t\t\t<span class=\"sbi-screenreader\">#balance\n\nEs hei\u00dft ja, dass das wichtig ist. \n\nEs <\/span>\n\t\t\t\t\t\t\t\t\t<img decoding=\"async\" src=\"https:\/\/geschichten-des-abschieds.de\/wp-content\/plugins\/instagram-feed\/img\/placeholder.png\" alt=\"#balance\n\nEs hei\u00dft ja, dass das wichtig ist. \n\nEs hei\u00dft Trauer und Schmerz zeigen ist wichtig aber man muss auch Trauerpausen einlegen und die leichten Gef\u00fchle zulassen. \nEs hei\u00dft nach einem Verlust soll man sich wieder dem Leben zuwenden aber nicht zu schnell.\nEs hei\u00dft gutes Essen und gesunder Schlaf halten die Seele zusammen aber blo\u00df nicht zu viel davon.\nEs hei\u00dft, es ist wichtig auf sich selbst zu achten, sich zu lieben und zu h\u00fcten aber dabei nicht den Blick f\u00fcr Andere vergessen weil das egoistisch w\u00e4re. \n\nIrgendwie sind das ziemlich viele &quot;es hei\u00dft&quot;  und &quot;mann soll&quot;. Ziemlich viele Regeln und RatSCHL\u00c4GE. Ziemlich viele gute Dinge, die sich aber ziemlich widersprechen und mittendrin gestaltet sich die Suche nach Halt und einem richtigen Weg oft schwierig. \n\nSicher viele dieser Aussagen enthalten eine Wahrheit und k\u00f6nnen funktionieren. Sicherlich ist Balance ein gutes Gef\u00fchl. Sicher ist aber auch das Krise das Gegenteil von Balance ist. Krise ist Chaos, neu sortieren, hineinfallen in die Extreme. Verlust hei\u00dft oft auch Identit\u00e4tsverlust und hei\u00dft eben nicht Balance. \n\nBalance kann ein Ziel sein. Das\nes aber nicht f\u00fcr jeden erstrebenswert ist und nunmal nicht einfach so erreicht wird, wird oft vergessen. So entsteht Druck und wir hadern mit unserem Chaos und Wandel, anstatt zu erforschen was das Chaos f\u00fcr uns bereith\u00e4lt.\n\nBalance in Krise kann auch hei\u00dfen zwischen Extremen zu pendeln.\nBalance in Kriese kann auch hei\u00dfen, zu w\u00fcnschen selbst zu sterben und gleichzeitig Pl\u00e4ne f\u00fcr die Zukunft machen. \nBalance in Krise hei\u00dft auch Zerissen sein zwischen freilassen und festhalten. \n\nGesunder Schlaf kann auch am Tage sein, wenn wir die Nacht wach und unruhig waren. Und Eiscreme ist vielleicht nicht f\u00fcr den Bizeps gesund aber sicherlich f\u00fcr die Seele.\n\nManchmal ist es okay aus all dem Chaos und den Extreme den Mittelwert zu nehmen um die Balance zu finden. Manchmal ist Trauer und Krise kein Wettkampf, sondern ein ureigener Prozess, der uns nirgendwo anders hinf\u00fchrt als zu uns selbst. \n\nUnd vielleicht ist es wichtig, all die Regeln mal wie Steine zu Stapeln und weiter zu gehen am Meer entlang denn Balance hei\u00dft auch Hingabe und Durchatmen.\n\n#achtsamkeit#trauerwege\" aria-hidden=\"true\">\n\t\t<\/a>\n\t<\/div>\n<\/div><div class=\"sbi_item sbi_type_carousel sbi_new sbi_transition\"\n\tid=\"sbi_17846536397916853\" data-date=\"1675977125\">\n\t<div class=\"sbi_photo_wrap\">\n\t\t<a class=\"sbi_photo\" href=\"https:\/\/www.instagram.com\/p\/CodM6sdMQ0G\/\" target=\"_blank\" rel=\"noopener nofollow\"\n\t\t\tdata-full-res=\"https:\/\/scontent-fra3-1.cdninstagram.com\/v\/t51.29350-15\/330393000_1362036711240294_7838844121300052476_n.webp?stp=dst-jpg&#038;_nc_cat=103&#038;ccb=1-7&#038;_nc_sid=8ae9d6&#038;_nc_ohc=89DZMZQk83cAX8eBWfw&#038;_nc_oc=AQm5W5FOYP_oelmpaM9ey8PYc-wfyyI-W6WtGpmVlVPuuABM5BSAzak3pT06ybzuSZ4&#038;_nc_ht=scontent-fra3-1.cdninstagram.com&#038;edm=ANo9K5cEAAAA&#038;oh=00_AfDVJ1tQ0-rffxzL2iyRq7AjvrLxr2xkUKp819t4bwjJFw&#038;oe=6473BC91\"\n\t\t\tdata-img-src-set=\"{&quot;d&quot;:&quot;https:\\\/\\\/scontent-fra3-1.cdninstagram.com\\\/v\\\/t51.29350-15\\\/330393000_1362036711240294_7838844121300052476_n.webp?stp=dst-jpg&amp;_nc_cat=103&amp;ccb=1-7&amp;_nc_sid=8ae9d6&amp;_nc_ohc=89DZMZQk83cAX8eBWfw&amp;_nc_oc=AQm5W5FOYP_oelmpaM9ey8PYc-wfyyI-W6WtGpmVlVPuuABM5BSAzak3pT06ybzuSZ4&amp;_nc_ht=scontent-fra3-1.cdninstagram.com&amp;edm=ANo9K5cEAAAA&amp;oh=00_AfDVJ1tQ0-rffxzL2iyRq7AjvrLxr2xkUKp819t4bwjJFw&amp;oe=6473BC91&quot;,&quot;150&quot;:&quot;https:\\\/\\\/scontent-fra3-1.cdninstagram.com\\\/v\\\/t51.29350-15\\\/330393000_1362036711240294_7838844121300052476_n.webp?stp=dst-jpg&amp;_nc_cat=103&amp;ccb=1-7&amp;_nc_sid=8ae9d6&amp;_nc_ohc=89DZMZQk83cAX8eBWfw&amp;_nc_oc=AQm5W5FOYP_oelmpaM9ey8PYc-wfyyI-W6WtGpmVlVPuuABM5BSAzak3pT06ybzuSZ4&amp;_nc_ht=scontent-fra3-1.cdninstagram.com&amp;edm=ANo9K5cEAAAA&amp;oh=00_AfDVJ1tQ0-rffxzL2iyRq7AjvrLxr2xkUKp819t4bwjJFw&amp;oe=6473BC91&quot;,&quot;320&quot;:&quot;https:\\\/\\\/scontent-fra3-1.cdninstagram.com\\\/v\\\/t51.29350-15\\\/330393000_1362036711240294_7838844121300052476_n.webp?stp=dst-jpg&amp;_nc_cat=103&amp;ccb=1-7&amp;_nc_sid=8ae9d6&amp;_nc_ohc=89DZMZQk83cAX8eBWfw&amp;_nc_oc=AQm5W5FOYP_oelmpaM9ey8PYc-wfyyI-W6WtGpmVlVPuuABM5BSAzak3pT06ybzuSZ4&amp;_nc_ht=scontent-fra3-1.cdninstagram.com&amp;edm=ANo9K5cEAAAA&amp;oh=00_AfDVJ1tQ0-rffxzL2iyRq7AjvrLxr2xkUKp819t4bwjJFw&amp;oe=6473BC91&quot;,&quot;640&quot;:&quot;https:\\\/\\\/scontent-fra3-1.cdninstagram.com\\\/v\\\/t51.29350-15\\\/330393000_1362036711240294_7838844121300052476_n.webp?stp=dst-jpg&amp;_nc_cat=103&amp;ccb=1-7&amp;_nc_sid=8ae9d6&amp;_nc_ohc=89DZMZQk83cAX8eBWfw&amp;_nc_oc=AQm5W5FOYP_oelmpaM9ey8PYc-wfyyI-W6WtGpmVlVPuuABM5BSAzak3pT06ybzuSZ4&amp;_nc_ht=scontent-fra3-1.cdninstagram.com&amp;edm=ANo9K5cEAAAA&amp;oh=00_AfDVJ1tQ0-rffxzL2iyRq7AjvrLxr2xkUKp819t4bwjJFw&amp;oe=6473BC91&quot;}\">\n\t\t\t<span class=\"sbi-screenreader\">&quot;Da w\u00e4chst schon Gras dr\u00fcber...&quot; \n\nIst einer diese<\/span>\n\t\t\t<svg class=\"svg-inline--fa fa-clone fa-w-16 sbi_lightbox_carousel_icon\" aria-hidden=\"true\" aria-label=\"Clone\" data-fa-pro\u0192cessed=\"\" data-prefix=\"far\" data-icon=\"clone\" role=\"img\" xmlns=\"http:\/\/www.w3.org\/2000\/svg\" viewBox=\"0 0 512 512\">\n                    <path fill=\"currentColor\" d=\"M464 0H144c-26.51 0-48 21.49-48 48v48H48c-26.51 0-48 21.49-48 48v320c0 26.51 21.49 48 48 48h320c26.51 0 48-21.49 48-48v-48h48c26.51 0 48-21.49 48-48V48c0-26.51-21.49-48-48-48zM362 464H54a6 6 0 0 1-6-6V150a6 6 0 0 1 6-6h42v224c0 26.51 21.49 48 48 48h224v42a6 6 0 0 1-6 6zm96-96H150a6 6 0 0 1-6-6V54a6 6 0 0 1 6-6h308a6 6 0 0 1 6 6v308a6 6 0 0 1-6 6z\"><\/path>\n                <\/svg>\t\t\t\t\t\t<img decoding=\"async\" src=\"https:\/\/geschichten-des-abschieds.de\/wp-content\/plugins\/instagram-feed\/img\/placeholder.png\" alt=\"&quot;Da w\u00e4chst schon Gras dr\u00fcber...&quot; \n\nIst einer dieser S\u00e4tze den wir alle kennen und der leider all zu oft genutzt wird um Gef\u00fchle zu bagatellisieren oder den Anschein vermitteln sollen, das Trauer und Abschied irgendwann zuende sind.\n\nDas es  irgendwann geschafft ist und wenn du es nicht schaffst, wenn kein Gras dr\u00fcber w\u00e4chst und die Zeit nicht alle Wunden geheilt hat, dann hast du eben versagt. Hast nicht genug &quot;Trauerarbeit&quot; geleistet oder nicht gut genug &quot;Losgelassen&quot;. \n\nWas tr\u00f6sten soll, das tut eigentlich genau das Gegenteil. Und ist viel eher ein Spiegel des Staus Trauer in unserer Gesellschaft, als wirklich gut gemeint. \n\nWas ist denn wenn wir nicht dr\u00fcber weg kommen wollen? \nWas hei\u00dft das \u00fcberhaupt?  Und warum ist das das Ziel?\nWenn wir ehrlich sind, ist es doch oft etwas ganz anderes was wir brauchen und wollen.\n\nUnsere Liebsten werden immer ein Teil von uns bleiben und ja so werden wir immer erinnert das sie fehlen aber sie fehlen ja auch! Und sie werden immer fehlen und wir werden sie immer lieben. Sie werden immer einen Platz in unserem Leben haben, nicht nur in unseren Herzen. Sie werden immer wichtig sein und sie sollten auch wichtig bleiben d\u00fcrfen. \n\nVielleicht k\u00f6nnen wir versuchen, eine ganz neue Qualit\u00e4t der Verbundenheit zu kultivieren, ihnen ganz bewusst Raum einr\u00e4umen und wegkommen vom Loslassen hin zum Freilassen und dann wahrzunehmen, was anders ist und was eben auch bleiben will und darf. \n\nVielleicht k\u00f6nnen wir so auch versuchen, dass Verlust nicht immer ein Krieg gegen uns selbst zum Ergebnis hat und wir uns aufh\u00f6ren zu qu\u00e4len mit dem Gras dr\u00fcber wachsen lassen. \n\nVielleicht k\u00f6nnen wir wieder anfangen aufzuh\u00f6ren unsere Liebsten &quot;totzuschweigen&quot; und unsere Gef\u00fchle auch. Weil sie ein Teil bleiben d\u00fcrfen, weil wir ihre Namen nennen wollen, weil sie wichtig sind und nah Und das ist etwas Sch\u00f6nes auch wenn es schmerzen kann.\n\n&quot;Da w\u00e4chst also eben kein Gras dr\u00fcber&quot; weil wir weiter sch\u00f6n flei\u00dfig  harken, damit das auch so bleibt. So wie der Herr, der mir mit seiner wunderbaren Nachricht erlaubt hat mit euch zu teilen, was vielen auf dem Herzen und in den Harken liegt\u2661 \n\n#erinnerungskultur\n#liebeendetnichtmitdemtod #tabuthematrauer #zulassen\" aria-hidden=\"true\">\n\t\t<\/a>\n\t<\/div>\n<\/div><div class=\"sbi_item sbi_type_image sbi_new sbi_transition\"\n\tid=\"sbi_17970956953956351\" data-date=\"1675438016\">\n\t<div class=\"sbi_photo_wrap\">\n\t\t<a class=\"sbi_photo\" href=\"https:\/\/www.instagram.com\/p\/CoNIpfcspBG\/\" target=\"_blank\" rel=\"noopener nofollow\"\n\t\t\tdata-full-res=\"https:\/\/scontent-fra5-1.cdninstagram.com\/v\/t51.29350-15\/328600208_2927038840762863_1668767689617437363_n.webp?stp=dst-jpg&#038;_nc_cat=108&#038;ccb=1-7&#038;_nc_sid=8ae9d6&#038;_nc_ohc=vwfuG2V_21wAX-9es7h&#038;_nc_ht=scontent-fra5-1.cdninstagram.com&#038;edm=ANo9K5cEAAAA&#038;oh=00_AfAX4NQx0hn7whiBMjSaGYtmACx9yLKLof1ItLLsv-BzkQ&#038;oe=6472CA1B\"\n\t\t\tdata-img-src-set=\"{&quot;d&quot;:&quot;https:\\\/\\\/scontent-fra5-1.cdninstagram.com\\\/v\\\/t51.29350-15\\\/328600208_2927038840762863_1668767689617437363_n.webp?stp=dst-jpg&amp;_nc_cat=108&amp;ccb=1-7&amp;_nc_sid=8ae9d6&amp;_nc_ohc=vwfuG2V_21wAX-9es7h&amp;_nc_ht=scontent-fra5-1.cdninstagram.com&amp;edm=ANo9K5cEAAAA&amp;oh=00_AfAX4NQx0hn7whiBMjSaGYtmACx9yLKLof1ItLLsv-BzkQ&amp;oe=6472CA1B&quot;,&quot;150&quot;:&quot;https:\\\/\\\/scontent-fra5-1.cdninstagram.com\\\/v\\\/t51.29350-15\\\/328600208_2927038840762863_1668767689617437363_n.webp?stp=dst-jpg&amp;_nc_cat=108&amp;ccb=1-7&amp;_nc_sid=8ae9d6&amp;_nc_ohc=vwfuG2V_21wAX-9es7h&amp;_nc_ht=scontent-fra5-1.cdninstagram.com&amp;edm=ANo9K5cEAAAA&amp;oh=00_AfAX4NQx0hn7whiBMjSaGYtmACx9yLKLof1ItLLsv-BzkQ&amp;oe=6472CA1B&quot;,&quot;320&quot;:&quot;https:\\\/\\\/scontent-fra5-1.cdninstagram.com\\\/v\\\/t51.29350-15\\\/328600208_2927038840762863_1668767689617437363_n.webp?stp=dst-jpg&amp;_nc_cat=108&amp;ccb=1-7&amp;_nc_sid=8ae9d6&amp;_nc_ohc=vwfuG2V_21wAX-9es7h&amp;_nc_ht=scontent-fra5-1.cdninstagram.com&amp;edm=ANo9K5cEAAAA&amp;oh=00_AfAX4NQx0hn7whiBMjSaGYtmACx9yLKLof1ItLLsv-BzkQ&amp;oe=6472CA1B&quot;,&quot;640&quot;:&quot;https:\\\/\\\/scontent-fra5-1.cdninstagram.com\\\/v\\\/t51.29350-15\\\/328600208_2927038840762863_1668767689617437363_n.webp?stp=dst-jpg&amp;_nc_cat=108&amp;ccb=1-7&amp;_nc_sid=8ae9d6&amp;_nc_ohc=vwfuG2V_21wAX-9es7h&amp;_nc_ht=scontent-fra5-1.cdninstagram.com&amp;edm=ANo9K5cEAAAA&amp;oh=00_AfAX4NQx0hn7whiBMjSaGYtmACx9yLKLof1ItLLsv-BzkQ&amp;oe=6472CA1B&quot;}\">\n\t\t\t<span class=\"sbi-screenreader\">Wenn ich tot bin bringt mich zum Meer.\n\nBringt mic<\/span>\n\t\t\t\t\t\t\t\t\t<img decoding=\"async\" src=\"https:\/\/geschichten-des-abschieds.de\/wp-content\/plugins\/instagram-feed\/img\/placeholder.png\" alt=\"Wenn ich tot bin bringt mich zum Meer.\n\nBringt mich dahin wo Himmel und Erde sich treffen.\n\nDahin wo Heimat ist und wo Heimat sein wird. Ich werde mich nicht f\u00fcrchten, denn sie ist mir vertraut.\n\nWo ich endlich sein kann, in der Endlosigkeit zwischen werden, sein und vergehen. \n\nDie See hat keine Angst vor den Gezeiten, sie wei\u00df alles hat seine Zeit. \n\nDie See hat keine Angst vor den St\u00fcrmen des Lebens, vor der Wut der Wellen vor dem peitschenden Wind der alles mit rei\u00dft, was sich gegen ihn stellt. Sie wei\u00df das Chaos Leben ist, das Wildheit Freiheit ist. Und das Frei sein gut ist.\n\nDie See hat aber auch keine Angst vor der Stille. Vor den Momenten, wenn die See dem Himmel ein Spiegel wird. Wo Weite ist und Leere. Denn sie wei\u00df, genau hier ist der Frieden Zuhause. \n\nBringt mich zu den Weiten, zu denen viele streben um den Geist ein wenig Unendlichkeit zu g\u00f6nnen. \nZu den Weiten, die f\u00fcr viele schon Endlichkeit waren.\n\nWenn ich tot bin, bringt mich zur See. \nSie ist meine Heimat und wird mich h\u00fcten. \nSie hat mich gepr\u00e4gt durch die Kindheit am Fu\u00df der Deiche. Sie hat mich gepr\u00e4gt in den sch\u00f6nsten und schwersten Momenten. \n\nSie wird meine Heimat sein in Wildheit und Stille. Und sie wird meinen Liebsten ein Ort zum Erinnern sein. Immer wenn sie an die See treten und ihre Seelen und Herzen frei atmen lassen, wird sie ihnen ein Ort der Heilung sein.\n\nSo soll es sein. \n\nUnd bis es soweit ist, wird sie mich immer wieder zu sich rufen. Denn wir sind eins. Das Kind vom Meer und die gro\u00dfe Mutter der weiten Meere. Die die Leben ist und Tod. \n\nDie die Heimat ist und Sch\u00f6nheit.\n\n#lebenundtod #see #ostsee #nordsee #k\u00fcstenkind #gedanken\u00fcberdentod #gespensterwaldnienhagen #vorbereitetsein #arsmoriendi #arsvivendi #achtsamkeit #heimat #einabschieddarfsch\u00f6nsein #trauerrednerin #individuelleabschiede #sterblichkeit #lebendigsein #liebe\" aria-hidden=\"true\">\n\t\t<\/a>\n\t<\/div>\n<\/div><div class=\"sbi_item sbi_type_image sbi_new sbi_transition\"\n\tid=\"sbi_18047750872395837\" data-date=\"1675437981\">\n\t<div class=\"sbi_photo_wrap\">\n\t\t<a class=\"sbi_photo\" href=\"https:\/\/www.instagram.com\/p\/CoNIlMpsliS\/\" target=\"_blank\" rel=\"noopener nofollow\"\n\t\t\tdata-full-res=\"https:\/\/scontent-fra5-1.cdninstagram.com\/v\/t51.29350-15\/328666091_203378302212847_8219684943002055343_n.webp?stp=dst-jpg&#038;_nc_cat=102&#038;ccb=1-7&#038;_nc_sid=8ae9d6&#038;_nc_ohc=01VWK3HLFAgAX-zYRjb&#038;_nc_ht=scontent-fra5-1.cdninstagram.com&#038;edm=ANo9K5cEAAAA&#038;oh=00_AfAAooUvFwhSNxtgysgRWQn8teGobvw9nsD-unp-mgEhKA&#038;oe=64734478\"\n\t\t\tdata-img-src-set=\"{&quot;d&quot;:&quot;https:\\\/\\\/scontent-fra5-1.cdninstagram.com\\\/v\\\/t51.29350-15\\\/328666091_203378302212847_8219684943002055343_n.webp?stp=dst-jpg&amp;_nc_cat=102&amp;ccb=1-7&amp;_nc_sid=8ae9d6&amp;_nc_ohc=01VWK3HLFAgAX-zYRjb&amp;_nc_ht=scontent-fra5-1.cdninstagram.com&amp;edm=ANo9K5cEAAAA&amp;oh=00_AfAAooUvFwhSNxtgysgRWQn8teGobvw9nsD-unp-mgEhKA&amp;oe=64734478&quot;,&quot;150&quot;:&quot;https:\\\/\\\/scontent-fra5-1.cdninstagram.com\\\/v\\\/t51.29350-15\\\/328666091_203378302212847_8219684943002055343_n.webp?stp=dst-jpg&amp;_nc_cat=102&amp;ccb=1-7&amp;_nc_sid=8ae9d6&amp;_nc_ohc=01VWK3HLFAgAX-zYRjb&amp;_nc_ht=scontent-fra5-1.cdninstagram.com&amp;edm=ANo9K5cEAAAA&amp;oh=00_AfAAooUvFwhSNxtgysgRWQn8teGobvw9nsD-unp-mgEhKA&amp;oe=64734478&quot;,&quot;320&quot;:&quot;https:\\\/\\\/scontent-fra5-1.cdninstagram.com\\\/v\\\/t51.29350-15\\\/328666091_203378302212847_8219684943002055343_n.webp?stp=dst-jpg&amp;_nc_cat=102&amp;ccb=1-7&amp;_nc_sid=8ae9d6&amp;_nc_ohc=01VWK3HLFAgAX-zYRjb&amp;_nc_ht=scontent-fra5-1.cdninstagram.com&amp;edm=ANo9K5cEAAAA&amp;oh=00_AfAAooUvFwhSNxtgysgRWQn8teGobvw9nsD-unp-mgEhKA&amp;oe=64734478&quot;,&quot;640&quot;:&quot;https:\\\/\\\/scontent-fra5-1.cdninstagram.com\\\/v\\\/t51.29350-15\\\/328666091_203378302212847_8219684943002055343_n.webp?stp=dst-jpg&amp;_nc_cat=102&amp;ccb=1-7&amp;_nc_sid=8ae9d6&amp;_nc_ohc=01VWK3HLFAgAX-zYRjb&amp;_nc_ht=scontent-fra5-1.cdninstagram.com&amp;edm=ANo9K5cEAAAA&amp;oh=00_AfAAooUvFwhSNxtgysgRWQn8teGobvw9nsD-unp-mgEhKA&amp;oe=64734478&quot;}\">\n\t\t\t<span class=\"sbi-screenreader\">Wenn ich tot bin bringt mich zum Meer.\n\nBringt mic<\/span>\n\t\t\t\t\t\t\t\t\t<img decoding=\"async\" src=\"https:\/\/geschichten-des-abschieds.de\/wp-content\/plugins\/instagram-feed\/img\/placeholder.png\" alt=\"Wenn ich tot bin bringt mich zum Meer.\n\nBringt mich dahin wo Himmel und Erde sich treffen.\n\nDahin wo Heimat ist und wo Heimat sein wird. Ich werde mich nicht f\u00fcrchten, denn sie ist mir vertraut.\n\nWo ich endlich sein kann, in der Endlosigkeit zwischen werden, sein und vergehen. \n\nDie See hat keine Angst vor den Gezeiten, sie wei\u00df alles hat seine Zeit. \n\nDie See hat keine Angst vor den St\u00fcrmen des Lebens, vor der Wut der Wellen vor dem peitschenden Wind der alles mit rei\u00dft, was sich gegen ihn stellt. Sie wei\u00df das Chaos Leben ist, das Wildheit Freiheit ist. Und das Frei sein gut ist.\n\nDie See hat aber auch keine Angst vor der Stille. Vor den Momenten, wenn die See dem Himmel ein Spiegel wird. Wo Weite ist und Leere. Denn sie wei\u00df, genau hier ist der Frieden Zuhause. \n\nBringt mich zu den Weiten, zu denen viele streben um den Geist ein wenig Unendlichkeit zu g\u00f6nnen. \nZu den Weiten, die f\u00fcr viele schon Endlichkeit waren.\n\nWenn ich tot bin, bringt mich zur See. \nSie ist meine Heimat und wird mich h\u00fcten. \nSie hat mich gepr\u00e4gt durch die Kindheit am Fu\u00df der Deiche. Sie hat mich gepr\u00e4gt in den sch\u00f6nsten und schwersten Momenten. \n\nSie wird meine Heimat sein in Wildheit und Stille. Und sie wird meinen Liebsten ein Ort zum Erinnern sein. Immer wenn sie an die See treten und ihre Seelen und Herzen frei atmen lassen, wird sie ihnen ein Ort der Heilung sein.\n\nSo soll es sein. \n\nUnd bis es soweit ist, wird sie mich immer wieder zu sich rufen. Denn wir sind eins. Das Kind vom Meer und die gro\u00dfe Mutter der weiten Meere. Die die Leben ist und Tod. \n\nDie die Heimat ist und Sch\u00f6nheit.\n\n#lebenundtod #see #ostsee #nordsee #k\u00fcstenkind #gedanken\u00fcberdentod #gespensterwaldnienhagen #vorbereitetsein #arsmoriendi #arsvivendi #achtsamkeit #heimat #einabschieddarfsch\u00f6nsein #trauerrednerin #individuelleabschiede #sterblichkeit #lebendigsein #liebe\" aria-hidden=\"true\">\n\t\t<\/a>\n\t<\/div>\n<\/div><div class=\"sbi_item sbi_type_image sbi_new sbi_transition\"\n\tid=\"sbi_17961380225498636\" data-date=\"1675277395\">\n\t<div class=\"sbi_photo_wrap\">\n\t\t<a class=\"sbi_photo\" href=\"https:\/\/www.instagram.com\/p\/CoIWSdDMGgX\/\" target=\"_blank\" rel=\"noopener nofollow\"\n\t\t\tdata-full-res=\"https:\/\/scontent-fra3-1.cdninstagram.com\/v\/t51.29350-15\/327889386_756385169390921_2608487996708755858_n.webp?stp=dst-jpg&#038;_nc_cat=104&#038;ccb=1-7&#038;_nc_sid=8ae9d6&#038;_nc_ohc=k_PTNY1kTjAAX_7-L4K&#038;_nc_ht=scontent-fra3-1.cdninstagram.com&#038;edm=ANo9K5cEAAAA&#038;oh=00_AfDU_QWV5sx6XSThIR8tw30mMExMjHEldVlJd6xR_k5KwA&#038;oe=64749AF2\"\n\t\t\tdata-img-src-set=\"{&quot;d&quot;:&quot;https:\\\/\\\/scontent-fra3-1.cdninstagram.com\\\/v\\\/t51.29350-15\\\/327889386_756385169390921_2608487996708755858_n.webp?stp=dst-jpg&amp;_nc_cat=104&amp;ccb=1-7&amp;_nc_sid=8ae9d6&amp;_nc_ohc=k_PTNY1kTjAAX_7-L4K&amp;_nc_ht=scontent-fra3-1.cdninstagram.com&amp;edm=ANo9K5cEAAAA&amp;oh=00_AfDU_QWV5sx6XSThIR8tw30mMExMjHEldVlJd6xR_k5KwA&amp;oe=64749AF2&quot;,&quot;150&quot;:&quot;https:\\\/\\\/scontent-fra3-1.cdninstagram.com\\\/v\\\/t51.29350-15\\\/327889386_756385169390921_2608487996708755858_n.webp?stp=dst-jpg&amp;_nc_cat=104&amp;ccb=1-7&amp;_nc_sid=8ae9d6&amp;_nc_ohc=k_PTNY1kTjAAX_7-L4K&amp;_nc_ht=scontent-fra3-1.cdninstagram.com&amp;edm=ANo9K5cEAAAA&amp;oh=00_AfDU_QWV5sx6XSThIR8tw30mMExMjHEldVlJd6xR_k5KwA&amp;oe=64749AF2&quot;,&quot;320&quot;:&quot;https:\\\/\\\/scontent-fra3-1.cdninstagram.com\\\/v\\\/t51.29350-15\\\/327889386_756385169390921_2608487996708755858_n.webp?stp=dst-jpg&amp;_nc_cat=104&amp;ccb=1-7&amp;_nc_sid=8ae9d6&amp;_nc_ohc=k_PTNY1kTjAAX_7-L4K&amp;_nc_ht=scontent-fra3-1.cdninstagram.com&amp;edm=ANo9K5cEAAAA&amp;oh=00_AfDU_QWV5sx6XSThIR8tw30mMExMjHEldVlJd6xR_k5KwA&amp;oe=64749AF2&quot;,&quot;640&quot;:&quot;https:\\\/\\\/scontent-fra3-1.cdninstagram.com\\\/v\\\/t51.29350-15\\\/327889386_756385169390921_2608487996708755858_n.webp?stp=dst-jpg&amp;_nc_cat=104&amp;ccb=1-7&amp;_nc_sid=8ae9d6&amp;_nc_ohc=k_PTNY1kTjAAX_7-L4K&amp;_nc_ht=scontent-fra3-1.cdninstagram.com&amp;edm=ANo9K5cEAAAA&amp;oh=00_AfDU_QWV5sx6XSThIR8tw30mMExMjHEldVlJd6xR_k5KwA&amp;oe=64749AF2&quot;}\">\n\t\t\t<span class=\"sbi-screenreader\">Grenzen...\n\nIn meinem Leben, eins der wichtigsten <\/span>\n\t\t\t\t\t\t\t\t\t<img decoding=\"async\" src=\"https:\/\/geschichten-des-abschieds.de\/wp-content\/plugins\/instagram-feed\/img\/placeholder.png\" alt=\"Grenzen...\n\nIn meinem Leben, eins der wichtigsten aber auch der schwierigsten Themen.\n\nGrenzen sind wichtig.\nF\u00fcr unser psychisches und physisches Wohlbefinden, f\u00fcr die Gemeinschaft, beruflich und privat.\n\nGrenzen k\u00f6nnen sch\u00f6n und elegant aussehen, wie das frisch restaurierte Tor auf dem Lesumer Friedhof, das ihr auf dem Bild sehen k\u00f6nnt. \n\nSie geben Kraft, Halt und Geborgenheit.\n\nDas alte Wort einfrieden, kommt aus der Zeit in der wir Menschen begannen sesshaft zu werden und wir unseren Lebensmittelpunkt einfriedeten um eine Grenze zu schaffen zwischen Wildnis und Heim.\nEinfrieden hie\u00df ganz buchst\u00e4blich, Frieden f\u00fcr die Gemeinschaft. Etwas schaffen hinter dem wir uns ausruhen und wohlf\u00fchlen k\u00f6nnen.\n\nGrenzen k\u00f6nnen \u00fcberlebenswichtig sein, zum Beispiel unsere Haut. Das gr\u00f6\u00dfte Organ an unserem K\u00f6rper, voll gepackt mit Sinn und Sein. Sie sch\u00fctzt uns vor allem was auf uns einwirkt und gleichzeitig macht sie unser erleben erst wirklich m\u00f6glich. \n\nWas machen wir mit unseren Z\u00e4unen oder unserer Haut, damit wir sie lange gut erhalten k\u00f6nnen? Wir pflegen sie. \n\nWarum ist es also so schwer die Grenze unseres Herzen, unserer Seele unseres Geistes zu sch\u00fctzen? \n\nWeil wir gelernt haben, das nicht zu tun. Wir lernen von Kindesbeinen an unsere inneliegenden Grenzen zu missachten. Um uns anzupassen und Anspr\u00fcchen zu gen\u00fcgen.\n\nWir wollen nicht ungem\u00fctlich, laut oder fordernd sein. Wollen keine Spielverderber sein oder  auf F\u00fc\u00dfe treten. \nAlles nur, um erfolgreich zu sein, oder wenigstens nicht aufzufallen. \n\nAlles nur, um  geliebt zu werden. Dabei merken wir nicht, dass wir, wenn wir vers\u00e4umen unsere eigenen Grenzen zu achten uns auch von der Liebe trennen. Denn die beginnt im Inneren, im Selbst, hinter der Grenze.\n\nDies ist ein Ja zu gesunden Grenzen, zu Mitgef\u00fchl, Achtsamkeit und Anteilnahme auch f\u00fcr uns selbst. \nF\u00fcr Raum einnehmen, auch in der Trauer, nein zu sagen oder ja, Wahrheit zu zeigen.\nF\u00fcr das Aufleben unseres Bauchgef\u00fchls, denn das erwacht in dem Moment indem es in Frieden sein darf, gesch\u00fctzt durch gut gepflegte Grenzen.\n\n#grenzensetzen\n#innererfrieden #innerewahrheit #authentizit\u00e4t  #bauchgef\u00fchl #eckenundkanten #tabuthema #bed\u00fcrfnisorientiert  #achtsamkeit #liebe\" aria-hidden=\"true\">\n\t\t<\/a>\n\t<\/div>\n<\/div><div class=\"sbi_item sbi_type_image sbi_new sbi_transition\"\n\tid=\"sbi_17971830674031763\" data-date=\"1674568414\">\n\t<div class=\"sbi_photo_wrap\">\n\t\t<a class=\"sbi_photo\" href=\"https:\/\/www.instagram.com\/p\/CnzOA7LMifr\/\" target=\"_blank\" rel=\"noopener nofollow\"\n\t\t\tdata-full-res=\"https:\/\/scontent-fra3-1.cdninstagram.com\/v\/t51.29350-15\/327385739_1454704711602214_3692489524150234018_n.webp?stp=dst-jpg&#038;_nc_cat=103&#038;ccb=1-7&#038;_nc_sid=8ae9d6&#038;_nc_ohc=Ebs--szcpioAX-kH_5X&#038;_nc_ht=scontent-fra3-1.cdninstagram.com&#038;edm=ANo9K5cEAAAA&#038;oh=00_AfA6u4O87s7MXVI3xncXy2hjyTBmcjjW17dZfrF4ABejQw&#038;oe=6473A480\"\n\t\t\tdata-img-src-set=\"{&quot;d&quot;:&quot;https:\\\/\\\/scontent-fra3-1.cdninstagram.com\\\/v\\\/t51.29350-15\\\/327385739_1454704711602214_3692489524150234018_n.webp?stp=dst-jpg&amp;_nc_cat=103&amp;ccb=1-7&amp;_nc_sid=8ae9d6&amp;_nc_ohc=Ebs--szcpioAX-kH_5X&amp;_nc_ht=scontent-fra3-1.cdninstagram.com&amp;edm=ANo9K5cEAAAA&amp;oh=00_AfA6u4O87s7MXVI3xncXy2hjyTBmcjjW17dZfrF4ABejQw&amp;oe=6473A480&quot;,&quot;150&quot;:&quot;https:\\\/\\\/scontent-fra3-1.cdninstagram.com\\\/v\\\/t51.29350-15\\\/327385739_1454704711602214_3692489524150234018_n.webp?stp=dst-jpg&amp;_nc_cat=103&amp;ccb=1-7&amp;_nc_sid=8ae9d6&amp;_nc_ohc=Ebs--szcpioAX-kH_5X&amp;_nc_ht=scontent-fra3-1.cdninstagram.com&amp;edm=ANo9K5cEAAAA&amp;oh=00_AfA6u4O87s7MXVI3xncXy2hjyTBmcjjW17dZfrF4ABejQw&amp;oe=6473A480&quot;,&quot;320&quot;:&quot;https:\\\/\\\/scontent-fra3-1.cdninstagram.com\\\/v\\\/t51.29350-15\\\/327385739_1454704711602214_3692489524150234018_n.webp?stp=dst-jpg&amp;_nc_cat=103&amp;ccb=1-7&amp;_nc_sid=8ae9d6&amp;_nc_ohc=Ebs--szcpioAX-kH_5X&amp;_nc_ht=scontent-fra3-1.cdninstagram.com&amp;edm=ANo9K5cEAAAA&amp;oh=00_AfA6u4O87s7MXVI3xncXy2hjyTBmcjjW17dZfrF4ABejQw&amp;oe=6473A480&quot;,&quot;640&quot;:&quot;https:\\\/\\\/scontent-fra3-1.cdninstagram.com\\\/v\\\/t51.29350-15\\\/327385739_1454704711602214_3692489524150234018_n.webp?stp=dst-jpg&amp;_nc_cat=103&amp;ccb=1-7&amp;_nc_sid=8ae9d6&amp;_nc_ohc=Ebs--szcpioAX-kH_5X&amp;_nc_ht=scontent-fra3-1.cdninstagram.com&amp;edm=ANo9K5cEAAAA&amp;oh=00_AfA6u4O87s7MXVI3xncXy2hjyTBmcjjW17dZfrF4ABejQw&amp;oe=6473A480&quot;}\">\n\t\t\t<span class=\"sbi-screenreader\">Weil sie mich r\u00fchren, die sanften Riesen. \n\nWas ma<\/span>\n\t\t\t\t\t\t\t\t\t<img decoding=\"async\" src=\"https:\/\/geschichten-des-abschieds.de\/wp-content\/plugins\/instagram-feed\/img\/placeholder.png\" alt=\"Weil sie mich r\u00fchren, die sanften Riesen. \n\nWas macht das Bild mit euch?\n\n#sch\u00f6nheitdernatur #lebenswege #natur #treeoflife #mysticnature #axhtsamkeit #wege #gedanken\u00fcberdentod \n#hugatree\" aria-hidden=\"true\">\n\t\t<\/a>\n\t<\/div>\n<\/div><div class=\"sbi_item sbi_type_image sbi_new sbi_transition\"\n\tid=\"sbi_17842267394936148\" data-date=\"1674568402\">\n\t<div class=\"sbi_photo_wrap\">\n\t\t<a class=\"sbi_photo\" href=\"https:\/\/www.instagram.com\/p\/CnzN_ZPMFyR\/\" target=\"_blank\" rel=\"noopener nofollow\"\n\t\t\tdata-full-res=\"https:\/\/scontent-fra5-2.cdninstagram.com\/v\/t51.29350-15\/326595050_3417027041913153_7274297158732587361_n.webp?stp=dst-jpg&#038;_nc_cat=106&#038;ccb=1-7&#038;_nc_sid=8ae9d6&#038;_nc_ohc=UCswWqc3NbcAX-iOqHq&#038;_nc_ht=scontent-fra5-2.cdninstagram.com&#038;edm=ANo9K5cEAAAA&#038;oh=00_AfAu3FU1ROeD7o8H7TPdMx-0YcHT3Xvl9wqpebiY9IZVAQ&#038;oe=64730013\"\n\t\t\tdata-img-src-set=\"{&quot;d&quot;:&quot;https:\\\/\\\/scontent-fra5-2.cdninstagram.com\\\/v\\\/t51.29350-15\\\/326595050_3417027041913153_7274297158732587361_n.webp?stp=dst-jpg&amp;_nc_cat=106&amp;ccb=1-7&amp;_nc_sid=8ae9d6&amp;_nc_ohc=UCswWqc3NbcAX-iOqHq&amp;_nc_ht=scontent-fra5-2.cdninstagram.com&amp;edm=ANo9K5cEAAAA&amp;oh=00_AfAu3FU1ROeD7o8H7TPdMx-0YcHT3Xvl9wqpebiY9IZVAQ&amp;oe=64730013&quot;,&quot;150&quot;:&quot;https:\\\/\\\/scontent-fra5-2.cdninstagram.com\\\/v\\\/t51.29350-15\\\/326595050_3417027041913153_7274297158732587361_n.webp?stp=dst-jpg&amp;_nc_cat=106&amp;ccb=1-7&amp;_nc_sid=8ae9d6&amp;_nc_ohc=UCswWqc3NbcAX-iOqHq&amp;_nc_ht=scontent-fra5-2.cdninstagram.com&amp;edm=ANo9K5cEAAAA&amp;oh=00_AfAu3FU1ROeD7o8H7TPdMx-0YcHT3Xvl9wqpebiY9IZVAQ&amp;oe=64730013&quot;,&quot;320&quot;:&quot;https:\\\/\\\/scontent-fra5-2.cdninstagram.com\\\/v\\\/t51.29350-15\\\/326595050_3417027041913153_7274297158732587361_n.webp?stp=dst-jpg&amp;_nc_cat=106&amp;ccb=1-7&amp;_nc_sid=8ae9d6&amp;_nc_ohc=UCswWqc3NbcAX-iOqHq&amp;_nc_ht=scontent-fra5-2.cdninstagram.com&amp;edm=ANo9K5cEAAAA&amp;oh=00_AfAu3FU1ROeD7o8H7TPdMx-0YcHT3Xvl9wqpebiY9IZVAQ&amp;oe=64730013&quot;,&quot;640&quot;:&quot;https:\\\/\\\/scontent-fra5-2.cdninstagram.com\\\/v\\\/t51.29350-15\\\/326595050_3417027041913153_7274297158732587361_n.webp?stp=dst-jpg&amp;_nc_cat=106&amp;ccb=1-7&amp;_nc_sid=8ae9d6&amp;_nc_ohc=UCswWqc3NbcAX-iOqHq&amp;_nc_ht=scontent-fra5-2.cdninstagram.com&amp;edm=ANo9K5cEAAAA&amp;oh=00_AfAu3FU1ROeD7o8H7TPdMx-0YcHT3Xvl9wqpebiY9IZVAQ&amp;oe=64730013&quot;}\">\n\t\t\t<span class=\"sbi-screenreader\">Weil sie mich r\u00fchren, die sanften Riesen. \n\nWas ma<\/span>\n\t\t\t\t\t\t\t\t\t<img decoding=\"async\" src=\"https:\/\/geschichten-des-abschieds.de\/wp-content\/plugins\/instagram-feed\/img\/placeholder.png\" alt=\"Weil sie mich r\u00fchren, die sanften Riesen. \n\nWas macht das Bild mit euch?\n\n#sch\u00f6nheitdernatur #lebenswege #natur #treeoflife #mysticnature #axhtsamkeit #wege #gedanken\u00fcberdentod \n#hugatree\" aria-hidden=\"true\">\n\t\t<\/a>\n\t<\/div>\n<\/div><div class=\"sbi_item sbi_type_carousel sbi_new sbi_transition\"\n\tid=\"sbi_18024366610460877\" data-date=\"1674134902\">\n\t<div class=\"sbi_photo_wrap\">\n\t\t<a class=\"sbi_photo\" href=\"https:\/\/www.instagram.com\/p\/CnmTJ9cMKzG\/\" target=\"_blank\" rel=\"noopener nofollow\"\n\t\t\tdata-full-res=\"https:\/\/scontent-fra3-1.cdninstagram.com\/v\/t51.29350-15\/326351453_562528052446118_321553436891595126_n.webp?stp=dst-jpg&#038;_nc_cat=105&#038;ccb=1-7&#038;_nc_sid=8ae9d6&#038;_nc_ohc=t7mWgrUEhYEAX9doYRa&#038;_nc_ht=scontent-fra3-1.cdninstagram.com&#038;edm=ANo9K5cEAAAA&#038;oh=00_AfBjXpdluXMGVetHE5Hje-BFeCz6L6Wf8k2TnixjvGw00Q&#038;oe=6472BF32\"\n\t\t\tdata-img-src-set=\"{&quot;d&quot;:&quot;https:\\\/\\\/scontent-fra3-1.cdninstagram.com\\\/v\\\/t51.29350-15\\\/326351453_562528052446118_321553436891595126_n.webp?stp=dst-jpg&amp;_nc_cat=105&amp;ccb=1-7&amp;_nc_sid=8ae9d6&amp;_nc_ohc=t7mWgrUEhYEAX9doYRa&amp;_nc_ht=scontent-fra3-1.cdninstagram.com&amp;edm=ANo9K5cEAAAA&amp;oh=00_AfBjXpdluXMGVetHE5Hje-BFeCz6L6Wf8k2TnixjvGw00Q&amp;oe=6472BF32&quot;,&quot;150&quot;:&quot;https:\\\/\\\/scontent-fra3-1.cdninstagram.com\\\/v\\\/t51.29350-15\\\/326351453_562528052446118_321553436891595126_n.webp?stp=dst-jpg&amp;_nc_cat=105&amp;ccb=1-7&amp;_nc_sid=8ae9d6&amp;_nc_ohc=t7mWgrUEhYEAX9doYRa&amp;_nc_ht=scontent-fra3-1.cdninstagram.com&amp;edm=ANo9K5cEAAAA&amp;oh=00_AfBjXpdluXMGVetHE5Hje-BFeCz6L6Wf8k2TnixjvGw00Q&amp;oe=6472BF32&quot;,&quot;320&quot;:&quot;https:\\\/\\\/scontent-fra3-1.cdninstagram.com\\\/v\\\/t51.29350-15\\\/326351453_562528052446118_321553436891595126_n.webp?stp=dst-jpg&amp;_nc_cat=105&amp;ccb=1-7&amp;_nc_sid=8ae9d6&amp;_nc_ohc=t7mWgrUEhYEAX9doYRa&amp;_nc_ht=scontent-fra3-1.cdninstagram.com&amp;edm=ANo9K5cEAAAA&amp;oh=00_AfBjXpdluXMGVetHE5Hje-BFeCz6L6Wf8k2TnixjvGw00Q&amp;oe=6472BF32&quot;,&quot;640&quot;:&quot;https:\\\/\\\/scontent-fra3-1.cdninstagram.com\\\/v\\\/t51.29350-15\\\/326351453_562528052446118_321553436891595126_n.webp?stp=dst-jpg&amp;_nc_cat=105&amp;ccb=1-7&amp;_nc_sid=8ae9d6&amp;_nc_ohc=t7mWgrUEhYEAX9doYRa&amp;_nc_ht=scontent-fra3-1.cdninstagram.com&amp;edm=ANo9K5cEAAAA&amp;oh=00_AfBjXpdluXMGVetHE5Hje-BFeCz6L6Wf8k2TnixjvGw00Q&amp;oe=6472BF32&quot;}\">\n\t\t\t<span class=\"sbi-screenreader\">Der letzte weltliche Garten\n\nSie schenkten ihr ein<\/span>\n\t\t\t<svg class=\"svg-inline--fa fa-clone fa-w-16 sbi_lightbox_carousel_icon\" aria-hidden=\"true\" aria-label=\"Clone\" data-fa-pro\u0192cessed=\"\" data-prefix=\"far\" data-icon=\"clone\" role=\"img\" xmlns=\"http:\/\/www.w3.org\/2000\/svg\" viewBox=\"0 0 512 512\">\n                    <path fill=\"currentColor\" d=\"M464 0H144c-26.51 0-48 21.49-48 48v48H48c-26.51 0-48 21.49-48 48v320c0 26.51 21.49 48 48 48h320c26.51 0 48-21.49 48-48v-48h48c26.51 0 48-21.49 48-48V48c0-26.51-21.49-48-48-48zM362 464H54a6 6 0 0 1-6-6V150a6 6 0 0 1 6-6h42v224c0 26.51 21.49 48 48 48h224v42a6 6 0 0 1-6 6zm96-96H150a6 6 0 0 1-6-6V54a6 6 0 0 1 6-6h308a6 6 0 0 1 6 6v308a6 6 0 0 1-6 6z\"><\/path>\n                <\/svg>\t\t\t\t\t\t<img decoding=\"async\" src=\"https:\/\/geschichten-des-abschieds.de\/wp-content\/plugins\/instagram-feed\/img\/placeholder.png\" alt=\"Der letzte weltliche Garten\n\nSie schenkten ihr einen Blumengarten. Weil sie alles liebte was lebt. \n\nSie hatte Antennen f\u00fcr ihre Mitwesen. \n\nMenschen, Tiere und Pflanzen in ihrer Obhut stets voll Hingabe versorgt. \n\nSie hatte diese Begeisterung die immer jetzt war und nie gleich.\nIn der jeder Fr\u00fchling so wunderbar war als w\u00e4re es der Allererste.\n\nSie hat Menschen, die sie lieben und sie hat geliebt.\n\nSie schenkten ihr einen letzten weltlichen Garten und einen liebevollen Abschied.\n\nM\u00f6ge ihre Seele nun Heimat finden in den G\u00e4rten der Unendlichkeit.\n\n#gartenliebe #prachtvoll #farbenfroh #einabschieddarfsch\u00f6nsein #abschiedsrede #abschiednehmen #familienfest #innerergarten #liebe #tabuthematrauer #traueristkeintabu\" aria-hidden=\"true\">\n\t\t<\/a>\n\t<\/div>\n<\/div><div class=\"sbi_item sbi_type_carousel sbi_new sbi_transition\"\n\tid=\"sbi_17976761995948329\" data-date=\"1674051618\">\n\t<div class=\"sbi_photo_wrap\">\n\t\t<a class=\"sbi_photo\" href=\"https:\/\/www.instagram.com\/p\/Cnj0TbhMeQw\/\" target=\"_blank\" rel=\"noopener nofollow\"\n\t\t\tdata-full-res=\"https:\/\/scontent-fra5-1.cdninstagram.com\/v\/t51.29350-15\/325335907_2975019212794068_1830350095904897438_n.webp?stp=dst-jpg&#038;_nc_cat=108&#038;ccb=1-7&#038;_nc_sid=8ae9d6&#038;_nc_ohc=GHOSNTdZbuoAX9dcI81&#038;_nc_ht=scontent-fra5-1.cdninstagram.com&#038;edm=ANo9K5cEAAAA&#038;oh=00_AfCJFuKJdSe_JeHr08Nw1K-m7PQH4HAm9UWf8ox99Itg6Q&#038;oe=64749748\"\n\t\t\tdata-img-src-set=\"{&quot;d&quot;:&quot;https:\\\/\\\/scontent-fra5-1.cdninstagram.com\\\/v\\\/t51.29350-15\\\/325335907_2975019212794068_1830350095904897438_n.webp?stp=dst-jpg&amp;_nc_cat=108&amp;ccb=1-7&amp;_nc_sid=8ae9d6&amp;_nc_ohc=GHOSNTdZbuoAX9dcI81&amp;_nc_ht=scontent-fra5-1.cdninstagram.com&amp;edm=ANo9K5cEAAAA&amp;oh=00_AfCJFuKJdSe_JeHr08Nw1K-m7PQH4HAm9UWf8ox99Itg6Q&amp;oe=64749748&quot;,&quot;150&quot;:&quot;https:\\\/\\\/scontent-fra5-1.cdninstagram.com\\\/v\\\/t51.29350-15\\\/325335907_2975019212794068_1830350095904897438_n.webp?stp=dst-jpg&amp;_nc_cat=108&amp;ccb=1-7&amp;_nc_sid=8ae9d6&amp;_nc_ohc=GHOSNTdZbuoAX9dcI81&amp;_nc_ht=scontent-fra5-1.cdninstagram.com&amp;edm=ANo9K5cEAAAA&amp;oh=00_AfCJFuKJdSe_JeHr08Nw1K-m7PQH4HAm9UWf8ox99Itg6Q&amp;oe=64749748&quot;,&quot;320&quot;:&quot;https:\\\/\\\/scontent-fra5-1.cdninstagram.com\\\/v\\\/t51.29350-15\\\/325335907_2975019212794068_1830350095904897438_n.webp?stp=dst-jpg&amp;_nc_cat=108&amp;ccb=1-7&amp;_nc_sid=8ae9d6&amp;_nc_ohc=GHOSNTdZbuoAX9dcI81&amp;_nc_ht=scontent-fra5-1.cdninstagram.com&amp;edm=ANo9K5cEAAAA&amp;oh=00_AfCJFuKJdSe_JeHr08Nw1K-m7PQH4HAm9UWf8ox99Itg6Q&amp;oe=64749748&quot;,&quot;640&quot;:&quot;https:\\\/\\\/scontent-fra5-1.cdninstagram.com\\\/v\\\/t51.29350-15\\\/325335907_2975019212794068_1830350095904897438_n.webp?stp=dst-jpg&amp;_nc_cat=108&amp;ccb=1-7&amp;_nc_sid=8ae9d6&amp;_nc_ohc=GHOSNTdZbuoAX9dcI81&amp;_nc_ht=scontent-fra5-1.cdninstagram.com&amp;edm=ANo9K5cEAAAA&amp;oh=00_AfCJFuKJdSe_JeHr08Nw1K-m7PQH4HAm9UWf8ox99Itg6Q&amp;oe=64749748&quot;}\">\n\t\t\t<span class=\"sbi-screenreader\">Glitzerwinterstimmung.\n\nDer Frost funkelte mit den<\/span>\n\t\t\t<svg class=\"svg-inline--fa fa-clone fa-w-16 sbi_lightbox_carousel_icon\" aria-hidden=\"true\" aria-label=\"Clone\" data-fa-pro\u0192cessed=\"\" data-prefix=\"far\" data-icon=\"clone\" role=\"img\" xmlns=\"http:\/\/www.w3.org\/2000\/svg\" viewBox=\"0 0 512 512\">\n                    <path fill=\"currentColor\" d=\"M464 0H144c-26.51 0-48 21.49-48 48v48H48c-26.51 0-48 21.49-48 48v320c0 26.51 21.49 48 48 48h320c26.51 0 48-21.49 48-48v-48h48c26.51 0 48-21.49 48-48V48c0-26.51-21.49-48-48-48zM362 464H54a6 6 0 0 1-6-6V150a6 6 0 0 1 6-6h42v224c0 26.51 21.49 48 48 48h224v42a6 6 0 0 1-6 6zm96-96H150a6 6 0 0 1-6-6V54a6 6 0 0 1 6-6h308a6 6 0 0 1 6 6v308a6 6 0 0 1-6 6z\"><\/path>\n                <\/svg>\t\t\t\t\t\t<img decoding=\"async\" src=\"https:\/\/geschichten-des-abschieds.de\/wp-content\/plugins\/instagram-feed\/img\/placeholder.png\" alt=\"Glitzerwinterstimmung.\n\nDer Frost funkelte mit den Svarovskisteinen der Urne um die Wette und mit ihrer schillernden Pers\u00f6nlichkeit.\n\nSie war eine herzensgute und freie Frau. Bekannt und beliebt. Eine &quot;Kneipenjule&quot; im Herzen. Als Beruf eine Gastwirtin die es verstand R\u00e4ume zum wohlf\u00fchlen zu schaffen. \nSie war stolze Mutter einer stolzen Tochter, die sie bis zur Ruhest\u00e4tte selber trug.  Sie war liebende Oma und Freundin und hat viele Menschen bewegt. Auch sich selbst. \n\nSie brach gerne Regeln und so haben wir es in ihrem Sinne auch getan. Kurzer Hand die Einrichtung aufs Feld getragen um so mehr Zeit zu haben und die Freiheit ins Herz zu laden.\n\nZum Schluss, als kleine \u00dcberraschung, hoben wir die Gl\u00e4ser in die Luft mit ihrem Lieblingsgetr\u00e4nk.\n\nEs war ein sch\u00f6ner Abschied. Frei und liebevoll.\n\n#prost #kneipenjule #individuelleabschiede #pers\u00f6nlich #glitzerstimmung #winteraufdemfriedhof #friedhofhuckelriede #abschiedsfest #familienfest #tabuthematod #tabuthematrauer #einabschieddarfsch\u00f6nsein #kleinegeschenke #trauerrituale #pers\u00f6nlicherituale #trauerrednerin #abschiedsgestalterin\" aria-hidden=\"true\">\n\t\t<\/a>\n\t<\/div>\n<\/div>\t<\/div>\n\n\t<div id=\"sbi_load\" >\n\n\t\t\t<button class=\"sbi_load_btn\"\n\t\t\ttype=\"button\" >\n\t\t\t<span class=\"sbi_btn_text\" >Mehr laden\u2026<\/span>\n\t\t\t<span class=\"sbi_loader sbi_hidden\" style=\"background-color: rgb(255, 255, 255);\" aria-hidden=\"true\"><\/span>\n\t\t<\/button>\n\t\n\t\t\t<span class=\"sbi_follow_btn\" >\n\t\t\t<a target=\"_blank\"\n\t\t\t\trel=\"nofollow noopener\"  href=\"https:\/\/www.instagram.com\/geschichten.des.abschieds\/\">\n\t\t\t\t<svg class=\"svg-inline--fa fa-instagram fa-w-14\" aria-hidden=\"true\" data-fa-processed=\"\" aria-label=\"Instagram\" data-prefix=\"fab\" data-icon=\"instagram\" role=\"img\" viewBox=\"0 0 448 512\">\n                    <path fill=\"currentColor\" d=\"M224.1 141c-63.6 0-114.9 51.3-114.9 114.9s51.3 114.9 114.9 114.9S339 319.5 339 255.9 287.7 141 224.1 141zm0 189.6c-41.1 0-74.7-33.5-74.7-74.7s33.5-74.7 74.7-74.7 74.7 33.5 74.7 74.7-33.6 74.7-74.7 74.7zm146.4-194.3c0 14.9-12 26.8-26.8 26.8-14.9 0-26.8-12-26.8-26.8s12-26.8 26.8-26.8 26.8 12 26.8 26.8zm76.1 27.2c-1.7-35.9-9.9-67.7-36.2-93.9-26.2-26.2-58-34.4-93.9-36.2-37-2.1-147.9-2.1-184.9 0-35.8 1.7-67.6 9.9-93.9 36.1s-34.4 58-36.2 93.9c-2.1 37-2.1 147.9 0 184.9 1.7 35.9 9.9 67.7 36.2 93.9s58 34.4 93.9 36.2c37 2.1 147.9 2.1 184.9 0 35.9-1.7 67.7-9.9 93.9-36.2 26.2-26.2 34.4-58 36.2-93.9 2.1-37 2.1-147.8 0-184.8zM398.8 388c-7.8 19.6-22.9 34.7-42.6 42.6-29.5 11.7-99.5 9-132.1 9s-102.7 2.6-132.1-9c-19.6-7.8-34.7-22.9-42.6-42.6-11.7-29.5-9-99.5-9-132.1s-2.6-102.7 9-132.1c7.8-19.6 22.9-34.7 42.6-42.6 29.5-11.7 99.5-9 132.1-9s102.7-2.6 132.1 9c19.6 7.8 34.7 22.9 42.6 42.6 11.7 29.5 9 99.5 9 132.1s2.7 102.7-9 132.1z\"><\/path>\n                <\/svg>\t\t\t\t<span>Auf Instagram folgen<\/span>\n\t\t\t<\/a>\n\t\t<\/span>\n\t\n<\/div>\n\t\t<span class=\"sbi_resized_image_data\" data-feed-id=\"*1\"\n\t\t  data-resized=\"{&quot;17976761995948329&quot;:{&quot;id&quot;:&quot;325335907_2975019212794068_1830350095904897438_n.webp&quot;,&quot;ratio&quot;:&quot;1.00&quot;,&quot;sizes&quot;:{&quot;full&quot;:640,&quot;low&quot;:320,&quot;thumb&quot;:150}},&quot;18024366610460877&quot;:{&quot;id&quot;:&quot;326351453_562528052446118_321553436891595126_n.webp&quot;,&quot;ratio&quot;:&quot;0.98&quot;,&quot;sizes&quot;:{&quot;full&quot;:640,&quot;low&quot;:320,&quot;thumb&quot;:150}},&quot;17971830674031763&quot;:{&quot;id&quot;:&quot;327385739_1454704711602214_3692489524150234018_n.webp&quot;,&quot;ratio&quot;:&quot;1.00&quot;,&quot;sizes&quot;:{&quot;full&quot;:640,&quot;low&quot;:320,&quot;thumb&quot;:150}},&quot;17842267394936148&quot;:{&quot;id&quot;:&quot;326595050_3417027041913153_7274297158732587361_n.webp&quot;,&quot;ratio&quot;:&quot;1.00&quot;,&quot;sizes&quot;:{&quot;full&quot;:640,&quot;low&quot;:320,&quot;thumb&quot;:150}},&quot;17961380225498636&quot;:{&quot;id&quot;:&quot;327889386_756385169390921_2608487996708755858_n.webp&quot;,&quot;ratio&quot;:&quot;0.96&quot;,&quot;sizes&quot;:{&quot;full&quot;:640,&quot;low&quot;:320,&quot;thumb&quot;:150}},&quot;17970956953956351&quot;:{&quot;id&quot;:&quot;328600208_2927038840762863_1668767689617437363_n.webp&quot;,&quot;ratio&quot;:&quot;1.00&quot;,&quot;sizes&quot;:{&quot;full&quot;:640,&quot;low&quot;:320,&quot;thumb&quot;:150}},&quot;18047750872395837&quot;:{&quot;id&quot;:&quot;328666091_203378302212847_8219684943002055343_n.webp&quot;,&quot;ratio&quot;:&quot;1.00&quot;,&quot;sizes&quot;:{&quot;full&quot;:640,&quot;low&quot;:320,&quot;thumb&quot;:150}},&quot;17846536397916853&quot;:{&quot;id&quot;:&quot;330393000_1362036711240294_7838844121300052476_n.webp&quot;,&quot;ratio&quot;:&quot;1.00&quot;,&quot;sizes&quot;:{&quot;full&quot;:640,&quot;low&quot;:320,&quot;thumb&quot;:150}},&quot;17963180816336731&quot;:{&quot;id&quot;:&quot;330762461_134305899541392_8184820700114342684_n.webp&quot;,&quot;ratio&quot;:&quot;1.00&quot;,&quot;sizes&quot;:{&quot;full&quot;:640,&quot;low&quot;:320,&quot;thumb&quot;:150}},&quot;17998109506640109&quot;:{&quot;id&quot;:&quot;331033642_154778410709235_7710578203012384512_n.webp&quot;,&quot;ratio&quot;:&quot;1.00&quot;,&quot;sizes&quot;:{&quot;full&quot;:640,&quot;low&quot;:320,&quot;thumb&quot;:150}},&quot;17997333880666417&quot;:{&quot;id&quot;:&quot;333707672_174998671954942_950094477448448556_n.webp&quot;,&quot;ratio&quot;:&quot;1.00&quot;,&quot;sizes&quot;:{&quot;full&quot;:640,&quot;low&quot;:320,&quot;thumb&quot;:150}},&quot;17973706670310899&quot;:{&quot;id&quot;:&quot;330848324_514103890913599_7623966342583785526_n.webp&quot;,&quot;ratio&quot;:&quot;1.00&quot;,&quot;sizes&quot;:{&quot;full&quot;:640,&quot;low&quot;:320,&quot;thumb&quot;:150}},&quot;17986742443820110&quot;:{&quot;id&quot;:&quot;332593686_867933197584391_6609746081269068267_n.webp&quot;,&quot;ratio&quot;:&quot;1.00&quot;,&quot;sizes&quot;:{&quot;full&quot;:640,&quot;low&quot;:320,&quot;thumb&quot;:150}},&quot;17976719645098373&quot;:{&quot;id&quot;:&quot;331983296_457012679904425_943851012434727942_n.webp&quot;,&quot;ratio&quot;:&quot;1.00&quot;,&quot;sizes&quot;:{&quot;full&quot;:640,&quot;low&quot;:320,&quot;thumb&quot;:150}},&quot;17962707197355168&quot;:{&quot;id&quot;:&quot;334806544_194574576547548_7592186575416526977_n.webp&quot;,&quot;ratio&quot;:&quot;1.00&quot;,&quot;sizes&quot;:{&quot;full&quot;:640,&quot;low&quot;:320,&quot;thumb&quot;:150}},&quot;18076382206342314&quot;:{&quot;id&quot;:&quot;334271854_1068739694090404_4368310634535364934_n.webp&quot;,&quot;ratio&quot;:&quot;1.00&quot;,&quot;sizes&quot;:{&quot;full&quot;:640,&quot;low&quot;:320,&quot;thumb&quot;:150}},&quot;17868494228865246&quot;:{&quot;id&quot;:&quot;335598883_765590401802959_3260163194457877498_n&quot;,&quot;ratio&quot;:&quot;0.56&quot;,&quot;sizes&quot;:{&quot;full&quot;:640,&quot;low&quot;:320,&quot;thumb&quot;:150}},&quot;17949505994384323&quot;:{&quot;id&quot;:&quot;336005313_3405521589765285_7497910477256954927_n.webp&quot;,&quot;ratio&quot;:&quot;1.00&quot;,&quot;sizes&quot;:{&quot;full&quot;:640,&quot;low&quot;:320,&quot;thumb&quot;:150}},&quot;18261820060122192&quot;:{&quot;id&quot;:&quot;337363383_974461900219742_9128302730355316560_n.webp&quot;,&quot;ratio&quot;:&quot;1.00&quot;,&quot;sizes&quot;:{&quot;full&quot;:640,&quot;low&quot;:320,&quot;thumb&quot;:150}},&quot;18069992389362315&quot;:{&quot;id&quot;:&quot;328364916_748086280034956_2067367685315507555_n.webp&quot;,&quot;ratio&quot;:&quot;1.00&quot;,&quot;sizes&quot;:{&quot;full&quot;:640,&quot;low&quot;:320,&quot;thumb&quot;:150}}}\">\n\t<\/span>\n\t<\/div>\n\n<\/div>\n\t\t\t\t\t\t<\/div>\n\t\t\t\t<\/div>\n\t\t\t\t\t<\/div>\n\t\t<\/div>\n\t\t\t\t\t<\/div>\n\t\t<\/section>\n\t\t\t\t<footer class=\"elementor-section elementor-top-section elementor-element elementor-element-298921fd elementor-section-height-min-height elementor-section-boxed elementor-section-height-default elementor-section-items-middle\" data-id=\"298921fd\" data-element_type=\"section\" data-e-type=\"section\" data-settings=\"{&quot;background_background&quot;:&quot;classic&quot;}\">\n\t\t\t\t\t\t<div class=\"elementor-container elementor-column-gap-default\">\n\t\t\t\t\t<div class=\"elementor-column elementor-col-100 elementor-top-column elementor-element elementor-element-7ee3d894\" data-id=\"7ee3d894\" data-element_type=\"column\" data-e-type=\"column\">\n\t\t\t<div class=\"elementor-widget-wrap elementor-element-populated\">\n\t\t\t\t\t\t<div class=\"elementor-element elementor-element-3b155a1b elementor-widget elementor-widget-text-editor\" data-id=\"3b155a1b\" data-element_type=\"widget\" data-e-type=\"widget\" data-widget_type=\"text-editor.default\">\n\t\t\t\t<div class=\"elementor-widget-container\">\n\t\t\t\t\t\t\t\t\t<p><span style=\"font-family: 'times new roman', times, serif;\">\u00a9Sarah Fischer\u00a0<\/span><\/p><p><span style=\"font-family: 'times new roman', times, serif;\">fischer@geschichten-des-abschieds.de\u00a0\u00a0<span style=\"font-family: arial, helvetica, sans-serif;\">I\u00a0\u00a0<\/span>Tel.: 0176 80680700\u00a0 \u00a0 \u00a0 \u00a0 \u00a0 \u00a0 \u00a0 \u00a0\u00a0<\/span><\/p>\t\t\t\t\t\t\t\t<\/div>\n\t\t\t\t<\/div>\n\t\t\t\t<div class=\"elementor-element elementor-element-27de7a63 elementor-align-center elementor-widget elementor-widget-button\" data-id=\"27de7a63\" data-element_type=\"widget\" data-e-type=\"widget\" data-widget_type=\"button.default\">\n\t\t\t\t<div class=\"elementor-widget-container\">\n\t\t\t\t\t\t\t\t\t<div class=\"elementor-button-wrapper\">\n\t\t\t\t\t<a class=\"elementor-button elementor-button-link elementor-size-xs\" href=\"https:\/\/deine-freie-rednerin.com\/?page_id=1104\">\n\t\t\t\t\t\t<span class=\"elementor-button-content-wrapper\">\n\t\t\t\t\t\t\t\t\t<span class=\"elementor-button-text\">Impressum<\/span>\n\t\t\t\t\t<\/span>\n\t\t\t\t\t<\/a>\n\t\t\t\t<\/div>\n\t\t\t\t\t\t\t\t<\/div>\n\t\t\t\t<\/div>\n\t\t\t\t<div class=\"elementor-element elementor-element-103b6105 elementor-align-center elementor-widget elementor-widget-button\" data-id=\"103b6105\" data-element_type=\"widget\" data-e-type=\"widget\" data-widget_type=\"button.default\">\n\t\t\t\t<div class=\"elementor-widget-container\">\n\t\t\t\t\t\t\t\t\t<div class=\"elementor-button-wrapper\">\n\t\t\t\t\t<a class=\"elementor-button elementor-button-link elementor-size-xs\" href=\"https:\/\/deine-freie-rednerin.com\/?page_id=1112\">\n\t\t\t\t\t\t<span class=\"elementor-button-content-wrapper\">\n\t\t\t\t\t\t\t\t\t<span class=\"elementor-button-text\">Datenschutz<\/span>\n\t\t\t\t\t<\/span>\n\t\t\t\t\t<\/a>\n\t\t\t\t<\/div>\n\t\t\t\t\t\t\t\t<\/div>\n\t\t\t\t<\/div>\n\t\t\t\t\t<\/div>\n\t\t<\/div>\n\t\t\t\t\t<\/div>\n\t\t<\/footer>\n\t\t\t\t<\/div>\n\t\t","protected":false},"excerpt":{"rendered":"<p>BEGLEITEN, GEDENKEN, PERS\u00d6NLICHE ABSCHIEDE GESTALTEN Abschiedsrednerin Sarah Fischer geb. Wermuth. Abschiedsgestaltung, Ritualbegleitung, Texterin Angebote f\u00fcr Herz und Seele Bremen, Niedersachsen und Ostfriesland Abschied \u201eNun sind sie vor\u00fcber, jene Stunden, Die der Himmel unsrer Liebe gab, Sch\u00f6ne Kr\u00e4nze haben sie gebunden, Manche Wonne flo\u00df mit ihnen ab. Was der Augenbick geboren, Schlang den Augenblick hinab, Aber [&hellip;]<\/p>\n","protected":false},"author":1,"featured_media":0,"parent":0,"menu_order":0,"comment_status":"closed","ping_status":"closed","template":"elementor_canvas","meta":{"footnotes":""},"class_list":["post-2284","page","type-page","status-publish","hentry"],"_links":{"self":[{"href":"https:\/\/geschichten-des-abschieds.de\/index.php?rest_route=\/wp\/v2\/pages\/2284","targetHints":{"allow":["GET"]}}],"collection":[{"href":"https:\/\/geschichten-des-abschieds.de\/index.php?rest_route=\/wp\/v2\/pages"}],"about":[{"href":"https:\/\/geschichten-des-abschieds.de\/index.php?rest_route=\/wp\/v2\/types\/page"}],"author":[{"embeddable":true,"href":"https:\/\/geschichten-des-abschieds.de\/index.php?rest_route=\/wp\/v2\/users\/1"}],"replies":[{"embeddable":true,"href":"https:\/\/geschichten-des-abschieds.de\/index.php?rest_route=%2Fwp%2Fv2%2Fcomments&post=2284"}],"version-history":[{"count":45,"href":"https:\/\/geschichten-des-abschieds.de\/index.php?rest_route=\/wp\/v2\/pages\/2284\/revisions"}],"predecessor-version":[{"id":2370,"href":"https:\/\/geschichten-des-abschieds.de\/index.php?rest_route=\/wp\/v2\/pages\/2284\/revisions\/2370"}],"wp:attachment":[{"href":"https:\/\/geschichten-des-abschieds.de\/index.php?rest_route=%2Fwp%2Fv2%2Fmedia&parent=2284"}],"curies":[{"name":"wp","href":"https:\/\/api.w.org\/{rel}","templated":true}]}}